{"id":453,"date":"2015-09-13T08:53:24","date_gmt":"2015-09-13T08:53:24","guid":{"rendered":"http:\/\/cebilbilitanos.com\/?page_id=453"},"modified":"2019-11-25T12:03:10","modified_gmt":"2019-11-25T12:03:10","slug":"cultura-popular-de-la-comunidad-de-calatayud","status":"publish","type":"page","link":"https:\/\/cebilbilitanos.com\/?page_id=453","title":{"rendered":"Cultura popular de la Comunidad de Calatayud"},"content":{"rendered":"<div class=\"separator\" style=\"clear: both; text-align: center;\"><a style=\"clear: left; float: left; margin-bottom: 1em; margin-right: 1em;\" href=\"https:\/\/lh6.googleusercontent.com\/-ocZwKO617Ng\/TXNwuq3YhNI\/AAAAAAAAAGs\/IUCNRQBrOww\/s1600\/_image_th1.jpg\"><img decoding=\"async\" src=\"http:\/\/lh6.googleusercontent.com\/-ocZwKO617Ng\/TXNwuq3YhNI\/AAAAAAAAAGs\/IUCNRQBrOww\/s1600\/_image_th1.jpg\" alt=\"\" border=\"0\" \/><\/a><\/div>\n<p><b>URZAY BARRIOS, Jos\u00e9 \u00c1ngel<\/b>, <i>Cultura popular de la Comunidad de Calatayud<\/i>, CEB, Calatayud, 2006, Centro de Estudios Bilbilitanos, 90, vol. I, 535 p., 322 il. 17&#215;24 cm; vol. II, 544 p., 224 il. (57 en color) 17&#215;24 cm.<\/p>\n<p>\u00a0<\/p>\n<p>\u00a0<\/p>\n<p>\u00a0<\/p>\n<div class=\"item\">\n<div class=\"nom\"><strong><span class=\"ficha_txt1\">EDICI\u00d3N:<\/span><\/strong><\/div>\n<div class=\"items_block\">\n<ul>\n<li style=\"list-style-type: none;\">\n<ul>\n<li class=\"items_block_nom\"><span class=\"ficha_txt2\">Editado por:\u00a0<\/span><span class=\"normal\">IFC-CEB<\/span><\/li>\n<\/ul>\n<\/li>\n<\/ul>\n<p>\u00a0<\/p>\n<ul>\n<li style=\"list-style-type: none;\">\n<ul>\n<li class=\"items_block_nom\"><span class=\"ficha_txt2\">Edici\u00f3n:\u00a0<\/span><span class=\"normal\">vol. I, 535 p., 322 il. 17&#215;24 cm; vol. II, 544 p., 224 il. (57 en color) 17&#215;24 cm.<\/span><\/li>\n<\/ul>\n<\/li>\n<\/ul>\n<p>\u00a0<\/p>\n<ul>\n<li class=\"items_block_nom\"><span class=\"ficha_txt2\">A\u00f1o edici\u00f3n:\u00a0<\/span><span class=\"normal\">2006<\/span><\/li>\n<\/ul>\n<\/div>\n<\/div>\n<div class=\"item\">\n<div class=\"nom\"><strong><span class=\"ficha_txt1\">N\u00ba PUBLICACI\u00d3N:\u00a0<\/span><\/strong><span class=\"normal\">2645\u00a0 (IFC) &#8211; 90 (CEB)<\/span><\/div>\n<div class=\"nom\">\u00a0<\/div>\n<\/div>\n<div class=\"item\">\n<div class=\"nom\"><span class=\"ficha_txt1\"><strong>PRECIO:<\/strong>\u00a0<\/span><span class=\"normal\">20,00 \u20ac<\/span><\/div>\n<div class=\"nom\">\u00a0<\/div>\n<\/div>\n<div class=\"item\">\n<div class=\"nom\"><strong><span class=\"ficha_txt1\">MATERIAS:<\/span><\/strong><\/div>\n<div class=\"dat\">\n<div class=\"options2\">ETNOLOG\u00cdA y ANTROPOLOG\u00cdA. FILOSOF\u00cdA. RELIGI\u00d3N &gt; Etnolog\u00eda y Antropolog\u00eda<\/div>\n<div class=\"options2\">ESTUDIOS LOCALES Y COMARCALES &gt; Calatayud<\/div>\n<div class=\"options2\">\u00a0<\/div>\n<\/div>\n<div class=\"options2\">\u00a0<\/div>\n<\/div>\n<div class=\"options2\"><hr \/><\/div>\n<div class=\"options2\">\u00a0<\/div>\n<p><img decoding=\"async\" loading=\"lazy\" class=\"aligncenter size-medium wp-image-1013\" src=\"http:\/\/cebilbilitanos.com\/wp-content\/uploads\/2016\/04\/bibilioteca-virtual-300x91.jpg\" alt=\"bibilioteca virtual\" width=\"300\" height=\"91\" srcset=\"https:\/\/cebilbilitanos.com\/wp-content\/uploads\/2016\/04\/bibilioteca-virtual-300x91.jpg 300w, https:\/\/cebilbilitanos.com\/wp-content\/uploads\/2016\/04\/bibilioteca-virtual.jpg 513w\" sizes=\"(max-width: 300px) 100vw, 300px\" \/><\/p>\n\n\n<div class=\"wp-block-file\"><a href=\"http:\/\/cebilbilitanos.com\/wp-content\/uploads\/2019\/11\/309930141-Cultura-Popular-Comunidad-de-Calatayud-Tomo-I.pdf\"> <br>Cultura popular de la Comunidad de Calatayud, Tomo I<em><a rel=\"noreferrer noopener\" aria-label=\" (abre en una nueva pesta\u00f1a)\" href=\"http:\/\/Cultura popular de la Comunidad de Calatayud, Tomo I\" target=\"_blank\"><\/a>I<\/em> <\/a><a href=\"http:\/\/cebilbilitanos.com\/wp-content\/uploads\/2019\/11\/309930141-Cultura-Popular-Comunidad-de-Calatayud-Tomo-I.pdf\" class=\"wp-block-file__button\" download>Descargar<\/a><\/div>\n\n\n\n<div class=\"wp-block-file\"><a href=\"http:\/\/cebilbilitanos.com\/wp-content\/uploads\/2019\/11\/309930147-Cultura-Popular-Comunidad-de-Calatayud-Tomo-II.pdf\">Cultura popular de la Comunidad de Calatayud, Tomo II<\/a><a href=\"http:\/\/cebilbilitanos.com\/wp-content\/uploads\/2019\/11\/309930147-Cultura-Popular-Comunidad-de-Calatayud-Tomo-II.pdf\" class=\"wp-block-file__button\" download>Descargar<\/a><\/div>\n","protected":false},"excerpt":{"rendered":"<p>URZAY BARRIOS, Jos\u00e9 \u00c1ngel, Cultura popular de la Comunidad de Calatayud, CEB, Calatayud, 2006, Centro de Estudios Bilbilitanos, 90, vol. I, 535 p., 322 il. 17&#215;24 cm; vol. II, 544 p., 224 il. (57 en color) 17&#215;24 cm. \u00a0 \u00a0 &hellip; <a href=\"https:\/\/cebilbilitanos.com\/?page_id=453\">Sigue leyendo <span class=\"meta-nav\">&rarr;<\/span><\/a><\/p>\n","protected":false},"author":1,"featured_media":0,"parent":193,"menu_order":0,"comment_status":"open","ping_status":"open","template":"","meta":[],"_links":{"self":[{"href":"https:\/\/cebilbilitanos.com\/index.php?rest_route=\/wp\/v2\/pages\/453"}],"collection":[{"href":"https:\/\/cebilbilitanos.com\/index.php?rest_route=\/wp\/v2\/pages"}],"about":[{"href":"https:\/\/cebilbilitanos.com\/index.php?rest_route=\/wp\/v2\/types\/page"}],"author":[{"embeddable":true,"href":"https:\/\/cebilbilitanos.com\/index.php?rest_route=\/wp\/v2\/users\/1"}],"replies":[{"embeddable":true,"href":"https:\/\/cebilbilitanos.com\/index.php?rest_route=%2Fwp%2Fv2%2Fcomments&post=453"}],"version-history":[{"count":8,"href":"https:\/\/cebilbilitanos.com\/index.php?rest_route=\/wp\/v2\/pages\/453\/revisions"}],"predecessor-version":[{"id":2490,"href":"https:\/\/cebilbilitanos.com\/index.php?rest_route=\/wp\/v2\/pages\/453\/revisions\/2490"}],"up":[{"embeddable":true,"href":"https:\/\/cebilbilitanos.com\/index.php?rest_route=\/wp\/v2\/pages\/193"}],"wp:attachment":[{"href":"https:\/\/cebilbilitanos.com\/index.php?rest_route=%2Fwp%2Fv2%2Fmedia&parent=453"}],"curies":[{"name":"wp","href":"https:\/\/api.w.org\/{rel}","templated":true}]}}