{"id":967,"date":"2016-04-13T10:31:31","date_gmt":"2016-04-13T10:31:31","guid":{"rendered":"http:\/\/cebilbilitanos.com\/?page_id=967"},"modified":"2016-04-13T10:31:31","modified_gmt":"2016-04-13T10:31:31","slug":"i-encuentro-de-estudios-bilbilitanos-1982","status":"publish","type":"page","link":"http:\/\/cebilbilitanos.com\/?page_id=967","title":{"rendered":"I Encuentro de Estudios Bilbilitanos (1982)"},"content":{"rendered":"<h1><strong>Volumen I (1982)<\/strong><\/h1>\n<h2><strong>ARQUEOLOG\u00cdA<\/strong><\/h2>\n<h3><strong><u>Ponencia<\/u><\/strong><\/h3>\n<p><strong>-Manuel Mart\u00edn-Bueno:<\/strong> La investigaci\u00f3n arqueol\u00f3gica en el Jal\u00f3n medio: Estado de la cuesti\u00f3n.<\/p>\n<h3><strong><u>Comunicaciones<\/u><\/strong><\/h3>\n<p><strong>-Mar\u00eda Teresa Amar\u00e9 Tafalla:<\/strong> Lucernas romanas de B\u00edlbilis.<\/p>\n<p>&#8211;<strong>Alberto Balil:<\/strong> Un retrato del emperador Tiberio procedente de B\u00edlbilis.<\/p>\n<p><strong>-Mar\u00eda Luisa Cancela Ram\u00edrez de Arellano:<\/strong> Capiteles romanos procedentes de B\u00edlbilis (Calatayud).<\/p>\n<p><strong>-Mar\u00eda Pilar Galindo Ortiz de Land\u00e1zuri:<\/strong> Un taller de s\u00edlex al aire libre en el t\u00e9rmino municipal de Fuentes de Jiloca.<\/p>\n<p><strong>-Julio A. Garc\u00eda Prieto y Victoria Ordi\u00f1ana Rodr\u00edguez: <\/strong>Sobre un asentamiento defensivo en la Pe\u00f1a de la Mora.<\/p>\n<p><strong>-Carmen Guiral Pelegr\u00edn:<\/strong> Preliminares sobre las pinturas de las termas de B\u00edlbilis.<\/p>\n<p><strong>-Jes\u00fas Liz Guiral<\/strong>: Nota acerca de la ubicaci\u00f3n del puente romano de B\u00edlbilis.<\/p>\n<p><strong>-Mar\u00eda de los \u00c1ngeles Magall\u00f3n Botaya:<\/strong> B\u00edlbilis y la red viaria romana.<\/p>\n<p><strong>-Manuel Mart\u00edn-Bueno y Jos\u00e9 Luis Jim\u00e9nez:<\/strong> Notas sobre el esquema arquitect\u00f3nico adoptado en el conjunto religioso de B\u00edlbilis.<\/p>\n<h2><strong>ARQUITECTURA Y URBANISMO<\/strong><\/h2>\n<h3><strong><u>Ponencia<\/u><\/strong><\/h3>\n<p><strong>-Guillermo Allanegui Burriel:<\/strong> Caracter\u00edsticas generales del urbanismo y arquitectura tradicionales de la comarca de Calatayud.<\/p>\n<h2><strong>ARTE<\/strong><\/h2>\n<h3><strong><u>Ponencia<\/u><\/strong><\/h3>\n<p><strong>-Gonzalo M. Borr\u00e1s Gualis<\/strong>: Estudios sobre Arte de Calatayud y su comarca.<\/p>\n<h3><strong><u>Comunicaciones<\/u><\/strong><\/h3>\n<p><strong>-Mar\u00eda Isabel \u00c1lvaro Zamora:<\/strong> Sobre la azulejer\u00eda de San Andr\u00e9s de Calatayud.<\/p>\n<p><strong>-Arturo Ans\u00f3n Navarro:<\/strong> Dos cuadros del pintor zaragozano Jos\u00e9 Luz\u00e1n Mart\u00ednez (1710-1785) realizados para la iglesia de los jesuitas de Calatayud, hoy iglesia parroquial de San Juan el Real.<\/p>\n<p><strong>-Bel\u00e9n Boloqui Larraya:<\/strong> Figuras en barro del escultor bilbilitano Gregorio de Messa (1651-1710).<\/p>\n<p><strong>-Ana Isabel Bru\u00f1\u00e9n Ib\u00e1\u00f1ez y Mar\u00eda Bego\u00f1a Senac Rubio:<\/strong> Noticia sobre la capilla de Nuestra Se\u00f1ora del Carmen en la iglesia parroquial de Brea de Arag\u00f3n (Zaragoza).<\/p>\n<p><strong>-Miguel Cort\u00e9s Arrese:<\/strong> La escultura monumental religiosa g\u00f3tica en la antigua comunidad de Calatayud.<\/p>\n<p><strong>-Mar\u00eda Jes\u00fas Garc\u00eda Cam\u00f3n:<\/strong> El Monasterio de Piedra, visto por pintores del siglo XIX.<\/p>\n<p><strong>-Carmen G\u00f3mez Urda\u00f1ez:<\/strong> El alero del llamado Palacio de Argillo de Calatayud.<\/p>\n<p><strong>-Fabi\u00e1n Ma\u00f1as Ballest\u00edn:<\/strong> La escuela de pintura g\u00f3tica de Calatayud.<\/p>\n<p><strong>-Jos\u00e9 Antonio Mart\u00ednez Prades:<\/strong> Signos lapidarios en el Castillo de Mesones de Isuela (Zaragoza).<\/p>\n<p><strong>-Carmen Morte Garc\u00eda:<\/strong> Las iglesias parroquiales de Villalengua y Jaraba (\u00daltima d\u00e9cada del siglo XVI): Aportaci\u00f3n documental.<\/p>\n<p><strong>-Wifredo Rinc\u00f3n Garc\u00eda:<\/strong> El escultor bilbilitano Jos\u00e9 Alegre.<\/p>\n<p><strong>-Wifredo Rinc\u00f3n Garc\u00eda:<\/strong> Un retablo de Calatayud en Arganda del Rey (Madrid).<\/p>\n<p><strong>-Agust\u00edn Sanmiguel Mateo<\/strong>: Sobre la decoraci\u00f3n cer\u00e1mica del \u00e1bside de San Pedro M\u00e1rtir en Calatayud.<\/p>\n<p><strong>-Agust\u00edn Sanmiguel Mateo:<\/strong> Una torre mud\u00e9jar de tipo arcaico en Maluenda.<\/p>\n<p><strong>-Juan Antonio Souto Lasala<\/strong>: Notas acerca de dos elementos isl\u00e1micos en el conjunto fortificado de Calatayud.<\/p>\n<h2><strong>ETNOLOG\u00cdA Y FOLKLORE<\/strong><\/h2>\n<h3><strong><u>Comunicaciones<\/u><\/strong><\/h3>\n<p><strong>-Pedro Mont\u00f3n Puerto:<\/strong> La Dolores, mito y costumbre.<\/p>\n<p><strong>-Benito Vicente de Cu\u00e9llar:<\/strong> Seis dances en honor de la Virgen de Gu\u00eda al Guerrero de Cubel.<\/p>\n<h1><strong>Volumen II (1983)<\/strong><\/h1>\n<h2><strong>GREOGRAF\u00cdA Y ECONOM\u00cdA<\/strong><\/h2>\n<h3><strong><u>Ponencia<\/u><\/strong><\/h3>\n<p><strong>-Vicente Bielza de Ory:<\/strong> Estado actual de los estudios de geograf\u00eda y econom\u00eda sobre Calatayud y su comarca.<\/p>\n<h3><strong><u>Comunicaciones<\/u><\/strong><\/h3>\n<p><strong>-Javier Blasco Fern\u00e1ndez<\/strong>: La situaci\u00f3n demogr\u00e1fica actual en algunos pueblos de la comarca bilbilitana.<\/p>\n<p><strong>-Jos\u00e9 Luis Corral Lafuente y Mar\u00eda Jos\u00e9 S\u00e1nchez-Us\u00f3n:<\/strong> Las sesmas de la comunidad de Calatayud: Un modelo de ordenaci\u00f3n territorial en los siglos XV y XVI.<\/p>\n<p><strong>-Jos\u00e9 M. Cuadrat:<\/strong> Las inversiones t\u00e9rmicas en la \u201ccazuela\u201d de Calatayud.<\/p>\n<p><strong>-Severino Escolano Utrilla:<\/strong> Evoluci\u00f3n demogr\u00e1fica de los municipios zaragozanos del valle del Mesa. 1900-1981.<\/p>\n<p><strong>-Juan Antonio Lahoz Roy:<\/strong> Para un estudio de la demograf\u00eda de Sabi\u00f1\u00e1n.\u00a0 Las parroquias de San Miguel y San Pedro.<\/p>\n<p><strong>-Pilar Ramos Garc\u00eda e Ignacio Peir\u00f3 Mart\u00edn<\/strong>: Estimaci\u00f3n de las producciones de la ciudad y partido de Calatayud, a trav\u00e9s de G\u00e9neres, Asso, Madoz.<\/p>\n<p><strong>-Antonio S\u00e1nchez Molledo:<\/strong> Introducci\u00f3n al estudio de los molinos de viento existentes en la comarca de Calatayud.<\/p>\n<p><strong>-Luis Miguel Yetano Ruiz y Francisco Pellicer:<\/strong> Estudio geomorfol\u00f3gico de la comarca de Calatayud.<\/p>\n<h2><strong>HISTORIA<\/strong><\/h2>\n<h3><strong><u>Ponencia<\/u><\/strong><\/h3>\n<p><strong>\u00c1ngel Canellas L\u00f3pez:<\/strong> Calatayud y su comarca.<\/p>\n<h3><strong><u>Comunicaciones<\/u><\/strong><\/h3>\n<p><strong>-Juan Jos\u00e9 Calvo Miranda y Jos\u00e9 Carlos Escribano S\u00e1nchez:<\/strong> Procedimiento de cuartaci\u00f3n en la comunidad de Calatayud.<\/p>\n<p><strong>-Jos\u00e9 Luis Corral Lafuente y Mar\u00eda Jos\u00e9 S\u00e1nchez-Us\u00f3n<\/strong>: Cat\u00e1logo del desaparecido archivo de la comunidad de Calatayud.<\/p>\n<p>&#8211;<strong>Ovidio Cuella:<\/strong> Los jud\u00edos bilbilitanos en tiempo del Papa Luna.<\/p>\n<p><strong>-Ovidio Cuella:<\/strong> Situaci\u00f3n social y pol\u00edtica de la comunidad de Calatayud en el tr\u00e1nsito del siglo XIV al XV.<\/p>\n<p><strong>-Concepci\u00f3n de la Fuente Cobos:<\/strong> La alcaicer\u00eda de Calatayud y el Monasterio de Piedra.<\/p>\n<p><strong>-Mar\u00eda del Carmen Garc\u00eda Herrero:<\/strong> El tr\u00e1fico comercial entre Arag\u00f3n y Castilla, a trav\u00e9s de Calatayud, a mediados del siglo XV.<\/p>\n<p><strong>-Vicente Gonz\u00e1lez Hern\u00e1ndez:<\/strong> Las Ordinaciones de la Ciudad de Calatayud de 1662.<\/p>\n<p><strong>-Vicente Gonz\u00e1lez Hern\u00e1ndez:<\/strong> Origen del convento de Capuchinas de Calatayud.<\/p>\n<p><strong>-Carmen Mar\u00eda L\u00f3pez P\u00e9rez y Mar\u00eda Isabel Ubieto Artur:<\/strong> Aproximaci\u00f3n a la poblaci\u00f3n bilbilitana seg\u00fan un reparto parroquial de 1253.<\/p>\n<p><strong>-M. Mart\u00ednez Eraso y J. Escribano S\u00e1nchez:<\/strong> Problem\u00e1tica de la jurisdicci\u00f3n en las iglesias del Sepulcro en el arcedianado de Calatayud en el siglo XIV.<\/p>\n<p><strong>-Pedro Mont\u00f3n Puerto:<\/strong> Datos sobre historiadores de Calatayud.<\/p>\n<p><strong>-Francisco de Mox\u00f3:<\/strong> La aproximaci\u00f3n de los Luna a Calatayud antes de su asentamiento en Illueca.<\/p>\n<p><strong>-Ignacio Peir\u00f3 Mart\u00edn y Pilar Ramos Garc\u00eda:<\/strong> Calatayud, provincia aragonesa.<\/p>\n<p><strong>-Jos\u00e9 A. Ramos Comp\u00e9s:<\/strong> La poblaci\u00f3n morisca de Illueca en el decreto de 1526.<\/p>\n<p><strong>-Guillermo Redondo Veintemillas<\/strong>: La ense\u00f1anza primaria en Calatayud en los inicios del siglo XIX.<\/p>\n<p><strong>-Miguel Resano S\u00e1nchez:<\/strong> Privilegios concedidos a Calatayud\u00a0 y su comarca por Jaime I el Conquistador.<\/p>\n<p><strong>-Agust\u00edn Rubio Semper:<\/strong> Sobre unas disposiciones dadas en Ateca en el siglo XV acerca de los vi\u00f1adores.<\/p>\n<p><strong>-Jos\u00e9 Mar\u00eda S\u00e1nchez Molledo:<\/strong> Miguel Mart\u00ednez del Villar y la segunda parte de la apolog\u00eda del Tratado de Calatayud.<\/p>\n","protected":false},"excerpt":{"rendered":"<p>Volumen I (1982) ARQUEOLOG\u00cdA Ponencia -Manuel Mart\u00edn-Bueno: La investigaci\u00f3n arqueol\u00f3gica en el Jal\u00f3n medio: Estado de la cuesti\u00f3n. Comunicaciones -Mar\u00eda Teresa Amar\u00e9 Tafalla: Lucernas romanas de B\u00edlbilis. &#8211;Alberto Balil: Un retrato del emperador Tiberio procedente de B\u00edlbilis. -Mar\u00eda Luisa Cancela &hellip; <a href=\"http:\/\/cebilbilitanos.com\/?page_id=967\">Sigue leyendo <span class=\"meta-nav\">&rarr;<\/span><\/a><\/p>\n","protected":false},"author":1,"featured_media":0,"parent":959,"menu_order":0,"comment_status":"open","ping_status":"open","template":"","meta":[],"_links":{"self":[{"href":"http:\/\/cebilbilitanos.com\/index.php?rest_route=\/wp\/v2\/pages\/967"}],"collection":[{"href":"http:\/\/cebilbilitanos.com\/index.php?rest_route=\/wp\/v2\/pages"}],"about":[{"href":"http:\/\/cebilbilitanos.com\/index.php?rest_route=\/wp\/v2\/types\/page"}],"author":[{"embeddable":true,"href":"http:\/\/cebilbilitanos.com\/index.php?rest_route=\/wp\/v2\/users\/1"}],"replies":[{"embeddable":true,"href":"http:\/\/cebilbilitanos.com\/index.php?rest_route=%2Fwp%2Fv2%2Fcomments&post=967"}],"version-history":[{"count":1,"href":"http:\/\/cebilbilitanos.com\/index.php?rest_route=\/wp\/v2\/pages\/967\/revisions"}],"predecessor-version":[{"id":968,"href":"http:\/\/cebilbilitanos.com\/index.php?rest_route=\/wp\/v2\/pages\/967\/revisions\/968"}],"up":[{"embeddable":true,"href":"http:\/\/cebilbilitanos.com\/index.php?rest_route=\/wp\/v2\/pages\/959"}],"wp:attachment":[{"href":"http:\/\/cebilbilitanos.com\/index.php?rest_route=%2Fwp%2Fv2%2Fmedia&parent=967"}],"curies":[{"name":"wp","href":"https:\/\/api.w.org\/{rel}","templated":true}]}}