{"id":542,"date":"2015-09-13T11:08:11","date_gmt":"2015-09-13T11:08:11","guid":{"rendered":"http:\/\/cebilbilitanos.com\/?page_id=542"},"modified":"2015-09-13T16:48:32","modified_gmt":"2015-09-13T16:48:32","slug":"bajo-las-estrellas","status":"publish","type":"page","link":"http:\/\/cebilbilitanos.com\/?page_id=542","title":{"rendered":"Bajo las estrellas"},"content":{"rendered":"<p><a href=\"http:\/\/cebilbilitanos.com\/wp-content\/uploads\/2015\/09\/image_th1-15.jpg\"><img decoding=\"async\" loading=\"lazy\" class=\"aligncenter size-full wp-image-543\" src=\"http:\/\/cebilbilitanos.com\/wp-content\/uploads\/2015\/09\/image_th1-15.jpg\" alt=\"_image_th1 (15)\" width=\"263\" height=\"250\" \/><\/a><\/p>\n<p><strong>Ceamanos Redondo, Juan Jos\u00e9; Cort\u00e9s L\u00e1zaro, Ricardo<\/strong>. <em>Bajo las estrellas<\/em>.\u00a0CEB, Calatayud, 2014, Centro de Estudios Bilbilitanos, 128,\u00a084 p., il., 20\u00d721 cm, ISBN 978-84-9911-311-1.<\/p>\n<p>Este nuevo libro de la colecci\u00f3n <em>Calatayud en la fotograf\u00eda<\/em> muestra la obra de dos fot\u00f3grafos inquietos y, pese a su juventud, experimentados, a trav\u00e9s de un amplio conjunto de im\u00e1genes nocturnas de la Comarca de Calatayud, con un enfoque original y arriesgado.<\/p>\n<div class=\"item\">\n<div class=\"nom\"><span class=\"ficha_txt1\"><strong>NOTAS:<\/strong>\u00a0<\/span><span class=\"normal\">Serie Calatayud en la fotograf\u00eda<\/span><\/div>\n<div class=\"nom\"><\/div>\n<\/div>\n<div class=\"item\">\n<div class=\"nom\"><strong><span class=\"ficha_txt1\">EDICI\u00d3N:<\/span><\/strong><\/div>\n<div class=\"items_block\">\n<div class=\"items_block_nom\"><span class=\"ficha_txt2\">Editado por:\u00a0<\/span><span class=\"normal\">IFC &#8211; CEB<\/span><\/div>\n<div class=\"items_block_nom\"><span class=\"ficha_txt2\">Edici\u00f3n:\u00a0<\/span><span class=\"normal\">84 p., il., 20&#215;21 cm, ISBN 978-84-9911-311-1<\/span><\/div>\n<div class=\"items_block_nom\"><span class=\"ficha_txt2\">A\u00f1o edici\u00f3n:\u00a0<\/span><span class=\"normal\">2014<\/span><\/div>\n<div class=\"items_block_nom\"><\/div>\n<\/div>\n<\/div>\n<div class=\"item\">\n<div class=\"nom\"><strong><span class=\"ficha_txt1\">COLECCI\u00d3N:\u00a0<\/span><\/strong><span class=\"normal\">Centro de Estudios Bilbilitanos<\/span><\/div>\n<div class=\"nom\"><\/div>\n<\/div>\n<div class=\"item\">\n<div class=\"nom\"><strong><span class=\"ficha_txt1\">N\u00ba PUBLICACI\u00d3N:\u00a0<\/span><\/strong><span class=\"normal\">3348\u00a0(IFC) &#8211; 128 (CEB)<\/span><\/div>\n<div class=\"nom\"><\/div>\n<\/div>\n<div class=\"item\">\n<div class=\"nom\"><span class=\"ficha_txt1\"><strong>PRECIO:<\/strong>\u00a0<\/span><span class=\"normal\">14,00 \u20ac<\/span><\/div>\n<div class=\"nom\"><\/div>\n<\/div>\n<div class=\"item\">\n<div class=\"nom\"><strong><span class=\"ficha_txt1\">MATERIAS:<\/span><\/strong><\/div>\n<div class=\"dat\">\n<div class=\"options2\">FOTOGRAF\u00cdA E ILUSTRACIONES<\/div>\n<div class=\"options2\">ESTUDIOS LOCALES Y COMARCALES &gt; Calatayud<\/div>\n<\/div>\n<\/div>\n","protected":false},"excerpt":{"rendered":"<p>Ceamanos Redondo, Juan Jos\u00e9; Cort\u00e9s L\u00e1zaro, Ricardo. Bajo las estrellas.\u00a0CEB, Calatayud, 2014, Centro de Estudios Bilbilitanos, 128,\u00a084 p., il., 20\u00d721 cm, ISBN 978-84-9911-311-1. Este nuevo libro de la colecci\u00f3n Calatayud en la fotograf\u00eda muestra la obra de dos fot\u00f3grafos inquietos &hellip; <a href=\"http:\/\/cebilbilitanos.com\/?page_id=542\">Sigue leyendo <span class=\"meta-nav\">&rarr;<\/span><\/a><\/p>\n","protected":false},"author":1,"featured_media":0,"parent":193,"menu_order":0,"comment_status":"open","ping_status":"open","template":"","meta":[],"_links":{"self":[{"href":"http:\/\/cebilbilitanos.com\/index.php?rest_route=\/wp\/v2\/pages\/542"}],"collection":[{"href":"http:\/\/cebilbilitanos.com\/index.php?rest_route=\/wp\/v2\/pages"}],"about":[{"href":"http:\/\/cebilbilitanos.com\/index.php?rest_route=\/wp\/v2\/types\/page"}],"author":[{"embeddable":true,"href":"http:\/\/cebilbilitanos.com\/index.php?rest_route=\/wp\/v2\/users\/1"}],"replies":[{"embeddable":true,"href":"http:\/\/cebilbilitanos.com\/index.php?rest_route=%2Fwp%2Fv2%2Fcomments&post=542"}],"version-history":[{"count":3,"href":"http:\/\/cebilbilitanos.com\/index.php?rest_route=\/wp\/v2\/pages\/542\/revisions"}],"predecessor-version":[{"id":589,"href":"http:\/\/cebilbilitanos.com\/index.php?rest_route=\/wp\/v2\/pages\/542\/revisions\/589"}],"up":[{"embeddable":true,"href":"http:\/\/cebilbilitanos.com\/index.php?rest_route=\/wp\/v2\/pages\/193"}],"wp:attachment":[{"href":"http:\/\/cebilbilitanos.com\/index.php?rest_route=%2Fwp%2Fv2%2Fmedia&parent=542"}],"curies":[{"name":"wp","href":"https:\/\/api.w.org\/{rel}","templated":true}]}}