{"id":536,"date":"2015-09-13T10:56:12","date_gmt":"2015-09-13T10:56:12","guid":{"rendered":"http:\/\/cebilbilitanos.com\/?page_id=536"},"modified":"2015-09-13T17:46:25","modified_gmt":"2015-09-13T17:46:25","slug":"miradas","status":"publish","type":"page","link":"http:\/\/cebilbilitanos.com\/?page_id=536","title":{"rendered":"Miradas"},"content":{"rendered":"<p><a href=\"http:\/\/cebilbilitanos.com\/wp-content\/uploads\/2015\/09\/miret.jpg\"><img decoding=\"async\" loading=\"lazy\" class=\"aligncenter size-full wp-image-537\" src=\"http:\/\/cebilbilitanos.com\/wp-content\/uploads\/2015\/09\/miret.jpg\" alt=\"miret\" width=\"177\" height=\"250\" \/><\/a><\/p>\n<p><b>MIRET VELILLA, Jos\u00e9<\/b>,\u00a0<i>Miradas<\/i>, CEB, Calatayud, 2013, Centro de Estudios Bilbilitanos, 124, 80 p., 72 il., 17&#215;24 cm. ISBN: 978-84-9911-259-6.<\/p>\n<div class=\"item\">\n<div class=\"nom\"><span class=\"ficha_txt1\"><strong>NOTAS:<\/strong>\u00a0<\/span><span class=\"normal\">Colecci\u00f3n Calatayud en la fotograf\u00eda<\/span><\/div>\n<div class=\"nom\"><\/div>\n<\/div>\n<div class=\"item\">\n<div class=\"nom\"><strong><span class=\"ficha_txt1\">EDICI\u00d3N:\u00a0<\/span><\/strong><\/div>\n<ul>\n<li class=\"nom\">Editado por: IFC &#8211; CEB<\/li>\n<li class=\"items_block\">\n<div class=\"items_block_nom\"><span class=\"ficha_txt2\">Edici\u00f3n:\u00a0<\/span><span class=\"normal\">79 p., il., 17 x 24 cm, ISBN 978-84-9911-259-6<\/span><\/div>\n<div class=\"items_block_nom\"><span class=\"ficha_txt2\">A\u00f1o edici\u00f3n:\u00a0<\/span><span class=\"normal\">2013<\/span><\/div>\n<\/li>\n<\/ul>\n<\/div>\n<div class=\"item\">\n<div class=\"nom\"><span class=\"ficha_txt1\"><strong>COLECCI\u00d3N:<\/strong>\u00a0<\/span><span class=\"normal\">Centro de Estudios Bilbilitanos<\/span><\/div>\n<div class=\"nom\"><\/div>\n<\/div>\n<div class=\"item\">\n<div class=\"nom\"><span class=\"ficha_txt1\"><strong>N\u00ba PUBLICACI\u00d3N:<\/strong>\u00a0<\/span><span class=\"normal\">3270 (IFC) &#8211; 124\u00a0(CEB)<\/span><\/div>\n<div class=\"nom\"><\/div>\n<\/div>\n<div class=\"item\">\n<div class=\"nom\"><span class=\"ficha_txt1\"><strong>PRECIO:<\/strong>\u00a0<\/span><span class=\"normal\">10,00 \u20ac<\/span><\/div>\n<div class=\"nom\"><\/div>\n<\/div>\n<div class=\"item\">\n<div class=\"nom\"><strong><span class=\"ficha_txt1\">MATERIAS:<\/span><\/strong><\/div>\n<div class=\"dat\">\n<div class=\"options2\">FOTOGRAF\u00cdA E ILUSTRACIONES<\/div>\n<div class=\"options2\">ESTUDIOS LOCALES Y COMARCALES &gt; Calatayud<\/div>\n<\/div>\n<\/div>\n","protected":false},"excerpt":{"rendered":"<p>MIRET VELILLA, Jos\u00e9,\u00a0Miradas, CEB, Calatayud, 2013, Centro de Estudios Bilbilitanos, 124, 80 p., 72 il., 17&#215;24 cm. ISBN: 978-84-9911-259-6. NOTAS:\u00a0Colecci\u00f3n Calatayud en la fotograf\u00eda EDICI\u00d3N:\u00a0 Editado por: IFC &#8211; CEB Edici\u00f3n:\u00a079 p., il., 17 x 24 cm, ISBN 978-84-9911-259-6 A\u00f1o &hellip; <a href=\"http:\/\/cebilbilitanos.com\/?page_id=536\">Sigue leyendo <span class=\"meta-nav\">&rarr;<\/span><\/a><\/p>\n","protected":false},"author":1,"featured_media":0,"parent":193,"menu_order":0,"comment_status":"open","ping_status":"open","template":"","meta":[],"_links":{"self":[{"href":"http:\/\/cebilbilitanos.com\/index.php?rest_route=\/wp\/v2\/pages\/536"}],"collection":[{"href":"http:\/\/cebilbilitanos.com\/index.php?rest_route=\/wp\/v2\/pages"}],"about":[{"href":"http:\/\/cebilbilitanos.com\/index.php?rest_route=\/wp\/v2\/types\/page"}],"author":[{"embeddable":true,"href":"http:\/\/cebilbilitanos.com\/index.php?rest_route=\/wp\/v2\/users\/1"}],"replies":[{"embeddable":true,"href":"http:\/\/cebilbilitanos.com\/index.php?rest_route=%2Fwp%2Fv2%2Fcomments&post=536"}],"version-history":[{"count":2,"href":"http:\/\/cebilbilitanos.com\/index.php?rest_route=\/wp\/v2\/pages\/536\/revisions"}],"predecessor-version":[{"id":674,"href":"http:\/\/cebilbilitanos.com\/index.php?rest_route=\/wp\/v2\/pages\/536\/revisions\/674"}],"up":[{"embeddable":true,"href":"http:\/\/cebilbilitanos.com\/index.php?rest_route=\/wp\/v2\/pages\/193"}],"wp:attachment":[{"href":"http:\/\/cebilbilitanos.com\/index.php?rest_route=%2Fwp%2Fv2%2Fmedia&parent=536"}],"curies":[{"name":"wp","href":"https:\/\/api.w.org\/{rel}","templated":true}]}}