{"id":514,"date":"2015-09-13T10:04:06","date_gmt":"2015-09-13T10:04:06","guid":{"rendered":"http:\/\/cebilbilitanos.com\/?page_id=514"},"modified":"2019-11-25T12:14:57","modified_gmt":"2019-11-25T12:14:57","slug":"la-portada-de-santa-maria-de-calatayud-estudio-documental-y-artistico","status":"publish","type":"page","link":"http:\/\/cebilbilitanos.com\/?page_id=514","title":{"rendered":"La portada de Santa Mar\u00eda de Calatayud. Estudio documental y art\u00edstico"},"content":{"rendered":"<p><a href=\"http:\/\/cebilbilitanos.com\/wp-content\/uploads\/2015\/09\/portadasm.jpg\"><img decoding=\"async\" loading=\"lazy\" class=\"aligncenter size-full wp-image-515\" src=\"http:\/\/cebilbilitanos.com\/wp-content\/uploads\/2015\/09\/portadasm.jpg\" alt=\"portadasm\" width=\"176\" height=\"250\" \/><\/a><\/p>\n<p><b>IB\u00c1\u00d1EZ FERN\u00c1NDEZ, Javier<\/b>,\u00a0<i>La portada de Santa Mar\u00eda de Calatayud. Estudio documental y art\u00edstico<\/i>, CEB, Calatayud, 2012, Centro de Estudios Bilbilitanos, 117, 96 p., 44 il., 21&#215;29,5 cm. ISBN: 978-84-9911-180-3. Contiene CD. Ap\u00e9ndice documental.<\/p>\n<p>La reciente restauraci\u00f3n de la portada de la Colegiata de Santa Mar\u00eda de Calatayud ha exigido realizar un apurado estudio hist\u00f3rico-art\u00edstico del monumento que da cuenta tanto de las circunstancias de su realizaci\u00f3n como de las sucesivas intervenciones practicadas a lo largo del tiempo, y que paralelamente aporta una novedosa interpretaci\u00f3n del conjunto que demuestra su relaci\u00f3n con algunas de las manifestaciones m\u00e1s destacadas del primer Renacimiento normando, un contexto art\u00edstico sumamente interesante (caracterizado por la supervivencia de los presupuestos del g\u00f3tico flam\u00edgero y la apresurada adopci\u00f3n del nuevo lenguaje <em>all&#8217;antica<\/em> llegado desde Italia) del que proced\u00eda Esteban de Obray, uno de los maestros que contrataron su ejecuci\u00f3n. El volumen se completa con el grueso de la documentaci\u00f3n hist\u00f3rica reunida sobre la pordada recogido en formato PDF en un CD-Rom.<\/p>\n<p><strong><span class=\"ficha_txt1\">EDICI\u00d3N:<\/span><\/strong><\/p>\n<div class=\"item\">\n<div class=\"items_block\">\n<ul>\n<li style=\"list-style-type: none;\">\n<ul>\n<li class=\"items_block_nom\"><span class=\"ficha_txt2\">Editado por:\u00a0<\/span><span class=\"normal\">IFC &#8211; CEB<\/span><\/li>\n<\/ul>\n<\/li>\n<\/ul>\n<p>\u00a0<\/p>\n<ul>\n<li style=\"list-style-type: none;\">\n<ul>\n<li class=\"items_block_nom\"><span class=\"ficha_txt2\">Edici\u00f3n:\u00a0<\/span><span class=\"normal\">95 p., il., 21&#215;29,5 cm, ISBN 974-84-9911-180-3. Incluye CD-Rom<\/span><\/li>\n<\/ul>\n<\/li>\n<\/ul>\n<p>\u00a0<\/p>\n<ul>\n<li class=\"items_block_nom\"><span class=\"ficha_txt2\">A\u00f1o edici\u00f3n:\u00a0<\/span><span class=\"normal\">2012<\/span><\/li>\n<\/ul>\n<\/div>\n<\/div>\n<div class=\"item\">\n<div class=\"nom\"><strong><span class=\"ficha_txt1\">COLECCI\u00d3N:\u00a0<\/span><\/strong><span class=\"normal\">Centro de Estudios Bilbilitanos<\/span><\/div>\n<div class=\"nom\">\u00a0<\/div>\n<\/div>\n<div class=\"item\">\n<div class=\"nom\"><span class=\"ficha_txt1\"><strong>N\u00ba PUBLICACI\u00d3N:<\/strong>\u00a0<\/span><span class=\"normal\">3156 (IFC) &#8211; 117 (CEB)<\/span><\/div>\n<div class=\"nom\">\u00a0<\/div>\n<\/div>\n<div class=\"item\">\n<div class=\"nom\"><span class=\"ficha_txt1\"><strong>PRECIO:<\/strong>\u00a0<\/span><span class=\"normal\">12,00 \u20ac<\/span><\/div>\n<div class=\"nom\">\u00a0<\/div>\n<\/div>\n<div class=\"item\">\n<div class=\"nom\"><strong><span class=\"ficha_txt1\">MATERIAS:<\/span><\/strong><\/div>\n<div class=\"dat\">\n<div class=\"options2\">ARTE &gt; Arte renacentista, barroco y neocl\u00e1sico<\/div>\n<div class=\"options2\">ESTUDIOS LOCALES Y COMARCALES &gt; Calatayud<\/div>\n<\/div>\n<\/div>\n<div class=\"options2\">\u00a0<\/div>\n<div class=\"options2\"><img decoding=\"async\" loading=\"lazy\" class=\"aligncenter size-medium wp-image-1013\" src=\"http:\/\/cebilbilitanos.com\/wp-content\/uploads\/2016\/04\/bibilioteca-virtual-300x91.jpg\" alt=\"bibilioteca virtual\" width=\"300\" height=\"91\" srcset=\"http:\/\/cebilbilitanos.com\/wp-content\/uploads\/2016\/04\/bibilioteca-virtual-300x91.jpg 300w, http:\/\/cebilbilitanos.com\/wp-content\/uploads\/2016\/04\/bibilioteca-virtual.jpg 513w\" sizes=\"(max-width: 300px) 100vw, 300px\" \/><\/div>\n<div class=\"item\">\u00a0<\/div>\n<p style=\"text-align: center;\">\u00a0<\/p>\n\n\n<div class=\"wp-block-file\"><a href=\"http:\/\/cebilbilitanos.com\/wp-content\/uploads\/2019\/11\/APENDICE-DOCUMENTAL-PORTADA-SANTA-MAR\u00cdA-DE-CALATAYUD-1.pdf\">Documentos para la historia de la colegiata de Santa Mar\u00eda de Calatayud <\/a><a href=\"http:\/\/cebilbilitanos.com\/wp-content\/uploads\/2019\/11\/APENDICE-DOCUMENTAL-PORTADA-SANTA-MAR\u00cdA-DE-CALATAYUD-1.pdf\" class=\"wp-block-file__button\" download>Descargar<\/a><\/div>\n\n\n\n<div class=\"wp-block-file\"><a href=\"http:\/\/cebilbilitanos.com\/wp-content\/uploads\/2019\/11\/315667426-La-Portada-de-Santa-Maria-de-Calatayud-estudio-documental-y-artistico.pdf\">La Portada de Santa Mar\u00eda de Calatayud, estudio documental y art\u00edstico <\/a><a href=\"http:\/\/cebilbilitanos.com\/wp-content\/uploads\/2019\/11\/315667426-La-Portada-de-Santa-Maria-de-Calatayud-estudio-documental-y-artistico.pdf\" class=\"wp-block-file__button\" download>Descargar<\/a><\/div>\n","protected":false},"excerpt":{"rendered":"<p>IB\u00c1\u00d1EZ FERN\u00c1NDEZ, Javier,\u00a0La portada de Santa Mar\u00eda de Calatayud. Estudio documental y art\u00edstico, CEB, Calatayud, 2012, Centro de Estudios Bilbilitanos, 117, 96 p., 44 il., 21&#215;29,5 cm. ISBN: 978-84-9911-180-3. Contiene CD. Ap\u00e9ndice documental. La reciente restauraci\u00f3n de la portada de &hellip; <a href=\"http:\/\/cebilbilitanos.com\/?page_id=514\">Sigue leyendo <span class=\"meta-nav\">&rarr;<\/span><\/a><\/p>\n","protected":false},"author":1,"featured_media":0,"parent":193,"menu_order":0,"comment_status":"open","ping_status":"open","template":"","meta":[],"_links":{"self":[{"href":"http:\/\/cebilbilitanos.com\/index.php?rest_route=\/wp\/v2\/pages\/514"}],"collection":[{"href":"http:\/\/cebilbilitanos.com\/index.php?rest_route=\/wp\/v2\/pages"}],"about":[{"href":"http:\/\/cebilbilitanos.com\/index.php?rest_route=\/wp\/v2\/types\/page"}],"author":[{"embeddable":true,"href":"http:\/\/cebilbilitanos.com\/index.php?rest_route=\/wp\/v2\/users\/1"}],"replies":[{"embeddable":true,"href":"http:\/\/cebilbilitanos.com\/index.php?rest_route=%2Fwp%2Fv2%2Fcomments&post=514"}],"version-history":[{"count":13,"href":"http:\/\/cebilbilitanos.com\/index.php?rest_route=\/wp\/v2\/pages\/514\/revisions"}],"predecessor-version":[{"id":2499,"href":"http:\/\/cebilbilitanos.com\/index.php?rest_route=\/wp\/v2\/pages\/514\/revisions\/2499"}],"up":[{"embeddable":true,"href":"http:\/\/cebilbilitanos.com\/index.php?rest_route=\/wp\/v2\/pages\/193"}],"wp:attachment":[{"href":"http:\/\/cebilbilitanos.com\/index.php?rest_route=%2Fwp%2Fv2%2Fmedia&parent=514"}],"curies":[{"name":"wp","href":"https:\/\/api.w.org\/{rel}","templated":true}]}}