{"id":495,"date":"2015-09-13T09:45:51","date_gmt":"2015-09-13T09:45:51","guid":{"rendered":"http:\/\/cebilbilitanos.com\/?page_id=495"},"modified":"2015-09-13T17:13:08","modified_gmt":"2015-09-13T17:13:08","slug":"el-conjunto-fortificado-islamico-de-calatayud-y-su-entorno","status":"publish","type":"page","link":"http:\/\/cebilbilitanos.com\/?page_id=495","title":{"rendered":"El conjunto fortificado isl\u00e1mico de Calatayud y su entorno"},"content":{"rendered":"<p><a href=\"http:\/\/cebilbilitanos.com\/wp-content\/uploads\/2015\/09\/conjunto.jpg\"><img decoding=\"async\" loading=\"lazy\" class=\"aligncenter size-full wp-image-496\" src=\"http:\/\/cebilbilitanos.com\/wp-content\/uploads\/2015\/09\/conjunto.jpg\" alt=\"conjunto\" width=\"247\" height=\"250\" \/><\/a><\/p>\n<p><b>SANMIGUEL MATEO, Agust\u00edn<\/b>, <i>El conjunto fortificado isl\u00e1mico de Calatayud y su entorno<\/i>, CEB, Calatayud, 2011, Centro de Estudios Bilbilitanos, 111, 432 p., 203 il., 21&#215;21 cm. ISBN: 978-84-9911-099-8.<\/p>\n<p>Publicaci\u00f3n cuyo prop\u00f3sito es divulgar, desde la visi\u00f3n personal de Agust\u00edn Sanmiguel y de forma fundamentalmente gr\u00e1fica, el conjunto amurallado \u00e1rabe de Calatayud y su entorno paisaj\u00edstico y urbano.<\/p>\n<div class=\"item\">\n<div class=\"nom\"><span class=\"ficha_txt1\"><strong>EDICI\u00d3N<\/strong>:<\/span><\/div>\n<div class=\"items_block\">\n<ul>\n<li class=\"items_block_nom\"><span class=\"ficha_txt2\">Editado por:\u00a0<\/span><span class=\"normal\">IFC &#8211; CESBIL &#8211; Gobierno de Arag\u00f3n<\/span><\/li>\n<li class=\"items_block_nom\"><span class=\"ficha_txt2\">Edici\u00f3n:\u00a0<\/span><span class=\"normal\">429 p., il, 21,5&#215;22 cm, ISBN 978-84-9911-099-8<\/span><\/li>\n<li class=\"items_block_nom\"><span class=\"ficha_txt2\">A\u00f1o edici\u00f3n:\u00a0<\/span><span class=\"normal\">2011<\/span><\/li>\n<\/ul>\n<\/div>\n<\/div>\n<div class=\"item\">\n<div class=\"nom\"><strong><span class=\"ficha_txt1\">COLECCI\u00d3N:\u00a0<\/span><\/strong><span class=\"normal\">Centro de Estudios Bilbilitanos<\/span><\/div>\n<div class=\"nom\"><\/div>\n<\/div>\n<div class=\"item\">\n<div class=\"nom\"><span class=\"ficha_txt1\"><strong>N\u00ba PUBLICACI\u00d3N:<\/strong>\u00a0<\/span><span class=\"normal\">3026\u00a0 (IFC) &#8211; 111\u00a0(CEB)<\/span><\/div>\n<div class=\"nom\"><\/div>\n<\/div>\n<div class=\"item\">\n<div class=\"nom\"><strong><span class=\"ficha_txt1\">PRECIO:\u00a0<\/span><\/strong><span class=\"normal\">30,00 \u20ac<\/span><\/div>\n<div class=\"nom\"><\/div>\n<\/div>\n<div class=\"item\">\n<div class=\"nom\"><strong><span class=\"ficha_txt1\">MATERIAS:<\/span><\/strong><\/div>\n<div class=\"dat\">\n<div class=\"options2\">ARQUITECTURA y URBANISMO &gt; Urbanismo<\/div>\n<div class=\"options2\">ARTE &gt; Arte medieval<\/div>\n<div class=\"options2\">HISTORIA &gt; Historia medieval &gt; Estudios isl\u00e1micos<\/div>\n<div class=\"options2\">ESTUDIOS LOCALES Y COMARCALES &gt; Calatayud<\/div>\n<\/div>\n<\/div>\n","protected":false},"excerpt":{"rendered":"<p>SANMIGUEL MATEO, Agust\u00edn, El conjunto fortificado isl\u00e1mico de Calatayud y su entorno, CEB, Calatayud, 2011, Centro de Estudios Bilbilitanos, 111, 432 p., 203 il., 21&#215;21 cm. ISBN: 978-84-9911-099-8. Publicaci\u00f3n cuyo prop\u00f3sito es divulgar, desde la visi\u00f3n personal de Agust\u00edn Sanmiguel &hellip; <a href=\"http:\/\/cebilbilitanos.com\/?page_id=495\">Sigue leyendo <span class=\"meta-nav\">&rarr;<\/span><\/a><\/p>\n","protected":false},"author":1,"featured_media":0,"parent":193,"menu_order":0,"comment_status":"open","ping_status":"open","template":"","meta":[],"_links":{"self":[{"href":"http:\/\/cebilbilitanos.com\/index.php?rest_route=\/wp\/v2\/pages\/495"}],"collection":[{"href":"http:\/\/cebilbilitanos.com\/index.php?rest_route=\/wp\/v2\/pages"}],"about":[{"href":"http:\/\/cebilbilitanos.com\/index.php?rest_route=\/wp\/v2\/types\/page"}],"author":[{"embeddable":true,"href":"http:\/\/cebilbilitanos.com\/index.php?rest_route=\/wp\/v2\/users\/1"}],"replies":[{"embeddable":true,"href":"http:\/\/cebilbilitanos.com\/index.php?rest_route=%2Fwp%2Fv2%2Fcomments&post=495"}],"version-history":[{"count":2,"href":"http:\/\/cebilbilitanos.com\/index.php?rest_route=\/wp\/v2\/pages\/495\/revisions"}],"predecessor-version":[{"id":621,"href":"http:\/\/cebilbilitanos.com\/index.php?rest_route=\/wp\/v2\/pages\/495\/revisions\/621"}],"up":[{"embeddable":true,"href":"http:\/\/cebilbilitanos.com\/index.php?rest_route=\/wp\/v2\/pages\/193"}],"wp:attachment":[{"href":"http:\/\/cebilbilitanos.com\/index.php?rest_route=%2Fwp%2Fv2%2Fmedia&parent=495"}],"curies":[{"name":"wp","href":"https:\/\/api.w.org\/{rel}","templated":true}]}}