{"id":489,"date":"2015-09-13T09:40:58","date_gmt":"2015-09-13T09:40:58","guid":{"rendered":"http:\/\/cebilbilitanos.com\/?page_id=489"},"modified":"2015-09-13T17:12:20","modified_gmt":"2015-09-13T17:12:20","slug":"el-estudio-historico-artistico-portada-y-puertas-de-la-colegiata-de-santa-maria-de-calatayud","status":"publish","type":"page","link":"http:\/\/cebilbilitanos.com\/?page_id=489","title":{"rendered":"El estudio hist\u00f3rico-art\u00edstico portada y puertas de la Colegiata de Santa Mar\u00eda de Calatayud"},"content":{"rendered":"<p style=\"text-align: center;\"><a href=\"http:\/\/cebilbilitanos.com\/wp-content\/uploads\/2015\/09\/amada.jpg\"><img decoding=\"async\" loading=\"lazy\" class=\"aligncenter size-full wp-image-490\" src=\"http:\/\/cebilbilitanos.com\/wp-content\/uploads\/2015\/09\/amada.jpg\" alt=\"amada\" width=\"177\" height=\"250\" \/><\/a><\/p>\n<p><b>AMADA SANZ, Salvador<\/b>,\u00a0<i>El estudio hist\u00f3rico-art\u00edstico portada y puertas de la Colegiata de Santa Mar\u00eda de Calatayud, edici\u00f3n de Jes\u00fas Criado Mainar<\/i>, CEB, Calatayud, 2011, Centro de Estudios Bilbilitanos, 109, 80 p., 16 il., 21&#215;29,7 cm. ISBN: 978-84-9911-097-4.<\/p>\n<p>Edici\u00f3n facs\u00edmil del estudio sobre la portada de Santa Mar\u00eda la Mayor de Calatayud publicado por Salvador Amada Sanz en el <em>Bolet\u00edn de la Sociedad Espa\u00f1ola de Excursiones<\/em> (Madrid, 1947), acompa\u00f1ada de una nota bio-bibliogr\u00e1fica a cargo de su hijo, Mariano Amada Cinto, y de una breve reflexi\u00f3n sobre el contexto historiogr\u00e1fico en el que surgi\u00f3 esta obra a cargo de Jes\u00fas Criado Mainar.<\/p>\n<div class=\"item\">\n<div class=\"nom\"><span class=\"ficha_txt1\"><strong>NOTAS:<\/strong>\u00a0<\/span><span class=\"normal\">Edici\u00f3n facs\u00edmil de la de Madrid, 1947, a cargo de Jes\u00fas Criado Mainar<\/span><\/div>\n<div class=\"nom\"><\/div>\n<\/div>\n<div class=\"item\">\n<div class=\"nom\"><strong><span class=\"ficha_txt1\">EDICI\u00d3N:<\/span><\/strong><\/div>\n<ul>\n<li class=\"nom\">Editado por: IFC &#8211; CESBIL<\/li>\n<li class=\"items_block\">\n<div class=\"items_block_nom\"><span class=\"ficha_txt2\">Edici\u00f3n:\u00a0<\/span><span class=\"normal\">79 p., il., 20,9&#215;29,7 cm, ISBN 978-84-9911-097-4<\/span><\/div>\n<\/li>\n<li class=\"items_block\">\n<div class=\"items_block_nom\"><span class=\"ficha_txt2\">A\u00f1o edici\u00f3n:\u00a0<\/span><span class=\"normal\">2010<\/span><\/div>\n<\/li>\n<\/ul>\n<\/div>\n<div class=\"item\">\n<div class=\"nom\"><strong><span class=\"ficha_txt1\">COLECCI\u00d3N:\u00a0<\/span><\/strong><span class=\"normal\">Centro de Estudios Bilbilitanos<\/span><\/div>\n<div class=\"nom\"><\/div>\n<\/div>\n<div class=\"item\">\n<div class=\"nom\"><span class=\"ficha_txt1\"><strong>N\u00ba PUBLICACI\u00d3N:<\/strong>\u00a0<\/span><span class=\"normal\">3021\u00a0 (IFC) &#8211; 109\u00a0(CEB)<\/span><\/div>\n<div class=\"nom\"><\/div>\n<\/div>\n<div class=\"item\">\n<div class=\"nom\"><span class=\"ficha_txt1\"><strong>PRECIO:<\/strong>\u00a0<\/span><span class=\"normal\">Agotado<\/span><\/div>\n<div class=\"nom\"><\/div>\n<\/div>\n<div class=\"item\">\n<div class=\"nom\"><strong><span class=\"ficha_txt1\">MATERIAS:<\/span><\/strong><\/div>\n<div class=\"dat\">\n<div class=\"options2\">ARTE &gt; Arte renacentista, barroco y neocl\u00e1sico<\/div>\n<div class=\"options2\">ESTUDIOS LOCALES Y COMARCALES &gt; Calatayud<\/div>\n<\/div>\n<\/div>\n","protected":false},"excerpt":{"rendered":"<p>AMADA SANZ, Salvador,\u00a0El estudio hist\u00f3rico-art\u00edstico portada y puertas de la Colegiata de Santa Mar\u00eda de Calatayud, edici\u00f3n de Jes\u00fas Criado Mainar, CEB, Calatayud, 2011, Centro de Estudios Bilbilitanos, 109, 80 p., 16 il., 21&#215;29,7 cm. ISBN: 978-84-9911-097-4. Edici\u00f3n facs\u00edmil del &hellip; <a href=\"http:\/\/cebilbilitanos.com\/?page_id=489\">Sigue leyendo <span class=\"meta-nav\">&rarr;<\/span><\/a><\/p>\n","protected":false},"author":1,"featured_media":0,"parent":193,"menu_order":0,"comment_status":"open","ping_status":"open","template":"","meta":[],"_links":{"self":[{"href":"http:\/\/cebilbilitanos.com\/index.php?rest_route=\/wp\/v2\/pages\/489"}],"collection":[{"href":"http:\/\/cebilbilitanos.com\/index.php?rest_route=\/wp\/v2\/pages"}],"about":[{"href":"http:\/\/cebilbilitanos.com\/index.php?rest_route=\/wp\/v2\/types\/page"}],"author":[{"embeddable":true,"href":"http:\/\/cebilbilitanos.com\/index.php?rest_route=\/wp\/v2\/users\/1"}],"replies":[{"embeddable":true,"href":"http:\/\/cebilbilitanos.com\/index.php?rest_route=%2Fwp%2Fv2%2Fcomments&post=489"}],"version-history":[{"count":2,"href":"http:\/\/cebilbilitanos.com\/index.php?rest_route=\/wp\/v2\/pages\/489\/revisions"}],"predecessor-version":[{"id":619,"href":"http:\/\/cebilbilitanos.com\/index.php?rest_route=\/wp\/v2\/pages\/489\/revisions\/619"}],"up":[{"embeddable":true,"href":"http:\/\/cebilbilitanos.com\/index.php?rest_route=\/wp\/v2\/pages\/193"}],"wp:attachment":[{"href":"http:\/\/cebilbilitanos.com\/index.php?rest_route=%2Fwp%2Fv2%2Fmedia&parent=489"}],"curies":[{"name":"wp","href":"https:\/\/api.w.org\/{rel}","templated":true}]}}