{"id":483,"date":"2015-09-13T09:33:53","date_gmt":"2015-09-13T09:33:53","guid":{"rendered":"http:\/\/cebilbilitanos.com\/?page_id=483"},"modified":"2015-09-13T17:07:09","modified_gmt":"2015-09-13T17:07:09","slug":"el-viento-y-la-palabra","status":"publish","type":"page","link":"http:\/\/cebilbilitanos.com\/?page_id=483","title":{"rendered":"El viento y la palabra"},"content":{"rendered":"<p><a href=\"http:\/\/cebilbilitanos.com\/wp-content\/uploads\/2015\/09\/viento.jpg\"><img decoding=\"async\" loading=\"lazy\" class=\"aligncenter size-full wp-image-484\" src=\"http:\/\/cebilbilitanos.com\/wp-content\/uploads\/2015\/09\/viento.jpg\" alt=\"viento\" width=\"180\" height=\"250\" \/><\/a><\/p>\n<p><b>VER\u00d3N GORMAZ, Jos\u00e9<\/b>,\u00a0<i>El viento y la palabra<\/i>, CEB, 107, Pr\u00f3logo de Javier Barreiro, Calatayud, 2010, 88 p., 15&#215;21 cm. ISBN: 978-84-9911-071-4.<\/p>\n<p>La obra <em>El viento y la palabra<\/em> constituye la \u00faltima entrega de un ciclo po\u00e9tico elaborado por Jos\u00e9 Ver\u00f3n Gormaz que, junto con <em>El exilio y el reino<\/em> (2005) y <em>En las orillas del cielo<\/em> (2007), ha adoptado la forma de una trilog\u00eda literaria, todav\u00eda in\u00e9dita como tal, titulada <em>El tr\u00e1nsito y la duda<\/em>.<\/p>\n<div class=\"item\">\n<div class=\"nom\"><strong><span class=\"ficha_txt1\">EDICI\u00d3N:<\/span><\/strong><\/div>\n<div class=\"items_block\">\n<ul>\n<li class=\"items_block_nom\"><span class=\"ficha_txt2\">Editado por:\u00a0<\/span><span class=\"normal\">IFC &#8211; CEB<\/span><\/li>\n<li class=\"items_block_nom\"><span class=\"ficha_txt2\">Edici\u00f3n:\u00a0<\/span><span class=\"normal\">88 p., 15,5&#215;21,5 cm, ISBN 978-84-9911-071-4<\/span><\/li>\n<li class=\"items_block_nom\"><span class=\"ficha_txt2\">A\u00f1o edici\u00f3n:\u00a0<\/span><span class=\"normal\">2010<\/span><\/li>\n<\/ul>\n<\/div>\n<\/div>\n<div class=\"item\">\n<div class=\"nom\"><strong><span class=\"ficha_txt1\">N\u00ba PUBLICACI\u00d3N:\u00a0<\/span><\/strong><span class=\"normal\">2980 (IFC) &#8211; 107\u00a0(CEB)<\/span><\/div>\n<div class=\"nom\"><\/div>\n<\/div>\n<div class=\"item\">\n<div class=\"nom\"><span class=\"ficha_txt1\"><strong>PRECIO:<\/strong>\u00a0<\/span><span class=\"normal\">9,00 \u20ac<\/span><\/div>\n<div class=\"nom\"><\/div>\n<\/div>\n<div class=\"item\">\n<div class=\"nom\"><strong><span class=\"ficha_txt1\">MATERIAS:<\/span><\/strong><\/div>\n<div class=\"dat\">\n<div class=\"options2\">LENGUA y LITERATURA &gt; Literatura contempor\u00e1nea<\/div>\n<div class=\"options2\">NARRATIVA, POES\u00cdA y TEATRO &gt; Poes\u00eda<\/div>\n<\/div>\n<\/div>\n","protected":false},"excerpt":{"rendered":"<p>VER\u00d3N GORMAZ, Jos\u00e9,\u00a0El viento y la palabra, CEB, 107, Pr\u00f3logo de Javier Barreiro, Calatayud, 2010, 88 p., 15&#215;21 cm. ISBN: 978-84-9911-071-4. La obra El viento y la palabra constituye la \u00faltima entrega de un ciclo po\u00e9tico elaborado por Jos\u00e9 Ver\u00f3n &hellip; <a href=\"http:\/\/cebilbilitanos.com\/?page_id=483\">Sigue leyendo <span class=\"meta-nav\">&rarr;<\/span><\/a><\/p>\n","protected":false},"author":1,"featured_media":0,"parent":193,"menu_order":0,"comment_status":"open","ping_status":"open","template":"","meta":[],"_links":{"self":[{"href":"http:\/\/cebilbilitanos.com\/index.php?rest_route=\/wp\/v2\/pages\/483"}],"collection":[{"href":"http:\/\/cebilbilitanos.com\/index.php?rest_route=\/wp\/v2\/pages"}],"about":[{"href":"http:\/\/cebilbilitanos.com\/index.php?rest_route=\/wp\/v2\/types\/page"}],"author":[{"embeddable":true,"href":"http:\/\/cebilbilitanos.com\/index.php?rest_route=\/wp\/v2\/users\/1"}],"replies":[{"embeddable":true,"href":"http:\/\/cebilbilitanos.com\/index.php?rest_route=%2Fwp%2Fv2%2Fcomments&post=483"}],"version-history":[{"count":2,"href":"http:\/\/cebilbilitanos.com\/index.php?rest_route=\/wp\/v2\/pages\/483\/revisions"}],"predecessor-version":[{"id":613,"href":"http:\/\/cebilbilitanos.com\/index.php?rest_route=\/wp\/v2\/pages\/483\/revisions\/613"}],"up":[{"embeddable":true,"href":"http:\/\/cebilbilitanos.com\/index.php?rest_route=\/wp\/v2\/pages\/193"}],"wp:attachment":[{"href":"http:\/\/cebilbilitanos.com\/index.php?rest_route=%2Fwp%2Fv2%2Fmedia&parent=483"}],"curies":[{"name":"wp","href":"https:\/\/api.w.org\/{rel}","templated":true}]}}