{"id":475,"date":"2015-09-13T09:24:19","date_gmt":"2015-09-13T09:24:19","guid":{"rendered":"http:\/\/cebilbilitanos.com\/?page_id=475"},"modified":"2015-09-13T16:45:30","modified_gmt":"2015-09-13T16:45:30","slug":"asi-lo-he-visto","status":"publish","type":"page","link":"http:\/\/cebilbilitanos.com\/?page_id=475","title":{"rendered":"As\u00ed lo he visto"},"content":{"rendered":"<div class=\"separator\" style=\"clear: both; text-align: center;\"><a style=\"clear: left; float: left; margin-bottom: 1em; margin-right: 1em;\" href=\"https:\/\/lh6.googleusercontent.com\/-_gu3nnfvDtg\/TXPNUcdt94I\/AAAAAAAAAHQ\/jlrViIqHm-c\/s1600\/_image_th1.jpg\"><img decoding=\"async\" src=\"http:\/\/lh6.googleusercontent.com\/-_gu3nnfvDtg\/TXPNUcdt94I\/AAAAAAAAAHQ\/jlrViIqHm-c\/s1600\/_image_th1.jpg\" alt=\"\" border=\"0\" \/><\/a><\/div>\n<p><b>SANMIGUEL MATEO, Agust\u00edn<\/b>, <i>As\u00ed lo he visto<\/i>. Calatayud en la fotograf\u00eda, CEB, Calatayud, 2009, Centro de Estudios Bilbilitanos, 103, 78 p., 34 il., 21&#215;30 cm. ISBN: 978-84-9911-013-4.<\/p>\n<p>Colecci\u00f3n de fotograf\u00edas realizadas entre los a\u00f1os 1971-2005. Son, se nos dice, \u201cfotograf\u00edas de car\u00e1cter documental, donde se prescinde de lo monumental y se muestra en lo esencial el mismo aspecto. Im\u00e1genes que recuerdan el desaparecido pavimento de las aceras y que reflejan todo aquello pr\u00e1cticamente desaparecido o transformado\u201d.<\/p>\n<div class=\"item\">\n<div class=\"nom\"><strong><span class=\"ficha_txt1\">EDICI\u00d3N:<\/span><\/strong><\/div>\n<div class=\"items_block\">\n<ul>\n<li class=\"items_block_nom\"><span class=\"ficha_txt2\">Editado por:\u00a0<\/span><span class=\"normal\">IFC-CEB<\/span><\/li>\n<li class=\"items_block_nom\"><span class=\"ficha_txt2\">Edici\u00f3n:\u00a0<\/span><span class=\"normal\">79 p., il., 21&#215;30 cm, ISBN 978-84-9911-013-4<\/span><\/li>\n<li class=\"items_block_nom\"><span class=\"ficha_txt2\">A\u00f1o edici\u00f3n:\u00a0<\/span><span class=\"normal\">2009<\/span><\/li>\n<\/ul>\n<\/div>\n<\/div>\n<div class=\"item\">\n<div class=\"nom\"><strong><span class=\"ficha_txt1\">N\u00ba PUBLICACI\u00d3N:\u00a0<\/span><\/strong><span class=\"normal\">2897(IFC) &#8211; 103 (CEB)<\/span><\/div>\n<div class=\"nom\"><\/div>\n<\/div>\n<div class=\"item\">\n<div class=\"nom\"><span class=\"ficha_txt1\"><strong>PRECIO:<\/strong>\u00a0<\/span><span class=\"normal\">9,00 \u20ac<\/span><\/div>\n<div class=\"nom\"><\/div>\n<\/div>\n<div class=\"item\">\n<div class=\"nom\"><strong><span class=\"ficha_txt1\">MATERIAS:<\/span><\/strong><\/div>\n<div class=\"dat\">\n<div class=\"options2\">FOTOGRAF\u00cdA E ILUSTRACIONES<\/div>\n<\/div>\n<\/div>\n","protected":false},"excerpt":{"rendered":"<p>SANMIGUEL MATEO, Agust\u00edn, As\u00ed lo he visto. Calatayud en la fotograf\u00eda, CEB, Calatayud, 2009, Centro de Estudios Bilbilitanos, 103, 78 p., 34 il., 21&#215;30 cm. ISBN: 978-84-9911-013-4. Colecci\u00f3n de fotograf\u00edas realizadas entre los a\u00f1os 1971-2005. Son, se nos dice, \u201cfotograf\u00edas &hellip; <a href=\"http:\/\/cebilbilitanos.com\/?page_id=475\">Sigue leyendo <span class=\"meta-nav\">&rarr;<\/span><\/a><\/p>\n","protected":false},"author":1,"featured_media":0,"parent":193,"menu_order":0,"comment_status":"open","ping_status":"open","template":"","meta":[],"_links":{"self":[{"href":"http:\/\/cebilbilitanos.com\/index.php?rest_route=\/wp\/v2\/pages\/475"}],"collection":[{"href":"http:\/\/cebilbilitanos.com\/index.php?rest_route=\/wp\/v2\/pages"}],"about":[{"href":"http:\/\/cebilbilitanos.com\/index.php?rest_route=\/wp\/v2\/types\/page"}],"author":[{"embeddable":true,"href":"http:\/\/cebilbilitanos.com\/index.php?rest_route=\/wp\/v2\/users\/1"}],"replies":[{"embeddable":true,"href":"http:\/\/cebilbilitanos.com\/index.php?rest_route=%2Fwp%2Fv2%2Fcomments&post=475"}],"version-history":[{"count":3,"href":"http:\/\/cebilbilitanos.com\/index.php?rest_route=\/wp\/v2\/pages\/475\/revisions"}],"predecessor-version":[{"id":587,"href":"http:\/\/cebilbilitanos.com\/index.php?rest_route=\/wp\/v2\/pages\/475\/revisions\/587"}],"up":[{"embeddable":true,"href":"http:\/\/cebilbilitanos.com\/index.php?rest_route=\/wp\/v2\/pages\/193"}],"wp:attachment":[{"href":"http:\/\/cebilbilitanos.com\/index.php?rest_route=%2Fwp%2Fv2%2Fmedia&parent=475"}],"curies":[{"name":"wp","href":"https:\/\/api.w.org\/{rel}","templated":true}]}}