{"id":467,"date":"2015-09-13T09:13:22","date_gmt":"2015-09-13T09:13:22","guid":{"rendered":"http:\/\/cebilbilitanos.com\/?page_id=467"},"modified":"2015-09-13T18:08:28","modified_gmt":"2015-09-13T18:08:28","slug":"vii-encuentro-de-estudios-bilbilitanos-calatayud-y-comarca","status":"publish","type":"page","link":"http:\/\/cebilbilitanos.com\/?page_id=467","title":{"rendered":"VII Encuentro de Estudios Bilbilitanos, Calatayud y Comarca"},"content":{"rendered":"<div class=\"separator\" style=\"clear: both; text-align: center;\"><a style=\"clear: left; float: left; margin-bottom: 1em; margin-right: 1em;\" href=\"https:\/\/lh6.googleusercontent.com\/-Ci8c2aDkwEQ\/TXPAThUkxzI\/AAAAAAAAAHM\/LhXf3rTyABA\/s1600\/_image_th1.jpg\"><img decoding=\"async\" src=\"http:\/\/lh6.googleusercontent.com\/-Ci8c2aDkwEQ\/TXPAThUkxzI\/AAAAAAAAAHM\/LhXf3rTyABA\/s1600\/_image_th1.jpg\" alt=\"\" border=\"0\" \/><\/a><\/div>\n<p><i>VII Encuentro de Estudios Bilbilitanos, Calatayud y Comarca<\/i>, CEB, Calatayud, 2009, Centro de Estudios Bilbilitanos, 99, tomo I: 376 p., 51 il., 1 map., 17&#215;24 cm. ISBN: 978-84-9911-011-0. Tomo II: 516 p., 140 il., 2 map., 17&#215;24 cm. ISBN: 978-84-9911-012-7.<\/p>\n<p><b>TOMO I.\u00a0<\/b><\/p>\n<p>Convocatoria y programa, 4 p.<\/p>\n<p>Relaci\u00f3n de ponentes e inscritos, 4 p.<\/p>\n<p><i><b>GEOGRAF\u00cdA, ECONOM\u00cdA Y ECOLOG\u00cdA:<\/b><\/i><b>Ponencia<\/b>: \u00ab<i>Los cambios de morfolog\u00eda y funciones del Calatayud preindustrial al postindustrial<\/i>\u00ab, por <b>Vicente Bielza de Ory<\/b>, pp. 15-35. <b>(22 p., 13 il.) <\/b><\/p>\n<p><b>Comunicaciones<\/b>, pp. 37-72.<i><b><\/b><\/i><\/p>\n<p>&nbsp;<\/p>\n<ul>\n<li><b>TOBAJAS G\u00c1LLEGO, Francisco<\/b>, <i>El c\u00e1\u00f1amo en Calatayud en el siglo XVIII, los can\u00f3nigos Jos\u00e9 Sanz de Larrea y<\/i><i> Mariano Lozano Serrano (private)<\/i>, 22 p.<\/li>\n<li><b>PALLAR\u00c9S GASC\u00d3N, A., y PALOMO SEGOVIA, M.<\/b>, An\u00e1lisis geogr\u00e1fico de la comarca comunidad de Calatayud: diagn\u00f3stico y propuestas de ordenaci\u00f3n territorial, 14 p., 6 il., 1 map.<\/li>\n<\/ul>\n<p><b><i>ETNOLOG\u00cdA, FOLKLORE Y LITERATURA<\/i><\/b>.<\/p>\n<p><b>Ponencia<\/b>: \u00ab<i>Panorama de la cultura popular en la Comunidad de Calatayud<\/i>\u00ab, por <b>Jos\u00e9 \u00c1ngel Urzay Barrios<\/b>, pp. 75-100 (26 p.)<\/p>\n<p><b>Comunicaciones<\/b>: pp. 101-256.<\/p>\n<ul>\n<li><b>GALINDO ANT\u00d3N, Jos\u00e9<\/b>, <i>Los dos Ger\u00f3nimos (Xabierre y Passamonte) en Calatayud<\/i>, 8 p., 2 il.<\/li>\n<li><b>MELENDO POMARETA, Joaqu\u00edn<\/b>, <i>Un romance del siglo XVII transmitido por v\u00eda oral: el romance del Guit\u00f3n<\/i>, 12 p.<\/li>\n<li><b>ALCONCHEL PINA, M\u00aa Soledad<\/b>, <i>Los gozos como expresi\u00f3n de la religiosidad popular en la comunidad de Calatayud<\/i>, 14 p., 2 il.<\/li>\n<li><b>ALCONCHEL PINA, M\u00aa Soledad<\/b>, <i>Las rogativas para pedir agua en la comunidad de Calatayud en la tradici\u00f3n oral<\/i>, 10 p.<\/li>\n<li><b>CASADO L\u00d3PEZ, Manuel<\/b>, <i>Las torres y los torreros de Calatayud<\/i>, 20 p., 2 il., 1 map.<\/li>\n<li><b>TOBAJAS G\u00c1LLEGO, Francisco<\/b>, <i>Faustino Sancho y Gil y Mariano Cavia<\/i>, 10 p.<\/li>\n<li><b>TOBAJAS G\u00c1LLEGO, Francisco<\/b>, <i>Faustino Sancho y Gil y el colegio de Valldem\u00eda<\/i>, 8 p.<\/li>\n<li><b>TOBAJAS G\u00c1LLEGO, Francisco<\/b>, <i>Homenaje del Ateneo de Zaragoza a Faustino Sancho y Gil en 1898<\/i>, 16 p.<\/li>\n<li><b>TOBAJAS G\u00c1LLEGO, Francisco<\/b>, <i>Faustino Sancho y Gil y la academia matritense de jurisprudencia y legislaci\u00f3n<\/i>, 10 p.<\/li>\n<li><b>AGUAVIVA GRACIA, Jes\u00fas<\/b>, <i>Percepci\u00f3n del personaje femenino en la novela corta de Juan Jos\u00e9 Lorente<\/i>, 12 p.<\/li>\n<li><b>S\u00c1NCHEZ PORTERO, Antonio<\/b>, <i>Curiosidades en torno al \u00abQuijote de Cervantes\u00bb<\/i>, 10 p.<\/li>\n<li><b>S\u00c1NCHEZ PORTERO, Antonio<\/b>, <i>El aragon\u00e9s Jer\u00f3nimo de Pasamonte no puede ser el autor del \u00abQuijote\u00bb ap\u00f3crifo<\/i>, 12 p.<\/li>\n<li><b>S\u00c1NCHEZ PORTERO, Antonio<\/b>, <i>El poeta bilbilitano Pedro Li\u00f1\u00e1n de Riaza escribi\u00f3 el \u00abQuijote\u00bb deAvellaneda<\/i>, 14 p.<\/li>\n<\/ul>\n<p><i><b>ANTIG\u00dcEDAD.\u00a0<\/b><\/i><\/p>\n<p><b>Ponencia<\/b>: \u00ab<i>El patrimonio arqueol\u00f3gico bilbilitano en el 2006<\/i>\u00ab, por <b>Manuel Mart\u00edn-Bueno y Carlos S\u00e1enz Preciado<\/b>, pp. 259-268. (10 p., 4 il.)<\/p>\n<p><b>Comunicaciones<\/b>, pp. 269-365<\/p>\n<ul>\n<li><b>MONTERO C\u00d3RDOBA, \u00c1ngel<\/b>, <i>Aproximaci\u00f3n al significado de la inscripci\u00f3n en piedra encontrada en Bilbilis en 1580 (\u00abBilbilis E-1\u00bb)<\/i>, 10 p.<\/li>\n<li><b>L\u00d3PEZ MART\u00cdNEZ, Julia, y MART\u00cdN-BUENO, Manuel<\/b>, <i>La pintura en el \u00e1mbito dom\u00e9stico de \u00abBilbilis\u00bb: Un conjunto del III estilo Pompeyano<\/i>, 16 p., 8 il.<\/li>\n<li><b>REKLAITYLE, Ieva<\/b>, <i>Los objetos de la higiene personal a trav\u00e9s de los epigramas de Marcial<\/i>, 14 p.<\/li>\n<li><b>URIBE AGUDO, Paula<\/b>, <i>Unamirada cr\u00edtica: casa y vecinos en tiempo de Marcial<\/i>, 14 p.<\/li>\n<li><b>MILL\u00c1N GIL, Juli\u00e1n, y REY LANASPA, Javier<\/b>, <i>Prospecciones arqueol\u00f3gicas en la comarca del Aranda<\/i>, 28 p.<\/li>\n<li><b>SEVILLA CONDE, Alberto<\/b>, <i>Trabajos arqueol\u00f3gicos y de restauraci\u00f3n de la Escuela Taller de Restauraci\u00f3n de Arag\u00f3n en la ciudad romana de B\u00edlbilis<\/i>, 16 p.. 12 il.<\/li>\n<\/ul>\n<p><b>TOMO II.\u00a0<\/b><\/p>\n<p><i><b>HISTORIA<\/b>.<\/i><\/p>\n<p><b>Ponencia<\/b>: \u00ab<i>La comunidad de aldeas de Calatayud en los siglos XIII al XV<\/i>\u00ab, por <b>Jos\u00e9 Luis Corral Lafuente<\/b>, p. 9-30. Comunicaciones, pp. 31-352. (22 p.)<\/p>\n<p><b>Comunicaciones:<\/b><\/p>\n<ul>\n<li><b>L\u00d3PEZ ASENSIO, \u00c1lvaro<\/b>, <i>Las ordenaciones del concejo de Villalba de Perejiles de 1655<\/i>, 32 p.<\/li>\n<li><b>FUENTE COBOS, Concepci\u00f3n de la<\/b>, <i>Algunas cofrad\u00edas bilbilitanas de oficio en la Edad Media<\/i>, 12 p.<\/li>\n<li><b>RODR\u00cdGUEZ LAJUSTICIA, Francisco Saulo<\/b>, <i>El convento de Santa Clara de Calatayud en el siglo XIV: nuevos aportes documentales para su estudio<\/i>, 10 p.<\/li>\n<li><b>RODR\u00cdGUEZ GARC\u00cdA, Jos\u00e9 Carlos<\/b>, <i>El testamento de Don Pedro Mart\u00ednez de Luna, bilbilitano, caballero noble del Reino de Arag\u00f3n<\/i>, 24 p.<\/li>\n<li><b>LAFUENTE G\u00d3MEZ, Mario<\/b>, <i>La crisis del siglo XIV en Calatayud y sus aldeas: el factor de la guerra<\/i>, 14 p.<\/li>\n<li><b>MART\u00cdNEZ GARC\u00cdA, Francisco Jos\u00e9<\/b>, <i>La dictadura de Primo de Rivera en Ateca<\/i>, 16 p., 5 il. <b>\u00a0<\/b><\/li>\n<li><b>MART\u00cdNEZ GARC\u00cdA, Francisco Jos\u00e9<\/b>, <i>La Segunda Rep\u00fablica en Ateca. El bienio reformador o la ilusi\u00f3n por un nuevo r\u00e9gimen pol\u00edtico (1931-1933)<\/i>, 18 p., 6 il.<\/li>\n<li><b>MART\u00cdNEZ GARC\u00cdA, Francisco Jos\u00e9<\/b>, <i>Ateca durante la Segunda Rep\u00fablica. El bienio restaurador o el ocaso del tricolor (1934-1946)<\/i>, 14 p., 2 il.<\/li>\n<li><b>MART\u00cdNEZ GARC\u00cdA, Francisco Jos\u00e9<\/b>, <i>Fundaci\u00f3n en Ateca del semanario republicano \u00abLa Democracia\u00bb<\/i>, 16 p., 6 il.<\/li>\n<li><b>MART\u00cdNEZ GARC\u00cdA, Francisco Jos\u00e9<\/b>, <i>Ateca despu\u00e9s del 18 de julio de 1936<\/i>, 18 p.<\/li>\n<li><b>MART\u00cdNEZ GARC\u00cdA, Francisco Jos\u00e9; CEBOLLA BERLANGA, Jos\u00e9 L., y RUIZ Y RUIZ, Javier<\/b>, <i>Excavaciones arqueol\u00f3gicas en Alcocer (La Mora Encantada, Ateca)<\/i>, 8 p., 8 il.<\/li>\n<li><b>SIM\u00d3N P\u00c9REZ, C\u00e9sar<\/b>, <i>El Cristo de Ribota<\/i>, 20 p., 22 il.<\/li>\n<li><b>MELENDO POMARETA, Joaqu\u00edn<\/b>, <i>El castillo de Somet y la uni\u00f3n (1265-1348)<\/i>, 36 p., 2 il., 2 map.<\/li>\n<li><b>MELENDO POMARETA, Joaqu\u00edn<\/b>, <i>El mercedario fray Juan de Molina y Entrena (Carenas, 1576-Zaragoza, 1652)<\/i>, 16 p., 1 il.<\/li>\n<li><b>MELENDO POMARETA, Joaqu\u00edn<\/b>, <i>La granja de San Vicente de Cebamanos de Calatayud<\/i>, 10 p.<\/li>\n<li><b>BLASCO S\u00c1NCHEZ, Jes\u00fas<\/b>, <i>La se\u00f1or\u00eda de Terrer: propiedades a mediado del siglo XVII,<\/i> 16 p.<\/li>\n<li><b>BLASCO S\u00c1NCHEZ, Jes\u00fas<\/b>, <i>Fundaci\u00f3n del consejo de Mesta de ganaderos y colmeneros de Ateca, 1654<\/i>, 20 p.<\/li>\n<li><b>SEBASTI\u00c1N FRANCO, Cristina<\/b>, <i>Historia social de los mercaderes de Calatayud en el siglo XV<\/i>, 12 p.<\/li>\n<li><b>BARRIO MOYA, Jos\u00e9 Luis<\/b>, <i>Don Gaspar Vicente de Vera, un bilbilitano en el Madrid de Carlos II y Felipe V y su carta de dote (1701)<\/i>, 10 p.<\/li>\n<\/ul>\n<p><b><i>ARTE<\/i><\/b>.<\/p>\n<p><b>Ponencia<\/b>: \u00ab<i>Las artes pl\u00e1sticas del Renacimiento en la comarca de la Comunidad de Calatayud<\/i>\u00ab, por <b>Jes\u00fas Criado Mainar<\/b>, pp. 355-361. (8 p:)<\/p>\n<p><b>Comunicaciones<\/b>, pp. 363-508.<\/p>\n<ul>\n<li><b>BORR\u00c1S GUALIS, Gonzalo M<\/b>., <i>El claustro y la torre octogonal mud\u00e9jares de la colegiata de Santa Mar\u00eda de Calatayud: nuevas perspectivas<\/i>, 6 p.<\/li>\n<li><b>SANMIGUEL MATEO, Agust\u00edn, y P\u00c9TRIZ ASO, Ana Isabel<\/b>, <i>Dos portadas mud\u00e9jares poco conocidas: la Vilue\u00f1a y Ruesca<\/i>, 4 p., 2 il.<\/li>\n<li><b>SANMIGUEL MATEO, Agust\u00edn, y P\u00c9TRIZ ASO, Ana Isabel<\/b>, <i>Un medall\u00f3n mud\u00e9jar y una m\u00e9nsula g\u00f3tica en el palacio de Arlueta en Calatayud<\/i>, 6 p., 9 il.<\/li>\n<li><b>ALEGRE ARBU\u00c9S, Jes\u00fas Fernando<\/b>, <i>Las f\u00e1bricas medievales del convento del Santo Sepulcro de Calatayud. Interpretaci\u00f3n a partir de su levantamiento planim\u00e9trico y an\u00e1lisis constructivo<\/i>, 18 p., 25 il.<\/li>\n<li><b>ALEGRE ARBU\u00c9S, Jes\u00fas Fernando<\/b>, <i>Vestigios de casas medievales en Mun\u00e9brega. La evoluci\u00f3n hist\u00f3rica de la Casa del Solanar<\/i>, 14 p., 16 il.<\/li>\n<li><b>SANMIGUEL MATEO, Agust\u00edn, y P\u00c9TRIZ ASO, Ana Isabel<\/b>, <i>Un alfarje mud\u00e9jar en la plaza de San Torcuato de Calatayud<\/i>, 6 p., 5 il.<\/li>\n<li><b>MA\u00d1A BALLEST\u00cdN, Fabi\u00e1n<\/b>, <i>El ministerio Dubio de Cimballa (Zaragoza) y el monasterio de Piedra<\/i>, 16 p., 9 il.<\/li>\n<li><b>ACERETE TEJERO, Jos\u00e9 Miguel<\/b>, <i>Documentos para la historia del arte del siglo XV en la comarca de Calatayud<\/i>, 36 p.<\/li>\n<li><b>BLASCO S\u00c1NCHEZ, Jes\u00fas<\/b>, <i>Capitulaciones para construcci\u00f3n de la iglesia de San Miguel de Sabi\u00f1\u00e1n<\/i>, 4 p.<\/li>\n<li><b>CARRETERO CALVO, Rebeca; SANMIGUEL MATEO, Agust\u00edn, y P\u00c9TRIZ ASO, Ana Isabel<\/b>, <i>El arquitecto Fr. Alberto de la Madre de Dios en Calatayud. El convento de Carmelitas Descalzos de San Jos\u00e9 (1599-1999)<\/i>, 20 p., 8 il.<\/li>\n<li><b>MELENDO POMARETA, Joaqu\u00edn<\/b>, <i>Sobre dos retablos de la ermita de la Virgen de Jaraba<\/i>, 6 p., 6 il.<\/li>\n<li><b>IB\u00c1\u00d1EZ FERN\u00c1NDEZ, Javier<\/b>, <i>Nuevas pinturas de escuela toledana en la comarca de Calatayud<\/i>, 10 p., 8 il.<\/li>\n<\/ul>\n<p><span class=\"ficha_txt1\"><strong>AUTOR:<\/strong>\u00a0<\/span>VV.AA.<\/p>\n<p><strong>NOTAS:\u00a0<\/strong>Celebrado en Calatayud, los d\u00edas 28, 29 y 30 de abril de 2006<\/p>\n<p><strong>EDICI\u00d3N:<\/strong><\/p>\n<ul>\n<li>Editado por:\u00a0IFC-CEB<\/li>\n<li>Edici\u00f3n:\u00a0Tomo I: 372 p., il., 17&#215;24 cm, ISBN 978-84-9911-011-0. Tomo II: 514 p., il., 17&#215;24 cm, ISBN 978-84-9911-012-7. ISNBN obra completa 978-84-9911-010-3<\/li>\n<li>A\u00f1o edici\u00f3n:\u00a02009<\/li>\n<\/ul>\n<p><strong>N\u00ba PUBLICACI\u00d3N:<\/strong>\u00a02895\u00a0 (IFC) &#8211; 99\u00a0(CEB)<\/p>\n<p><strong>PRECIO:\u00a0<\/strong>Agotado<\/p>\n<p><strong>MATERIAS:<br \/>\n<\/strong>ESTUDIOS LOCALES Y COMARCALES &gt; Calatayud<br \/>\nGEOGRAF\u00cdA, ECONOM\u00cdA Y ECOLOG\u00cdA<br \/>\nETNOLOG\u00cdA, FOLKLORE Y LITERATURA<br \/>\nHISTORIA, ARTE<\/p>\n","protected":false},"excerpt":{"rendered":"<p>VII Encuentro de Estudios Bilbilitanos, Calatayud y Comarca, CEB, Calatayud, 2009, Centro de Estudios Bilbilitanos, 99, tomo I: 376 p., 51 il., 1 map., 17&#215;24 cm. ISBN: 978-84-9911-011-0. Tomo II: 516 p., 140 il., 2 map., 17&#215;24 cm. ISBN: 978-84-9911-012-7. &hellip; <a href=\"http:\/\/cebilbilitanos.com\/?page_id=467\">Sigue leyendo <span class=\"meta-nav\">&rarr;<\/span><\/a><\/p>\n","protected":false},"author":1,"featured_media":0,"parent":193,"menu_order":0,"comment_status":"open","ping_status":"open","template":"","meta":[],"_links":{"self":[{"href":"http:\/\/cebilbilitanos.com\/index.php?rest_route=\/wp\/v2\/pages\/467"}],"collection":[{"href":"http:\/\/cebilbilitanos.com\/index.php?rest_route=\/wp\/v2\/pages"}],"about":[{"href":"http:\/\/cebilbilitanos.com\/index.php?rest_route=\/wp\/v2\/types\/page"}],"author":[{"embeddable":true,"href":"http:\/\/cebilbilitanos.com\/index.php?rest_route=\/wp\/v2\/users\/1"}],"replies":[{"embeddable":true,"href":"http:\/\/cebilbilitanos.com\/index.php?rest_route=%2Fwp%2Fv2%2Fcomments&post=467"}],"version-history":[{"count":2,"href":"http:\/\/cebilbilitanos.com\/index.php?rest_route=\/wp\/v2\/pages\/467\/revisions"}],"predecessor-version":[{"id":710,"href":"http:\/\/cebilbilitanos.com\/index.php?rest_route=\/wp\/v2\/pages\/467\/revisions\/710"}],"up":[{"embeddable":true,"href":"http:\/\/cebilbilitanos.com\/index.php?rest_route=\/wp\/v2\/pages\/193"}],"wp:attachment":[{"href":"http:\/\/cebilbilitanos.com\/index.php?rest_route=%2Fwp%2Fv2%2Fmedia&parent=467"}],"curies":[{"name":"wp","href":"https:\/\/api.w.org\/{rel}","templated":true}]}}