{"id":401,"date":"2015-09-13T07:36:10","date_gmt":"2015-09-13T07:36:10","guid":{"rendered":"http:\/\/cebilbilitanos.com\/?page_id=401"},"modified":"2015-09-13T18:06:35","modified_gmt":"2015-09-13T18:06:35","slug":"v-encuentro-de-estudios-bilbilitanos","status":"publish","type":"page","link":"http:\/\/cebilbilitanos.com\/?page_id=401","title":{"rendered":"V Encuentro de Estudios Bilbilitanos"},"content":{"rendered":"<p><a href=\"http:\/\/cebilbilitanos.com\/wp-content\/uploads\/2015\/09\/image_th1-13.jpg\"><img decoding=\"async\" loading=\"lazy\" class=\"aligncenter size-full wp-image-402\" src=\"http:\/\/cebilbilitanos.com\/wp-content\/uploads\/2015\/09\/image_th1-13.jpg\" alt=\"_image_th1 (13)\" width=\"180\" height=\"250\" \/><\/a><\/p>\n<p><i>V Encuentro de Estudios Bilbilitanos<\/i>. Actas. Geograf\u00eda, Econom\u00eda y Ecolog\u00eda. Literatura, Etnolog\u00eda y Folklore. Arqueolog\u00eda. Historia. Arte, CEB, Calatayud, 2000, Centro de Estudios Bilbilitanos, 68, 444 p., 35 il., 1 mapa, 17&#215;24 cm. ISBN: 84-7820-590-X.<\/p>\n<p><b>\u00cdndice<\/b>:<\/p>\n<ul>\n<li><b>BIELZA DE ORY, Vicente<\/b>, <i>Estrategias y problemas de la localizaci\u00f3n bilbilitana<\/i>, 10 p.<\/li>\n<li><b>BELTR\u00c1N MART\u00cdNEZ, Antonio<\/b>, <i>La Semana Santa de Calatayud en relaci\u00f3n con la aragonesa<\/i>, 14 p.<\/li>\n<li><b>MU\u00d1OZ JIM\u00c9NEZ, Isabel<\/b>, <i>Calatayud en el Passo Honrroso<\/i>, 11 p.<\/li>\n<li><b>L\u00d3PEZ SAMPEDRO, Julio Antonio<\/b>, <i>Refranes y dichos de Calatayud<\/i>, 8 p.,<\/li>\n<li><b>AGUAVIVA GRACIA, Jes\u00fas<\/b>, <i>Notas sobre una investigaci\u00f3n del cuento oral en la comarca bilbilitana<\/i>, 9 p.<\/li>\n<li><b>AGUAVIVA GRACIA, Jes\u00fas<\/b>, <i>Sociolog\u00eda y apodos en los cuentos \u00abLas caracolas\u00bb, de Juan Blas y Ubide<\/i>, 8 p.<\/li>\n<li><b>TOBAJAS GALLEGO, Francisco<\/b>,<i> Faustino Sancho y Gil, V\u00edctor Balaguer y los Juegos Florales de Calatayud de 1896<\/i>, 15 p., 4 il.<\/li>\n<li><b>MART\u00cdN-BUENO, Manuel<\/b>, <i>El mundo antiguo y el patrimonio: nuevas aportaciones<\/i>, 10 p.<\/li>\n<li><b>S\u00c1ENZ PRECIADO, J. Carlos<\/b>, <i>Nuevas formas de \u00abterra sigillata\u00bb hisp\u00e1nica aparecidas en B\u00edlbilis (Calatayud, Zaragoza)<\/i>, 12 p., 1 il.<\/li>\n<li><b>MELENDO POMARETA, Joaqu\u00edn<\/b>, <i>Nuevas aportaciones sobre el complejo defensivo de Somet<\/i>, 16 p., 2 il.<\/li>\n<li><b>SARASA S\u00c1NCHEZ, Esteban<\/b>, <i>El Libro-Registro del monedaje del a\u00f1o 1349. Una fuente para<\/i><i>el estudio de la ciudad de Calatayud a mediados del siglo XIV<\/i>, 36 p.<\/li>\n<li><b>CUELLA ESTEBAN, Ovidio<\/b>, <i>Las \u00d3rdenes Militares bilbilitanas durante el pontificado del papa Luna<\/i>, 18 p.<\/li>\n<li><b>MELENDO POMARETA, Joaqu\u00edn<\/b>, <i>Un castillo desconocido: el castillo de Carenas<\/i>, 12 p., 3 il.<\/li>\n<li><b>ZAPATER\u00cdA GUADALQUIVIR, Sergio<\/b>, <i>Fernando de Guanarteme y Calatayud,<\/i> 11 p., 4 il., 1 mapa.<\/li>\n<li><b>RUBIO SEMPER, Agust\u00edn<\/b>, <i>Morir en Maluenda (1471-1494)<\/i>, 6 p.<\/li>\n<li><b>RUBIO SEMPER, Agust\u00edn<\/b>, <i>Nuevas aportaciones al estudio de los cl\u00e9rigos de Ateca<\/i>, 8 p.<\/li>\n<li><b>SANG\u00dcESA GARC\u00c9S, Antonio; IBARRA CASTELLANO, Isabel; URZAY BARRIOS, Jos\u00e9 \u00c1ngel<\/b>, <i>La plaza del Mercado de Calatayud que pudo ver Graci\u00e1n<\/i>, 8 p.<\/li>\n<li><b>SANG\u00dcESA GARC\u00c9S, Antonio; IBARRA CASTELLANO, Isabel; URZAY BARRIOS, Jos\u00e9 \u00c1ngel<\/b>, <i>Ministros de la Inquisici\u00f3n en Calatayud en el tr\u00e1nsito al siglo XVII (1585-1601)<\/i>, 12 p.<\/li>\n<li><b>IBARRA CASTELLANO, Isabel; SANG\u00dcESA GARC\u00c9S, Antonio; URZAY BARRIOS, Jos\u00e9 \u00c1ngel<\/b>, <i>La primitiva fuente de Calatayud y sus emplazamientos sucesivos<\/i>, 5 p.<\/li>\n<li><b>IBARRA CASTELLANO, Isabel; SANG\u00dcESA GARC\u00c9S, Antonio; URZAY BARRIOS, Jos\u00e9 \u00c1ngel<\/b>, <i>La vivienda en el marco de la estructura urbana de Calatayud en torno a 1600<\/i>, 10 p.<\/li>\n<li><b>URZAY BARRIOS, Jos\u00e9 \u00c1ngel; IBARRA CASTELLANO, Isabel; SANG\u00dcESA GARC\u00c9S,<\/b>Antonio, El Estudio Mayor de Calatayud: su ubicaci\u00f3n y gesti\u00f3n a lo<i> largo de su historia<\/i>, 8 p.<\/li>\n<li><b>URZAY BARRIOS, Jos\u00e9 \u00c1ngel; IBARRA CASTELLANO, Isabel; SANG\u00dcESA GARC\u00c9S, Antonio<\/b>, <i>El Camino Real de Madrid a Zaragoza a su paso por Calatayud en el \u00faltimo tercio del siglo XVI<\/i>, 8 p.<\/li>\n<li><b>LA FUENTE COBOS, Concepci\u00f3n de<\/b>,<i> Las se\u00f1or\u00edas de Terrer y Sabi\u00f1\u00e1n en el siglo XVII<\/i>, 9 p.<\/li>\n<li><b>S\u00c1NCHEZ MOLLEDO, Jos\u00e9 M.\u00aa<\/b>, <i>La Comunidad de Calatayud en la segunda mitad del siglo XVII: las Ordinaciones de 1588<\/i>, 11 p., 2 il.<\/li>\n<li><b>S\u00c1NCHEZ MOLLEDO, Jos\u00e9 M.\u00aa<\/b>, <i>Antonio Cubero y Sebasti\u00e1n: un economista bilbilitano del siglo XVII<\/i>, 10 p., 3 il.<\/li>\n<li><b>MART\u00cdNEZ ERASO, Juan Cruz; GALINDO ANT\u00d3N, Jos\u00e9<\/b>, <i>Las enfermedades del obispo Cerbuna<\/i>, 10 p., 8 il.<\/li>\n<li><b>S\u00c1NCHEZ MOLLEDO, Jos\u00e9 M.\u00aa<\/b>, <i>La Comunidad de Calatayud en la \u00e9poca de la Ilustraci\u00f3n: el<\/i><i>manuscrito de don Miguel de Monterde<\/i>, 9 p., 1 il.<\/li>\n<li><b>GALINDO ANT\u00d3N, Jos\u00e9<\/b>,<i> La plaza de novillos de Cantarranas<\/i>, 3 p.<\/li>\n<li><b>GALINDO ANT\u00d3N, Jos\u00e9<\/b>, <i>Teatros bilbilitanos del siglo XIX<\/i>, 3 p.<\/li>\n<li><b>GALINDO ANT\u00d3N, Jos\u00e9<\/b>,<i> La banda concejil de Calatayud<\/i>, 10 p., 7 il.<\/li>\n<li><b>LACARRA DUCAY, M.\u00aa Carmen<\/b>, <i>La pintura g\u00f3tica en Calatayud y su Comunidad: nuevas<\/i><i>perspectivas<\/i>, 9 p.<\/li>\n<li><b>SANMIGUEL MATEO, Agust\u00edn<\/b>, <i>La decoraci\u00f3n de lazo en torres salyuqu\u00edes y aragonesa<\/i>s, 15 p., 9 il.<\/li>\n<li><b>SANMIGUEL MATEO, Agust\u00edn; P\u00c9TRIZ ASO, Ana Isabel<\/b>, <i>Una b\u00f3veda de lazo barr\u00f3co-mud\u00e9jar oculta en la iglesia de Mun\u00e9brega<\/i>, 8 p., 4 il.<\/li>\n<li><b>SANMIGUEL MATEO, Agust\u00edn; P\u00c9TRIZ ASO, Ana Isabel<\/b>, <i>Atifles para sujeci\u00f3n de azulejos en Morata de Jiloca<\/i>, 15 p., 10 il.<\/li>\n<li><b>MELENDO POMARETA, Joaqu\u00edn<\/b>, <i>Las pinturas g\u00f3ticas de Carenas<\/i>, 8 p., 2 il.<\/li>\n<li><b>HERRERO G\u00d3MEZ, Javier<\/b>, <i>El escultor bilbilitano Ignacio Ib\u00e1\u00f1ez y su<\/i><i> obra en la provincia de Soria<\/i>, 5 p.<\/li>\n<li><b>ZAPATER\u00cdA GUADALQUIVIR, Sergio<\/b>, <i>La obra de Pablo Remacha en Per\u00fa<\/i>, 14 p., 6 il.<\/li>\n<li><b>L\u00d3PEZ ASENSIO, \u00c1lvaro<\/b>, <i>Varios \u00f3rganos del siglo XV en Calatayud,<\/i> 4 p.<\/li>\n<li><b>L\u00d3PEZ ASENSIO, \u00c1lvaro<\/b>, <i>La rehabilitaci\u00f3n de la iglesia de Hu\u00e9rmeda en 1496<\/i>, 2 p.<\/li>\n<\/ul>\n<div class=\"item\">\n<div class=\"nom\"><span class=\"ficha_txt1\"><strong>AUTOR:<\/strong>\u00a0<\/span>VV.AA.<\/div>\n<div class=\"nom\"><\/div>\n<\/div>\n<div class=\"item\"><\/div>\n<div class=\"item\">\n<div class=\"nom\"><strong><span class=\"ficha_txt1\">EDICI\u00d3N:\u00a0<\/span><\/strong><\/div>\n<ul>\n<li class=\"nom\">Editado por: IFC-CEB<\/li>\n<li class=\"items_block\">\n<div class=\"items_block_nom\"><span class=\"ficha_txt2\">Edici\u00f3n:\u00a0<\/span><span class=\"normal\">444 p., 35 il., 1 mapa, 17&#215;24 cm, ISBN 84-7820-590-X<\/span><\/div>\n<\/li>\n<li class=\"items_block\">\n<div class=\"items_block_nom\"><span class=\"ficha_txt2\">A\u00f1o edici\u00f3n:\u00a0<\/span><span class=\"normal\">2000<\/span><\/div>\n<\/li>\n<\/ul>\n<\/div>\n<div class=\"item\">\n<div class=\"nom\"><span class=\"ficha_txt1\"><strong>COLECCI\u00d3N:<\/strong>\u00a0<\/span><span class=\"normal\">Centro de Estudios Bilbilitanos<\/span><\/div>\n<div class=\"nom\"><\/div>\n<\/div>\n<div class=\"item\">\n<div class=\"nom\"><strong><span class=\"ficha_txt1\">N\u00ba PUBLICACI\u00d3N:\u00a0<\/span><\/strong><span class=\"normal\">2159 (IFC) &#8211; 68\u00a0(CEB)<\/span><\/div>\n<div class=\"nom\"><\/div>\n<\/div>\n<div class=\"item\">\n<div class=\"nom\"><strong><span class=\"ficha_txt1\">PRECIO:\u00a0<\/span><\/strong><span class=\"normal\">15,00 \u20ac<\/span><\/div>\n<div class=\"nom\"><\/div>\n<\/div>\n<div class=\"item\">\n<div class=\"nom\"><strong><span class=\"ficha_txt1\">MATERIAS:<\/span><\/strong><\/div>\n<div class=\"dat\">\n<div class=\"options2\">ESTUDIOS LOCALES Y COMARCALES &gt; Calatayud<\/div>\n<div class=\"options2\">Geograf\u00eda, Econom\u00eda y Ecolog\u00eda. Literatura, Etnolog\u00eda y Folklore. Arqueolog\u00eda. Historia. Arte<\/div>\n<\/div>\n<\/div>\n","protected":false},"excerpt":{"rendered":"<p>V Encuentro de Estudios Bilbilitanos. Actas. Geograf\u00eda, Econom\u00eda y Ecolog\u00eda. Literatura, Etnolog\u00eda y Folklore. Arqueolog\u00eda. Historia. Arte, CEB, Calatayud, 2000, Centro de Estudios Bilbilitanos, 68, 444 p., 35 il., 1 mapa, 17&#215;24 cm. ISBN: 84-7820-590-X. \u00cdndice: BIELZA DE ORY, Vicente, &hellip; <a href=\"http:\/\/cebilbilitanos.com\/?page_id=401\">Sigue leyendo <span class=\"meta-nav\">&rarr;<\/span><\/a><\/p>\n","protected":false},"author":1,"featured_media":0,"parent":193,"menu_order":0,"comment_status":"open","ping_status":"open","template":"","meta":[],"_links":{"self":[{"href":"http:\/\/cebilbilitanos.com\/index.php?rest_route=\/wp\/v2\/pages\/401"}],"collection":[{"href":"http:\/\/cebilbilitanos.com\/index.php?rest_route=\/wp\/v2\/pages"}],"about":[{"href":"http:\/\/cebilbilitanos.com\/index.php?rest_route=\/wp\/v2\/types\/page"}],"author":[{"embeddable":true,"href":"http:\/\/cebilbilitanos.com\/index.php?rest_route=\/wp\/v2\/users\/1"}],"replies":[{"embeddable":true,"href":"http:\/\/cebilbilitanos.com\/index.php?rest_route=%2Fwp%2Fv2%2Fcomments&post=401"}],"version-history":[{"count":2,"href":"http:\/\/cebilbilitanos.com\/index.php?rest_route=\/wp\/v2\/pages\/401\/revisions"}],"predecessor-version":[{"id":707,"href":"http:\/\/cebilbilitanos.com\/index.php?rest_route=\/wp\/v2\/pages\/401\/revisions\/707"}],"up":[{"embeddable":true,"href":"http:\/\/cebilbilitanos.com\/index.php?rest_route=\/wp\/v2\/pages\/193"}],"wp:attachment":[{"href":"http:\/\/cebilbilitanos.com\/index.php?rest_route=%2Fwp%2Fv2%2Fmedia&parent=401"}],"curies":[{"name":"wp","href":"https:\/\/api.w.org\/{rel}","templated":true}]}}