{"id":399,"date":"2015-09-13T07:31:42","date_gmt":"2015-09-13T07:31:42","guid":{"rendered":"http:\/\/cebilbilitanos.com\/?page_id=399"},"modified":"2015-09-13T16:52:31","modified_gmt":"2015-09-13T16:52:31","slug":"calatayud-imagenes-y-suenos","status":"publish","type":"page","link":"http:\/\/cebilbilitanos.com\/?page_id=399","title":{"rendered":"Calatayud, im\u00e1genes y sue\u00f1os"},"content":{"rendered":"<div class=\"separator\" style=\"clear: both; text-align: center;\"><a style=\"clear: left; float: left; margin-bottom: 1em; margin-right: 1em;\" href=\"https:\/\/lh4.googleusercontent.com\/-RBMVDnWXGXo\/TXLj0TFw6-I\/AAAAAAAAAFg\/17ftIkKVEp4\/s1600\/_image_th1.jpg\"><img decoding=\"async\" loading=\"lazy\" src=\"http:\/\/lh4.googleusercontent.com\/-RBMVDnWXGXo\/TXLj0TFw6-I\/AAAAAAAAAFg\/17ftIkKVEp4\/s320\/_image_th1.jpg\" alt=\"\" width=\"216\" height=\"320\" border=\"0\" \/><\/a><\/div>\n<p><b>VER\u00d3N GORMAZ, Jos\u00e9<\/b>, <i>Calatayud, im\u00e1genes y sue\u00f1os<\/i>, presentaci\u00f3n de Agust\u00edn Sanmiguel Mateo; pr\u00f3logo de Luis J. Garc\u00eda Bandr\u00e9s, CEB, Calatayud, 2000, Centro de Estudios Bilbilitanos, 67, 76 p., 32 il. en color, 21&#215;30 cm. ISBN: 84-7820-586-1.<\/p>\n<p><b>Resumen<\/b>: Desde que la fotograf\u00eda lleg\u00f3 a estas tierras, Calatayud ha contado con numerosos y buenos fot\u00f3grafos, tanto profesionales como aficionados. Pero ha sido en los \u00faltimos lustros en los que ha surgido la que podr\u00edamos llamar \u00abnueva generaci\u00f3n\u00bb de fot\u00f3grafos bilbilitanos, que, a diferencia de los antiguos, ha querido dar a conocer su obra mediante exposiciones y concursos. Por todo ello el Centro de Estudios Bilbilitanos ha pensado en crear una colecci\u00f3n donde, en cada uno de sus vol\u00famenes, todos con id\u00e9ntico formato, se expondr\u00e1 c\u00f3mo han visto Calataud sus diferentes fot\u00f3grafos, tanto actuales como ya desaparecidos.<\/p>\n<div class=\"item\">\n<div class=\"nom\"><span class=\"ficha_txt1\"><strong>NOTAS:<\/strong>\u00a0<\/span><span class=\"normal\">Presentaci\u00f3n de Agust\u00edn Sanmiguel Mateo. Pr\u00f3logo de Luis J. Garc\u00eda Bandr\u00e9s.<\/span><\/div>\n<div class=\"nom\"><\/div>\n<\/div>\n<div class=\"item\">\n<div class=\"nom\"><strong><span class=\"ficha_txt1\">EDICI\u00d3N:\u00a0<\/span><\/strong><\/div>\n<ul>\n<li class=\"nom\">Editado por: IFC-CEB<\/li>\n<li class=\"items_block\">\n<div class=\"items_block_nom\"><span class=\"ficha_txt2\">Edici\u00f3n:\u00a0<\/span><span class=\"normal\">76 p., 32 il. en color, 21&#215;30 cm, ISBN 84-7820-586-1<\/span><\/div>\n<\/li>\n<li class=\"items_block\">\n<div class=\"items_block_nom\"><span class=\"ficha_txt2\">A\u00f1o edici\u00f3n:\u00a0<\/span><span class=\"normal\">2000<\/span><\/div>\n<\/li>\n<\/ul>\n<\/div>\n<div class=\"item\">\n<div class=\"nom\"><span class=\"ficha_txt1\"><strong>COLECCI\u00d3N:<\/strong>\u00a0<\/span><span class=\"normal\">Centro de Estudios Bilbilitanos<\/span><\/div>\n<div class=\"nom\"><\/div>\n<\/div>\n<div class=\"item\">\n<div class=\"nom\"><span class=\"ficha_txt1\"><strong>N\u00ba PUBLICACI\u00d3N:<\/strong>\u00a0<\/span><span class=\"normal\">2150 (IFC) &#8211; 67\u00a0(CEB)<\/span><\/div>\n<div class=\"nom\"><\/div>\n<\/div>\n<div class=\"item\">\n<div class=\"nom\"><span class=\"ficha_txt1\"><strong>PRECIO:<\/strong>\u00a0<\/span><span class=\"normal\">9,00 \u20ac<\/span><\/div>\n<div class=\"nom\"><\/div>\n<\/div>\n<div class=\"item\">\n<div class=\"nom\"><strong><span class=\"ficha_txt1\">MATERIAS:<\/span><\/strong><\/div>\n<div class=\"dat\">\n<div class=\"options2\">FOTOGRAF\u00cdA E ILUSTRACIONES<\/div>\n<div class=\"options2\">ESTUDIOS LOCALES Y COMARCALES &gt; Calatayud<\/div>\n<\/div>\n<\/div>\n","protected":false},"excerpt":{"rendered":"<p>VER\u00d3N GORMAZ, Jos\u00e9, Calatayud, im\u00e1genes y sue\u00f1os, presentaci\u00f3n de Agust\u00edn Sanmiguel Mateo; pr\u00f3logo de Luis J. Garc\u00eda Bandr\u00e9s, CEB, Calatayud, 2000, Centro de Estudios Bilbilitanos, 67, 76 p., 32 il. en color, 21&#215;30 cm. ISBN: 84-7820-586-1. Resumen: Desde que la &hellip; <a href=\"http:\/\/cebilbilitanos.com\/?page_id=399\">Sigue leyendo <span class=\"meta-nav\">&rarr;<\/span><\/a><\/p>\n","protected":false},"author":1,"featured_media":0,"parent":193,"menu_order":0,"comment_status":"open","ping_status":"open","template":"","meta":[],"_links":{"self":[{"href":"http:\/\/cebilbilitanos.com\/index.php?rest_route=\/wp\/v2\/pages\/399"}],"collection":[{"href":"http:\/\/cebilbilitanos.com\/index.php?rest_route=\/wp\/v2\/pages"}],"about":[{"href":"http:\/\/cebilbilitanos.com\/index.php?rest_route=\/wp\/v2\/types\/page"}],"author":[{"embeddable":true,"href":"http:\/\/cebilbilitanos.com\/index.php?rest_route=\/wp\/v2\/users\/1"}],"replies":[{"embeddable":true,"href":"http:\/\/cebilbilitanos.com\/index.php?rest_route=%2Fwp%2Fv2%2Fcomments&post=399"}],"version-history":[{"count":2,"href":"http:\/\/cebilbilitanos.com\/index.php?rest_route=\/wp\/v2\/pages\/399\/revisions"}],"predecessor-version":[{"id":597,"href":"http:\/\/cebilbilitanos.com\/index.php?rest_route=\/wp\/v2\/pages\/399\/revisions\/597"}],"up":[{"embeddable":true,"href":"http:\/\/cebilbilitanos.com\/index.php?rest_route=\/wp\/v2\/pages\/193"}],"wp:attachment":[{"href":"http:\/\/cebilbilitanos.com\/index.php?rest_route=%2Fwp%2Fv2%2Fmedia&parent=399"}],"curies":[{"name":"wp","href":"https:\/\/api.w.org\/{rel}","templated":true}]}}