{"id":394,"date":"2015-09-13T07:25:51","date_gmt":"2015-09-13T07:25:51","guid":{"rendered":"http:\/\/cebilbilitanos.com\/?page_id=394"},"modified":"2015-09-13T17:35:33","modified_gmt":"2015-09-13T17:35:33","slug":"juan-fernandez-de-heredia-encuentro-homenaje","status":"publish","type":"page","link":"http:\/\/cebilbilitanos.com\/?page_id=394","title":{"rendered":"Juan Fern\u00e1ndez de Heredia. Encuentro homenaje"},"content":{"rendered":"<p><a href=\"http:\/\/cebilbilitanos.com\/wp-content\/uploads\/2015\/09\/JFH.jpg\"><img decoding=\"async\" loading=\"lazy\" class=\"aligncenter size-full wp-image-395\" src=\"http:\/\/cebilbilitanos.com\/wp-content\/uploads\/2015\/09\/JFH.jpg\" alt=\"JFH\" width=\"178\" height=\"250\" \/><\/a><\/p>\n<p><b>SARASA S\u00c1NCHEZ, Esteban; MU\u00d1OZ JIM\u00c9NEZ, Mar\u00eda Isabel; SANMIGUEL MATEO, Agust\u00edn<\/b>, <i>Juan Fern\u00e1ndez de Heredia. Encuentro homenaje<\/i>,<br \/>\nCEB, Calatayud, 1999, Centro de Estubios Bilbilitanos, 65, 120 p., 39 il., 17&#215;24 cm. ISBN: 84-7820-488-1.<\/p>\n<p><strong>\u00cdndice:<\/strong> Fat\u00e1s Cabeza, Guillermo, \u00abDon Juan\u00bb, 2 p. Sarasa S\u00e1nchez, Esteban, \u00abJuan Fern\u00e1ndez de Heredia, consejero de reyes\u00bb, 11 p. Mu\u00f1oz Jim\u00e9nez, Mar\u00eda Isabel, \u00abActividad literaria de Juan Fern\u00e1ndez de Heredia\u00bb, 23 p. Mu\u00f1oz Jim\u00e9nez, Mar\u00eda Isabel, \u00abIconograf\u00eda de Juan Fern\u00e1ndez de Heredia\u00bb, 38 p., 27 il. Sanmiguel Mateo, Agust\u00edn, \u00abLa iglesia de Mun\u00e9brega en tiempos de Juan Fern\u00e1ndez de Heredia\u00bb, 31 p., 20 il. Sanmiguel Mateo, Agust\u00edn, \u00abSe conmemor\u00f3 el VI Centenario de Juan Fern\u00e1ndez de Heredia\u00bb, 2 p.<\/p>\n<p><strong>EDICI\u00d3N:<\/strong><\/p>\n<ul>\n<li>Editado por: IFC-CEB<\/li>\n<li>Edici\u00f3n: 120 p., 39 il., 17&#215;24 cm, ISBN 84-7820-488-1.<\/li>\n<li>A\u00f1o edici\u00f3n: 1999<\/li>\n<\/ul>\n<p><strong>COLECCI\u00d3N:<\/strong> Centro de Estudios Bilbilitanos<\/p>\n<p><strong>N\u00ba PUBLICACI\u00d3N:<\/strong> 2033 (IFC) &#8211; 65\u00a0(CEB)<\/p>\n<p><strong>PRECIO:<\/strong> No venal<\/p>\n<p><strong>MATERIAS:<\/strong><br \/>\nBIOGRAF\u00cdAS y MEMORIAS<br \/>\nHISTORIA\u00a0&gt;\u00a0Historia medieval<\/p>\n","protected":false},"excerpt":{"rendered":"<p>SARASA S\u00c1NCHEZ, Esteban; MU\u00d1OZ JIM\u00c9NEZ, Mar\u00eda Isabel; SANMIGUEL MATEO, Agust\u00edn, Juan Fern\u00e1ndez de Heredia. Encuentro homenaje, CEB, Calatayud, 1999, Centro de Estubios Bilbilitanos, 65, 120 p., 39 il., 17&#215;24 cm. ISBN: 84-7820-488-1. \u00cdndice: Fat\u00e1s Cabeza, Guillermo, \u00abDon Juan\u00bb, 2 p. &hellip; <a href=\"http:\/\/cebilbilitanos.com\/?page_id=394\">Sigue leyendo <span class=\"meta-nav\">&rarr;<\/span><\/a><\/p>\n","protected":false},"author":1,"featured_media":0,"parent":193,"menu_order":0,"comment_status":"open","ping_status":"open","template":"","meta":[],"_links":{"self":[{"href":"http:\/\/cebilbilitanos.com\/index.php?rest_route=\/wp\/v2\/pages\/394"}],"collection":[{"href":"http:\/\/cebilbilitanos.com\/index.php?rest_route=\/wp\/v2\/pages"}],"about":[{"href":"http:\/\/cebilbilitanos.com\/index.php?rest_route=\/wp\/v2\/types\/page"}],"author":[{"embeddable":true,"href":"http:\/\/cebilbilitanos.com\/index.php?rest_route=\/wp\/v2\/users\/1"}],"replies":[{"embeddable":true,"href":"http:\/\/cebilbilitanos.com\/index.php?rest_route=%2Fwp%2Fv2%2Fcomments&post=394"}],"version-history":[{"count":2,"href":"http:\/\/cebilbilitanos.com\/index.php?rest_route=\/wp\/v2\/pages\/394\/revisions"}],"predecessor-version":[{"id":651,"href":"http:\/\/cebilbilitanos.com\/index.php?rest_route=\/wp\/v2\/pages\/394\/revisions\/651"}],"up":[{"embeddable":true,"href":"http:\/\/cebilbilitanos.com\/index.php?rest_route=\/wp\/v2\/pages\/193"}],"wp:attachment":[{"href":"http:\/\/cebilbilitanos.com\/index.php?rest_route=%2Fwp%2Fv2%2Fmedia&parent=394"}],"curies":[{"name":"wp","href":"https:\/\/api.w.org\/{rel}","templated":true}]}}