{"id":384,"date":"2015-09-13T07:09:41","date_gmt":"2015-09-13T07:09:41","guid":{"rendered":"http:\/\/cebilbilitanos.com\/?page_id=384"},"modified":"2015-09-13T17:53:00","modified_gmt":"2015-09-13T17:53:00","slug":"plano-de-calatayud-1839","status":"publish","type":"page","link":"http:\/\/cebilbilitanos.com\/?page_id=384","title":{"rendered":"Plano de Calatayud, 1839"},"content":{"rendered":"<p><a style=\"clear: left; float: left; margin-bottom: 1em; margin-right: 1em;\" href=\"https:\/\/lh3.googleusercontent.com\/-135A3RIVK58\/TXLcjJBg5rI\/AAAAAAAAAFI\/xj3usscnhBI\/s1600\/cat_61.jpg\"><img decoding=\"async\" src=\"http:\/\/lh3.googleusercontent.com\/-135A3RIVK58\/TXLcjJBg5rI\/AAAAAAAAAFI\/xj3usscnhBI\/s1600\/cat_61.jpg\" alt=\"\" border=\"0\" \/><\/a><b>UBI\u00d1A, Manuel<\/b>, <i>Plano de Calatayud, 1839<\/i>, CEB, Calatayud, 1998, Centro de Estudios Bilbilitanos, 61, 1 l\u00e1m., 33&#215;53 cm.<\/p>\n<p><b>Presentaci\u00f3n<\/b>: \u00ab&#8230; Este plano de Ubi\u00f1a es el m\u00e1s antiguo que conocemos de Calatayud, pues a estos efectos no cuenta la totalmente imaginativa \u00abVista Oriental\u00bb de Palomino, del siglo XVIII&#8230;<\/p>\n<p>&#8230; la edici\u00f3n facsimilar del plano&#8230;, tiene como principal fin, aparte de una nada desde\u00f1able funci\u00f3n decorativa, poner en manos de los interesados en la historia de Calatayud un documento gr\u00e1fico que pueda serles \u00fatil&#8230;\u00bb<\/p>\n<div class=\"item\">\n<div class=\"nom\"><strong><span class=\"ficha_txt1\">EDICI\u00d3N:<\/span><\/strong><\/div>\n<div class=\"items_block\">\n<ul>\n<li class=\"items_block_nom\"><span class=\"ficha_txt2\">Editado por:\u00a0<\/span><span class=\"normal\">IFC-CEB<\/span><\/li>\n<li class=\"items_block_nom\"><span class=\"ficha_txt2\">Edici\u00f3n:\u00a0<\/span><span class=\"normal\">1 l\u00e1m., 33&#215;53 cm.<\/span><\/li>\n<li class=\"items_block_nom\"><span class=\"ficha_txt2\">A\u00f1o edici\u00f3n:\u00a0<\/span><span class=\"normal\">1997<\/span><\/li>\n<\/ul>\n<\/div>\n<\/div>\n<div class=\"item\">\n<div class=\"nom\"><span class=\"ficha_txt1\"><strong>COLECCI\u00d3N:<\/strong>\u00a0<\/span><span class=\"normal\">Centro de Estudios Bilbilitanos<\/span><\/div>\n<div class=\"nom\"><\/div>\n<\/div>\n<div class=\"item\">\n<div class=\"nom\"><strong><span class=\"ficha_txt1\">N\u00ba PUBLICACI\u00d3N:\u00a0<\/span><\/strong><span class=\"normal\">1880 (IFC) &#8211; 61\u00a0(CEB)<\/span><\/div>\n<div class=\"nom\"><\/div>\n<\/div>\n<div class=\"item\">\n<div class=\"nom\"><span class=\"ficha_txt1\"><strong>PRECIO:<\/strong>\u00a0<\/span><span class=\"normal\">No venal<\/span><\/div>\n<div class=\"nom\"><\/div>\n<\/div>\n<div class=\"item\">\n<div class=\"nom\"><strong><span class=\"ficha_txt1\">MATERIAS:<\/span><\/strong><\/div>\n<div class=\"dat\">\n<div class=\"options2\">ARQUITECTURA y URBANISMO &gt; Urbanismo<\/div>\n<div class=\"options2\">FOTOGRAF\u00cdA E ILUSTRACIONES<\/div>\n<div class=\"options2\">ESTUDIOS LOCALES Y COMARCALES &gt; Calatayud<\/div>\n<div class=\"options2\">GEOGRAF\u00cdA<\/div>\n<\/div>\n<\/div>\n","protected":false},"excerpt":{"rendered":"<p>UBI\u00d1A, Manuel, Plano de Calatayud, 1839, CEB, Calatayud, 1998, Centro de Estudios Bilbilitanos, 61, 1 l\u00e1m., 33&#215;53 cm. Presentaci\u00f3n: \u00ab&#8230; Este plano de Ubi\u00f1a es el m\u00e1s antiguo que conocemos de Calatayud, pues a estos efectos no cuenta la totalmente &hellip; <a href=\"http:\/\/cebilbilitanos.com\/?page_id=384\">Sigue leyendo <span class=\"meta-nav\">&rarr;<\/span><\/a><\/p>\n","protected":false},"author":1,"featured_media":0,"parent":193,"menu_order":0,"comment_status":"open","ping_status":"open","template":"","meta":[],"_links":{"self":[{"href":"http:\/\/cebilbilitanos.com\/index.php?rest_route=\/wp\/v2\/pages\/384"}],"collection":[{"href":"http:\/\/cebilbilitanos.com\/index.php?rest_route=\/wp\/v2\/pages"}],"about":[{"href":"http:\/\/cebilbilitanos.com\/index.php?rest_route=\/wp\/v2\/types\/page"}],"author":[{"embeddable":true,"href":"http:\/\/cebilbilitanos.com\/index.php?rest_route=\/wp\/v2\/users\/1"}],"replies":[{"embeddable":true,"href":"http:\/\/cebilbilitanos.com\/index.php?rest_route=%2Fwp%2Fv2%2Fcomments&post=384"}],"version-history":[{"count":2,"href":"http:\/\/cebilbilitanos.com\/index.php?rest_route=\/wp\/v2\/pages\/384\/revisions"}],"predecessor-version":[{"id":686,"href":"http:\/\/cebilbilitanos.com\/index.php?rest_route=\/wp\/v2\/pages\/384\/revisions\/686"}],"up":[{"embeddable":true,"href":"http:\/\/cebilbilitanos.com\/index.php?rest_route=\/wp\/v2\/pages\/193"}],"wp:attachment":[{"href":"http:\/\/cebilbilitanos.com\/index.php?rest_route=%2Fwp%2Fv2%2Fmedia&parent=384"}],"curies":[{"name":"wp","href":"https:\/\/api.w.org\/{rel}","templated":true}]}}