{"id":351,"date":"2015-09-12T18:16:31","date_gmt":"2015-09-12T18:16:31","guid":{"rendered":"http:\/\/cebilbilitanos.com\/?page_id=351"},"modified":"2015-09-13T17:54:53","modified_gmt":"2015-09-13T17:54:53","slug":"primeras-jornadas-sobre-recuperacion-del-patrimonio-comarca-de-calatayud","status":"publish","type":"page","link":"http:\/\/cebilbilitanos.com\/?page_id=351","title":{"rendered":"Primeras Jornadas sobre Recuperaci\u00f3n del Patrimonio. Comarca de Calatayud"},"content":{"rendered":"<p><a href=\"http:\/\/cebilbilitanos.com\/wp-content\/uploads\/2015\/09\/image_th1-5.jpg\"><img decoding=\"async\" loading=\"lazy\" class=\"aligncenter size-full wp-image-352\" src=\"http:\/\/cebilbilitanos.com\/wp-content\/uploads\/2015\/09\/image_th1-5.jpg\" alt=\"_image_th1 (5)\" width=\"174\" height=\"250\" \/><\/a><\/p>\n<p><i>Primeras Jornadas sobre Recuperaci\u00f3n del Patrimonio. Comarca de Calatayud.<\/i>Arquitectura, CEB, Calatayud, 1995, Centro de Estudios Bilbilitanos, 50, 177 p., 17&#215;24 cm. ISBN: 84-7820-257-9.<\/p>\n<p><b>\u00cdndice<\/b>:<\/p>\n<ul>\n<li><b>SANMIGUEL MATEO, Agust\u00edn<\/b>, <i>El patrimonio arquitect\u00f3nico de la comarca de Calatayud<\/i>, 20 p., 11 il.<\/li>\n<li><b>MART\u00cdN BUENO, Manuel<\/b>, <i>La conservaci\u00f3n del patrimonio arqueol\u00f3gico bilbilitano: la Antig\u00fcedad<\/i>, 15 p., 4 il.<\/li>\n<li><b>ALMAGRO, Antonio<\/b>, <i>La recuperaci\u00f3n del patrimonio isl\u00e1mico de Calatayud<\/i>, 14 p., 6 il.<\/li>\n<li><b>SORO L\u00d3PEZ, Joaqu\u00edn<\/b>, <i>Arquitectura rom\u00e1nica en la comarca de Calatayud<\/i>, 10 p., 4 il.<\/li>\n<li><b>PE\u00d1A GONZALVO, Javier<\/b>, <i>La restauraci\u00f3n de la arquitectura mud\u00e9jar medieval en la comunidad de Calatayud,<\/i> 13 p., 7 il.<\/li>\n<li><b>SORO L\u00d3PEZ, Joaqu\u00edn<\/b>,<i> Dos momentos en la arquitectura renacentista de la comarca<\/i>, 9 p., 4 il.<\/li>\n<li><b>IBARG\u00dcEN SOLER, Javier<\/b>,<i> Restauraci\u00f3n de arte barroco en la comarca de Calatayud<\/i>, 16 p., 9 il.<\/li>\n<li><b>BRESSEL ECHEVERR\u00cdA, Carlos<\/b>, <i>Arquitectura civil: nobiliaria y popular<\/i>, 6 p., 1 il.<\/li>\n<li><b>MART\u00cdNEZ GARC\u00cdA, Francisco Jos\u00e9<\/b>, <i>La labor de las Escuelas-Taller de Restauraci\u00f3n del Patrimonio<\/i>, 22 p., 11 il.<\/li>\n<li><b>POCI\u00d1A, In\u00e9s<\/b>, <i>Actuaciones y proyectos del Ayuntamiento de Calatayud<\/i>, 7 p., 2 il.<\/li>\n<li><b>VALERO SU\u00c1REZ, Jos\u00e9 Mar\u00eda<\/b>, <i>Las restauraciones de la Diputaci\u00f3n de Zaragoza<\/i>, 19 p., 10 il.<\/li>\n<\/ul>\n<div class=\"item\">\n<div class=\"nom\"><span class=\"ficha_txt1\"><strong>AUTOR:<\/strong>\u00a0<\/span>VV.AA.<\/div>\n<div class=\"nom\"><\/div>\n<\/div>\n<div class=\"item\"><\/div>\n<div class=\"item\">\n<div class=\"nom\"><strong><span class=\"ficha_txt1\">EDICI\u00d3N:\u00a0<\/span><\/strong><\/div>\n<div class=\"items_block\">\n<ul>\n<li class=\"items_block_nom\"><span class=\"ficha_txt2\">Editado por:\u00a0<\/span><span class=\"normal\">IFC-CEB<\/span><\/li>\n<li class=\"items_block_nom\"><span class=\"ficha_txt2\">Edici\u00f3n:\u00a0<\/span><span class=\"normal\">177 p., 17&#215;24 cm, ISBN 84-7820-257-9<\/span><\/li>\n<li class=\"items_block_nom\"><span class=\"ficha_txt2\">A\u00f1o edici\u00f3n:\u00a0<\/span><span class=\"normal\">1995<\/span><\/li>\n<\/ul>\n<\/div>\n<\/div>\n<div class=\"item\">\n<div class=\"nom\"><strong><span class=\"ficha_txt1\">COLECCI\u00d3N:\u00a0<\/span><\/strong><span class=\"normal\">Centro de Estudios Bilbilitanos<\/span><\/div>\n<div class=\"nom\"><\/div>\n<\/div>\n<div class=\"item\">\n<div class=\"nom\"><span class=\"ficha_txt1\"><strong>N\u00ba PUBLICACI\u00d3N:<\/strong>\u00a0<\/span><span class=\"normal\">1702 (IFC) &#8211; 50\u00a0(CEB)<\/span><\/div>\n<div class=\"nom\"><\/div>\n<\/div>\n<div class=\"item\">\n<div class=\"nom\"><span class=\"ficha_txt1\"><strong>PRECIO:<\/strong>\u00a0<\/span><span class=\"normal\">No venal<\/span><\/div>\n<div class=\"nom\"><\/div>\n<\/div>\n<div class=\"item\">\n<div class=\"nom\"><strong><span class=\"ficha_txt1\">MATERIAS:<\/span><\/strong><\/div>\n<div class=\"dat\">\n<div class=\"options2\">ARQUITECTURA y URBANISMO &gt; Arquitectura<\/div>\n<div class=\"options2\">ARTE &gt; Arte. Generalidades<\/div>\n<div class=\"options2\">ESTUDIOS LOCALES Y COMARCALES &gt; Calatayud<\/div>\n<\/div>\n<\/div>\n","protected":false},"excerpt":{"rendered":"<p>Primeras Jornadas sobre Recuperaci\u00f3n del Patrimonio. Comarca de Calatayud.Arquitectura, CEB, Calatayud, 1995, Centro de Estudios Bilbilitanos, 50, 177 p., 17&#215;24 cm. ISBN: 84-7820-257-9. \u00cdndice: SANMIGUEL MATEO, Agust\u00edn, El patrimonio arquitect\u00f3nico de la comarca de Calatayud, 20 p., 11 il. MART\u00cdN &hellip; <a href=\"http:\/\/cebilbilitanos.com\/?page_id=351\">Sigue leyendo <span class=\"meta-nav\">&rarr;<\/span><\/a><\/p>\n","protected":false},"author":1,"featured_media":0,"parent":193,"menu_order":0,"comment_status":"open","ping_status":"open","template":"","meta":[],"_links":{"self":[{"href":"http:\/\/cebilbilitanos.com\/index.php?rest_route=\/wp\/v2\/pages\/351"}],"collection":[{"href":"http:\/\/cebilbilitanos.com\/index.php?rest_route=\/wp\/v2\/pages"}],"about":[{"href":"http:\/\/cebilbilitanos.com\/index.php?rest_route=\/wp\/v2\/types\/page"}],"author":[{"embeddable":true,"href":"http:\/\/cebilbilitanos.com\/index.php?rest_route=\/wp\/v2\/users\/1"}],"replies":[{"embeddable":true,"href":"http:\/\/cebilbilitanos.com\/index.php?rest_route=%2Fwp%2Fv2%2Fcomments&post=351"}],"version-history":[{"count":2,"href":"http:\/\/cebilbilitanos.com\/index.php?rest_route=\/wp\/v2\/pages\/351\/revisions"}],"predecessor-version":[{"id":690,"href":"http:\/\/cebilbilitanos.com\/index.php?rest_route=\/wp\/v2\/pages\/351\/revisions\/690"}],"up":[{"embeddable":true,"href":"http:\/\/cebilbilitanos.com\/index.php?rest_route=\/wp\/v2\/pages\/193"}],"wp:attachment":[{"href":"http:\/\/cebilbilitanos.com\/index.php?rest_route=%2Fwp%2Fv2%2Fmedia&parent=351"}],"curies":[{"name":"wp","href":"https:\/\/api.w.org\/{rel}","templated":true}]}}