{"id":348,"date":"2015-09-12T18:12:46","date_gmt":"2015-09-12T18:12:46","guid":{"rendered":"http:\/\/cebilbilitanos.com\/?page_id=348"},"modified":"2015-09-13T16:42:35","modified_gmt":"2015-09-13T16:42:35","slug":"andres-ruiz-castillo-el-texto-y-la-memoria","status":"publish","type":"page","link":"http:\/\/cebilbilitanos.com\/?page_id=348","title":{"rendered":"Andr\u00e9s Ruiz Castillo. El texto y la memoria"},"content":{"rendered":"<p><a href=\"http:\/\/cebilbilitanos.com\/wp-content\/uploads\/2015\/09\/image_th1-4.jpg\"><img decoding=\"async\" loading=\"lazy\" class=\"aligncenter size-full wp-image-349\" src=\"http:\/\/cebilbilitanos.com\/wp-content\/uploads\/2015\/09\/image_th1-4.jpg\" alt=\"_image_th1 (4)\" width=\"177\" height=\"250\" \/><\/a><\/p>\n<p><b>VER\u00d3N, J<\/b> (editor), <i>Andr\u00e9s Ruiz Castillo. El texto y la memoria<\/i>, CEB, Calatayud, 1995, Centro de Estudios Bilbilitanos, 49, 42 p., 21&#215;29 cm. ISBN: 84-7820-241-2<b>.<\/b><\/p>\n<p><b>Contenido<\/b>:<\/p>\n<ul>\n<li><i>Todo un car\u00e1cter<\/i> \/ <b>Antonio Bruned Mompe\u00f3n<\/b><\/li>\n<li><i>Un hombre sin edad (Apuntes biogr\u00e1ficos sobre Andr\u00e9s Ruiz Castillo)<\/i> \/ <b>Alfonso Zapater<\/b><\/li>\n<li><i>Andr\u00e9s, la vocaci\u00f3n y el estilo<\/i> \/<b> Ricardo V\u00e1zquez-Prada<\/b><\/li>\n<li><i>El narrador de historias<\/i> \/<b> Juan Dom\u00ednguez Lasierra<\/b><\/li>\n<li><i>Don Andr\u00e9s seduce Par\u00eds<\/i> \/ <b>Juan Antonio Gracia<\/b><\/li>\n<li><i>Una historia de amor <\/i>\/ <b>Antonio Herr\u00e1iz Soler<\/b><\/li>\n<li><i>Caf\u00e9 con \u00abPunto y aparte\u00bb<\/i> \/ <b>Alfonso Asensio Becerril<\/b><\/li>\n<li><i>Art\u00edculos period\u00edsticos de Andr\u00e9s Ruiz Castillo, firmados con el seud\u00f3nimo Calpe:<\/i><\/li>\n<li><i>Lecci\u00f3n de toreo en el convento de las descalzas<\/i><\/li>\n<li><i>\u00abMatre\u00bb de d\u00eda, \u00abmatre\u00bb de noche<\/i><\/li>\n<li><i>Puertas del viejo Arag\u00f3n en Madrid<\/i><\/li>\n<li><i>Duende y misterio en la vida de los gitanos<\/i><\/li>\n<li><i>Cada uno y su mote<\/i><\/li>\n<li><i>Montes, en Calatayud y Zaragoza<\/i><\/li>\n<li><i>La anciana, la mula y los agentes ejecutivos<\/i><\/li>\n<li><i>Acontecimiento en Bilbao<\/i><\/li>\n<li><i>Un \u00abr\u00e9cord\u00bb muy discutible<\/i><\/li>\n<li><i>Ovnis en el cielo zaragozano<\/i><\/li>\n<\/ul>\n<div class=\"item\">\n<div class=\"nom\"><strong><span class=\"ficha_txt1\">EDICI\u00d3N:<\/span><\/strong><\/div>\n<div class=\"items_block\">\n<ul>\n<li class=\"items_block_nom\"><span class=\"ficha_txt2\">Editado por:\u00a0<\/span><span class=\"normal\">IFC-CEB<\/span><\/li>\n<li class=\"items_block_nom\"><span class=\"ficha_txt2\">Edici\u00f3n:\u00a0<\/span><span class=\"normal\">42 p., 21&#215;29 cm, ISBN 84-7820-241-2<\/span><\/li>\n<li class=\"items_block_nom\"><span class=\"ficha_txt2\">A\u00f1o edici\u00f3n:\u00a0<\/span><span class=\"normal\">1995<\/span><\/li>\n<\/ul>\n<\/div>\n<\/div>\n<div class=\"item\">\n<div class=\"nom\"><strong><span class=\"ficha_txt1\">COLECCI\u00d3N:\u00a0<\/span><\/strong><span class=\"normal\">Centro de Estudios Bilbilitanos<\/span><\/div>\n<div class=\"nom\"><\/div>\n<\/div>\n<div class=\"item\">\n<div class=\"nom\"><span class=\"ficha_txt1\"><strong>N\u00ba PUBLICACI\u00d3N:<\/strong>\u00a0<\/span><span class=\"normal\">1680\u00a0(IFC) &#8211; 49\u00a0(CEB)<\/span><\/div>\n<div class=\"nom\"><\/div>\n<\/div>\n<div class=\"item\">\n<div class=\"nom\"><strong><span class=\"ficha_txt1\">PRECIO:\u00a0<\/span><\/strong><span class=\"normal\">Agotado<\/span><\/div>\n<div class=\"nom\"><\/div>\n<\/div>\n<div class=\"item\">\n<div class=\"nom\"><strong><span class=\"ficha_txt1\">MATERIAS:<\/span><\/strong><\/div>\n<div class=\"dat\">\n<div class=\"options2\">LENGUA y LITERATURA &gt; Literatura contempor\u00e1nea<\/div>\n<\/div>\n<\/div>\n","protected":false},"excerpt":{"rendered":"<p>VER\u00d3N, J (editor), Andr\u00e9s Ruiz Castillo. El texto y la memoria, CEB, Calatayud, 1995, Centro de Estudios Bilbilitanos, 49, 42 p., 21&#215;29 cm. ISBN: 84-7820-241-2. Contenido: Todo un car\u00e1cter \/ Antonio Bruned Mompe\u00f3n Un hombre sin edad (Apuntes biogr\u00e1ficos sobre &hellip; <a href=\"http:\/\/cebilbilitanos.com\/?page_id=348\">Sigue leyendo <span class=\"meta-nav\">&rarr;<\/span><\/a><\/p>\n","protected":false},"author":1,"featured_media":0,"parent":193,"menu_order":0,"comment_status":"open","ping_status":"open","template":"","meta":[],"_links":{"self":[{"href":"http:\/\/cebilbilitanos.com\/index.php?rest_route=\/wp\/v2\/pages\/348"}],"collection":[{"href":"http:\/\/cebilbilitanos.com\/index.php?rest_route=\/wp\/v2\/pages"}],"about":[{"href":"http:\/\/cebilbilitanos.com\/index.php?rest_route=\/wp\/v2\/types\/page"}],"author":[{"embeddable":true,"href":"http:\/\/cebilbilitanos.com\/index.php?rest_route=\/wp\/v2\/users\/1"}],"replies":[{"embeddable":true,"href":"http:\/\/cebilbilitanos.com\/index.php?rest_route=%2Fwp%2Fv2%2Fcomments&post=348"}],"version-history":[{"count":2,"href":"http:\/\/cebilbilitanos.com\/index.php?rest_route=\/wp\/v2\/pages\/348\/revisions"}],"predecessor-version":[{"id":582,"href":"http:\/\/cebilbilitanos.com\/index.php?rest_route=\/wp\/v2\/pages\/348\/revisions\/582"}],"up":[{"embeddable":true,"href":"http:\/\/cebilbilitanos.com\/index.php?rest_route=\/wp\/v2\/pages\/193"}],"wp:attachment":[{"href":"http:\/\/cebilbilitanos.com\/index.php?rest_route=%2Fwp%2Fv2%2Fmedia&parent=348"}],"curies":[{"name":"wp","href":"https:\/\/api.w.org\/{rel}","templated":true}]}}