{"id":330,"date":"2015-09-12T17:19:06","date_gmt":"2015-09-12T17:19:06","guid":{"rendered":"http:\/\/cebilbilitanos.com\/?page_id=330"},"modified":"2015-09-13T17:43:31","modified_gmt":"2015-09-13T17:43:31","slug":"las-comunidades-mudejares-de-la-comarca-de-calatayud-en-el-siglo-xv","status":"publish","type":"page","link":"http:\/\/cebilbilitanos.com\/?page_id=330","title":{"rendered":"Las comunidades mud\u00e9jares de la Comarca de Calatayud en el siglo XV"},"content":{"rendered":"<p><a href=\"http:\/\/cebilbilitanos.com\/wp-content\/uploads\/2015\/09\/image_th1-1.jpg\"><img decoding=\"async\" loading=\"lazy\" class=\"aligncenter size-full wp-image-331\" src=\"http:\/\/cebilbilitanos.com\/wp-content\/uploads\/2015\/09\/image_th1-1.jpg\" alt=\"_image_th1 (1)\" width=\"174\" height=\"250\" \/><\/a><\/p>\n<p><b>GARC\u00cdA MARCO, Francisco Javier<\/b>, <i>Las comunidades mud\u00e9jares de la Comarca de Calatayud en el siglo XV<\/i>, pr\u00f3logo de Mar\u00eda Luisa Ledesma, dise\u00f1o, fotograf\u00edas y plano de A. Sanmiguel Mateo, Zaragoza, 1993, Centro de Estudios Bilbilitanos, 41, 424 p., 61 il., 17&#215;24 cm. ISBN: 84-7820-140-8.<\/p>\n<p><b>Pr\u00f3logo<\/b>: \u00ab&#8230; El presente estudio se adentra en el mundo cotidiano de estas minor\u00edas religiosas. Sus vivencias, marcadas a menudo por su situaci\u00f3n alienada desde el punto de vista cultural y social respecto a la mayor\u00eda cristiana, encontraban su contrapunto en la cohesi\u00f3n y amparo que les brindaba el n\u00facleo familiar y la aljama.<\/p>\n<p>A trav\u00e9s de los documentos notariales se recompone la urdimbre de estos retazos de su vida, en el \u00e1mbito rural o en el urbano, la producci\u00f3n de bienes, las diversas cargas fiscales que gravaban sus modestas econom\u00edas, etc.; constituyendo el detallado estudio de la distribuci\u00f3n sectorial de sus actividades profesionales uno de los mejores logros de esta obra.<\/p>\n<p>Por otra parte, las referencias al urbanismo de los h\u00e1bitats mud\u00e9jares, la estructuraci\u00f3n de la morer\u00eda, sus casas, tiendas y arrabales conforma un cap\u00edtulo de sumo inter\u00e9s en la historia y vida de la Calatayud medieval y su entorno&#8230;\u00bb<\/p>\n<div class=\"ficha_cuerpo_items\">\n<div class=\"item\">\n<div class=\"nom\"><strong><span class=\"ficha_txt1\">NOTAS:\u00a0<\/span><\/strong><span class=\"normal\">Pr\u00f3logo de Mar\u00eda Luisa Ledesma; dise\u00f1o, fotograf\u00edas y plano de A. Sanmiguel Mateo.<\/span><\/div>\n<div class=\"nom\"><\/div>\n<\/div>\n<div class=\"item\">\n<div class=\"nom\"><strong><span class=\"ficha_txt1\">EDICI\u00d3N:<\/span><\/strong><\/div>\n<div class=\"items_block\">\n<ul>\n<li class=\"items_block_nom\"><span class=\"ficha_txt2\">Editado por:\u00a0<\/span><span class=\"normal\">IFC-CEB<\/span><\/li>\n<li class=\"items_block_nom\"><span class=\"ficha_txt2\">Edici\u00f3n:\u00a0<\/span><span class=\"normal\">424 p., 61 il., 17&#215;24 cm, ISBN 84-7820-140-8<\/span><\/li>\n<li class=\"items_block_nom\"><span class=\"ficha_txt2\">A\u00f1o edici\u00f3n:\u00a0<\/span><span class=\"normal\">1993<\/span><\/li>\n<\/ul>\n<div class=\"items_block_nom\"><\/div>\n<\/div>\n<\/div>\n<div class=\"item\">\n<div class=\"nom\"><strong><span class=\"ficha_txt1\">COLECCI\u00d3N:\u00a0<\/span><\/strong><span class=\"normal\">Centro de Estudios Bilbilitanos<\/span><\/div>\n<div class=\"nom\"><\/div>\n<\/div>\n<div class=\"item\">\n<div class=\"nom\"><span class=\"ficha_txt1\"><strong>N\u00ba PUBLICACI\u00d3N:<\/strong>\u00a0<\/span><span class=\"normal\">1324 (IFC) &#8211; 41\u00a0(CEB)<\/span><\/div>\n<div class=\"nom\"><\/div>\n<\/div>\n<div class=\"item\">\n<div class=\"nom\"><strong><span class=\"ficha_txt1\">PRECIO:\u00a0<\/span><\/strong><span class=\"normal\">Agotado<\/span><\/div>\n<div class=\"nom\"><\/div>\n<\/div>\n<div class=\"item\">\n<div class=\"nom\"><strong><span class=\"ficha_txt1\">MATERIAS:<\/span><\/strong><\/div>\n<div class=\"dat\">\n<div class=\"options2\">HISTORIA &gt; Historia medieval &gt; Estudios isl\u00e1micos<\/div>\n<div class=\"options2\">ESTUDIOS LOCALES Y COMARCALES &gt; Calatayud<\/div>\n<div class=\"options2\"><\/div>\n<div class=\"options2\"><\/div>\n<\/div>\n<\/div>\n<\/div>\n<div class=\"ficha_cuerpo_adic\">\n<div class=\"adic_tit\"><strong><span class=\"ficha_txt1\">INFORMACI\u00d3N ADICIONAL:<\/span><\/strong><\/div>\n<div class=\"adic_cont\">\n<div class=\"normal_j\">Este estudio analiza la estructura social, formas de vida y relaciones de los mud\u00e9jares de Calatayud. El soporte principal de la investigaci\u00f3n est\u00e1 constituido por la documentaci\u00f3n notarial del siglo XV depositada en el Archivo de Protocolos de Calatayud y algunas secciones del de Zaragoza, de donde el autor desbroz\u00f3 el ingente material informativo, espigando noticias y pormenores referentes a los mud\u00e9jares bilbilitanos.<\/div>\n<\/div>\n<\/div>\n<p>&nbsp;<\/p>\n<p>&nbsp;<\/p>\n","protected":false},"excerpt":{"rendered":"<p>GARC\u00cdA MARCO, Francisco Javier, Las comunidades mud\u00e9jares de la Comarca de Calatayud en el siglo XV, pr\u00f3logo de Mar\u00eda Luisa Ledesma, dise\u00f1o, fotograf\u00edas y plano de A. Sanmiguel Mateo, Zaragoza, 1993, Centro de Estudios Bilbilitanos, 41, 424 p., 61 il., &hellip; <a href=\"http:\/\/cebilbilitanos.com\/?page_id=330\">Sigue leyendo <span class=\"meta-nav\">&rarr;<\/span><\/a><\/p>\n","protected":false},"author":1,"featured_media":0,"parent":193,"menu_order":0,"comment_status":"open","ping_status":"open","template":"","meta":[],"_links":{"self":[{"href":"http:\/\/cebilbilitanos.com\/index.php?rest_route=\/wp\/v2\/pages\/330"}],"collection":[{"href":"http:\/\/cebilbilitanos.com\/index.php?rest_route=\/wp\/v2\/pages"}],"about":[{"href":"http:\/\/cebilbilitanos.com\/index.php?rest_route=\/wp\/v2\/types\/page"}],"author":[{"embeddable":true,"href":"http:\/\/cebilbilitanos.com\/index.php?rest_route=\/wp\/v2\/users\/1"}],"replies":[{"embeddable":true,"href":"http:\/\/cebilbilitanos.com\/index.php?rest_route=%2Fwp%2Fv2%2Fcomments&post=330"}],"version-history":[{"count":2,"href":"http:\/\/cebilbilitanos.com\/index.php?rest_route=\/wp\/v2\/pages\/330\/revisions"}],"predecessor-version":[{"id":666,"href":"http:\/\/cebilbilitanos.com\/index.php?rest_route=\/wp\/v2\/pages\/330\/revisions\/666"}],"up":[{"embeddable":true,"href":"http:\/\/cebilbilitanos.com\/index.php?rest_route=\/wp\/v2\/pages\/193"}],"wp:attachment":[{"href":"http:\/\/cebilbilitanos.com\/index.php?rest_route=%2Fwp%2Fv2%2Fmedia&parent=330"}],"curies":[{"name":"wp","href":"https:\/\/api.w.org\/{rel}","templated":true}]}}