{"id":328,"date":"2015-09-12T17:15:35","date_gmt":"2015-09-12T17:15:35","guid":{"rendered":"http:\/\/cebilbilitanos.com\/?page_id=328"},"modified":"2015-09-13T18:04:31","modified_gmt":"2015-09-13T18:04:31","slug":"tercer-encuentro-de-estudios-bilbilitanos-actas-ii-etnologia-folklore-historia-medieval-y-moderna-historia-contemporanea","status":"publish","type":"page","link":"http:\/\/cebilbilitanos.com\/?page_id=328","title":{"rendered":"Tercer Encuentro de Estudios Bilbilitanos. Actas II. Etnolog\u00eda. Folklore. Historia Medieval y Moderna. Historia Contempor\u00e1nea"},"content":{"rendered":"<p><a href=\"http:\/\/cebilbilitanos.com\/wp-content\/uploads\/2015\/09\/actas-encuentro-estudios-bilbilitanos-calatayud-1e05fda1-fd33-4910-b31c-92ec04444461.jpeg\"><img decoding=\"async\" loading=\"lazy\" class=\"aligncenter size-full wp-image-326\" src=\"http:\/\/cebilbilitanos.com\/wp-content\/uploads\/2015\/09\/actas-encuentro-estudios-bilbilitanos-calatayud-1e05fda1-fd33-4910-b31c-92ec04444461.jpeg\" alt=\"actas-encuentro-estudios-bilbilitanos-calatayud-1e05fda1-fd33-4910-b31c-92ec04444461\" width=\"431\" height=\"470\" srcset=\"http:\/\/cebilbilitanos.com\/wp-content\/uploads\/2015\/09\/actas-encuentro-estudios-bilbilitanos-calatayud-1e05fda1-fd33-4910-b31c-92ec04444461.jpeg 431w, http:\/\/cebilbilitanos.com\/wp-content\/uploads\/2015\/09\/actas-encuentro-estudios-bilbilitanos-calatayud-1e05fda1-fd33-4910-b31c-92ec04444461-275x300.jpeg 275w\" sizes=\"(max-width: 431px) 100vw, 431px\" \/><\/a><br \/>\n<em>Tercer Encuentro de Estudios Bilbilitanos. Actas II. Etnolog\u00eda. Folklore. Historia Medieval y Moderna. Historia Contempor\u00e1nea<\/em>, Zaragoza, 1992, Centro de Estudios Bilbilitanos, 40, 488 p., 39 il., 17&#215;24 cm. ISBN (o.c.): 84-7820-134-3 \/ vol. II: 84-7820-136-X.<\/p>\n<p>&nbsp;<\/p>\n<p><b>\u00cdndice<\/b>:<\/p>\n<ul>\n<li><b>P\u00c9REZ GARC\u00cdA-OLIVER, Luc\u00eda<\/b>, <i>Etnolog\u00eda, folklore y cultura popular<\/i>, 8 p.<\/li>\n<li><b>S\u00c1NCHEZ MOLLEDO, Jos\u00e9 Mar\u00eda<\/b>, <i>Aproximaci\u00f3n al estudio de la religiosidad popular de Malanquilla en la Edad Moderna<\/i>, 26 p.<\/li>\n<li><b>MILL\u00c1N GIL, Juli\u00e1n \u00c1ngel<\/b>, <i>El trabajo del c\u00e1\u00f1amo en el Hospicio Nacional y Casa de Exp\u00f3sitos de Calatayud, a trav\u00e9s de su Reglamento interno<\/i>, 12 p.<\/li>\n<li><b>LARREA ANDR\u00c9S, Eduardo<\/b>,<i> Ermitas y romer\u00edas del ayer y del hoy<\/i>, 20 p.<\/li>\n<li><b>S\u00c1NCHEZ MOLLEDO, Antonio<\/b>, <i>Malanquilla, una experiencia cultural<\/i>, 18 p.<\/li>\n<li><b>CORRAL LAFUENTE, Jos\u00e9 Luis<\/b>, <i>Estado actual y perspectivas de la Historia Medieval y Moderna de Calatayud y su comunidad<\/i>, 20 p.<\/li>\n<li><b>M\u00cdNGUEZ GUTI\u00c9RREZ, Miguel<\/b>, <i>El moz\u00e1rabe San \u00cd\u00f1igo de la Reconquista, abad de O\u00f1a y Patr\u00f3n de Calatayud<\/i>, 16 p.<\/li>\n<li><b>L\u00d3PEZ ASENSIO, \u00c1lvaro<\/b>, <i>Origen y evoluci\u00f3n urbana de Calatayud<\/i>, 46 p.<\/li>\n<li><b>MU\u00d1OZ GUTI\u00c9RREZ, Alfredo<\/b>, <i>Fuentes de Jiloca en la Guerra de los Pedros<\/i>, 4 p.<\/li>\n<li><b>MORALES G\u00d3MEZ, Juan Jos\u00e9<\/b>, <i>La difusi\u00f3n del tiempo moderno en el \u00e1rea rural de Calatayud a fines del siglo XV, los relojes p\u00fablicos de Maluenda y Villarroya de la Sierra<\/i>, 14 p.<\/li>\n<li><b>RUBIO SEMPER, Agust\u00edn<\/b>, <i>La religiosidad bilbilitana a fines del siglo XV<\/i>, 8 p.<\/li>\n<li><b>RUBIO SEMPER, Agust\u00edn<\/b>, <i>Un contrato de arrendamiento minero del siglo XV de Paracuellos de Jiloca<\/i>, 4 p.<\/li>\n<li><b>JAIME LOR\u00c9N, Jos\u00e9 Mar\u00eda de; JAIME G\u00d3MEZ, Jos\u00e9 de<\/b>, <i>Fr. Ignacio Garc\u00eda (Calatayud, 1641-Calamocha, 1719), venerable francis-cano, predicador apost\u00f3lico y fundador del Colegio Seminario de S. Roque de Calamocha<\/i>, 14 p.<\/li>\n<li><b>FERN\u00c1NDEZ CLEMENTE, Eloy<\/b>, <i>Historiograf\u00eda de Calatayud y su comarca en los siglos XIX y XX<\/i>, 14 p.<\/li>\n<li><b>SANCHO SORA, Agust\u00edn<\/b>, <i>Estudio demogr\u00e1fico de Ateca (Zaragoza) en la primera mitad del siglo XVIII<\/i>, 20 p.<\/li>\n<li><b>ARGUDO P\u00c9REZ, Jos\u00e9 Luis<\/b>, <i>La Ley de Desamortizaci\u00f3n civil de 1855 y su aplicaci\u00f3n a las dehesas boyales de la comarca de Calatayud<\/i>, 14 p.<\/li>\n<li><b>\u00c1LVARO BENED\u00cd, David<\/b>,<i> La C\u00e1mara de Comercio de Zaragoza, iniciativas socioecon\u00f3micas (1898-1923)<\/i>, 16 p.<\/li>\n<li><b>\u00c1LVARO BENED\u00cd, David<\/b>,<i> Las elecciones legislativas de 1910 en Zaragoza y Calatayud<\/i>, 18 p.<\/li>\n<li><b>SANZ NAVAS, Mar\u00eda Pilar<\/b>, <i>Sindicatos y reforma agraria en el municipio de Ariza durante la II Rep\u00fablica<\/i>, 4 p.<\/li>\n<li><b>MART\u00cdNEZ GARC\u00cdA, Francisco Jos\u00e9<\/b>, <i>La Guerra Civil espa\u00f1ola (1936-1939), repercusiones en la localidad de Ateca<\/i>, 14 p.<\/li>\n<li><b>URZAY BARRIOS, Jos\u00e9 \u00c1ngel<\/b>, <i>La educaci\u00f3n en Calatayud (1800-1936), un estado de la cuesti\u00f3n<\/i>, 16 p.<\/li>\n<li><b>MONT\u00d3N PUERTO, Pedro<\/b>, <i>La \u00abprehistoria\u00bb del f\u00fatbol en Calatayud<\/i>, 14 p.<\/li>\n<li><b>MONT\u00d3N PUERTO, Pedro<\/b>, <i>El corto brinco del gorri\u00f3n (Descripci\u00f3n y evocaciones de barrios bilbilitanos)<\/i>, 12 p.<\/li>\n<li><b>ASENSIO BECERRIL, Alfonso<\/b>, <i>Calatayud, escala ritual de giras teatrales<\/i>, 8 p.<\/li>\n<li><b>S\u00c1NCHEZ PORTERO, Antonio<\/b>, <i>Pautas para una adecuada denominaci\u00f3n de las calles de Calatayud<\/i>, 14 p.<\/li>\n<li><b>S\u00c1NCHEZ PORTERO, Antonio<\/b>, \u00ab<i>La Dolores\u00bb en la \u00f3pera<\/i>, 20 p.<\/li>\n<li><b>CIARRA IRURITA, Alejandro<\/b>,<i> \u00abLa Dolores\u00bb una hero\u00edna<\/i>, 12 p.<\/li>\n<li><b>LAFOZ, Herminio<\/b>, <i>Milicia y revoluci\u00f3n burguesa. Calatayud 1833-1839<\/i>, 34 p.<\/li>\n<li><b>S\u00c1NCHEZ IB\u00c1\u00d1EZ, Jos\u00e9 \u00c1ngel<\/b>, <i>Unas notas sobre el Liceo Art\u00edstico y Literario de Calatayud en la prensa de Zaragoza (El Eco de Arag\u00f3n)<\/i>, 6 p.<\/li>\n<li><b>MATEO MART\u00cdNEZ, Juan J.<\/b>, <i>Datos para una historia de la Biblioteca Municipal \u00abBaltasar Graci\u00e1n\u00bb<\/i>, 12 p.<\/li>\n<li><b>MATEO BLANCO, Joaqu\u00edn<\/b>, <i>Veinticinco a\u00f1os de un Encuentro cultural en Calatayud<\/i>, 6 p.<\/li>\n<li><b>RUBIO MART\u00cdNEZ, Mariano<\/b>, <i>Calatayud de cara al futuro<\/i>, 10 p.<\/li>\n<\/ul>\n<div class=\"item\">\n<div class=\"nom\"><span class=\"ficha_txt1\"><strong>AUTOR:<\/strong>\u00a0<\/span>VV.AA.<\/div>\n<div class=\"nom\"><\/div>\n<\/div>\n<div class=\"item\">\n<div class=\"nom\"><strong><span class=\"ficha_txt1\">EDICI\u00d3N:<\/span><\/strong><\/div>\n<div class=\"items_block\">\n<ul>\n<li class=\"items_block_nom\"><span class=\"ficha_txt2\">Editado por:\u00a0<\/span><span class=\"normal\">IFC-CEB<\/span><\/li>\n<li class=\"items_block_nom\"><span class=\"ficha_txt2\">Edici\u00f3n:\u00a0<\/span><span class=\"normal\">488 p., 39 il., 17&#215;24 cm, ISBN 84-7820-134-3 (o.c.) \/ 84-7820-136-X<\/span><\/li>\n<li class=\"items_block_nom\"><span class=\"ficha_txt2\">A\u00f1o edici\u00f3n:\u00a0<\/span><span class=\"normal\">1992<\/span><\/li>\n<\/ul>\n<\/div>\n<\/div>\n<div class=\"item\">\n<div class=\"nom\"><strong><span class=\"ficha_txt1\">COLECCI\u00d3N:\u00a0<\/span><\/strong><span class=\"normal\">Centro de Estudios Bilbilitanos<\/span><\/div>\n<div class=\"nom\"><\/div>\n<\/div>\n<div class=\"item\">\n<div class=\"nom\"><strong><span class=\"ficha_txt1\">N\u00ba PUBLICACI\u00d3N:\u00a0<\/span><\/strong><span class=\"normal\">1320\u00a0 (IFC) -40 (CEB)<\/span><\/div>\n<div class=\"nom\"><\/div>\n<\/div>\n<div class=\"item\">\n<div class=\"nom\"><span class=\"ficha_txt1\"><strong>PRECIO:<\/strong>\u00a0<\/span><span class=\"normal\">0,00 \u20ac<\/span><\/div>\n<div class=\"nom\"><\/div>\n<\/div>\n<div class=\"item\">\n<div class=\"nom\"><strong><span class=\"ficha_txt1\">MATERIAS:<\/span><\/strong><\/div>\n<div class=\"dat\">\n<div class=\"options2\">ESTUDIOS LOCALES Y COMARCALES &gt; Calatayud<\/div>\n<div class=\"options2\">ETNOLOG\u00cdA &gt; Folklore<\/div>\n<div class=\"options2\">HISTORIA &gt; Historia Medieval, Historia Moderna, Historia Contempor\u00e1nea<\/div>\n<\/div>\n<\/div>\n","protected":false},"excerpt":{"rendered":"<p>Tercer Encuentro de Estudios Bilbilitanos. Actas II. Etnolog\u00eda. Folklore. Historia Medieval y Moderna. Historia Contempor\u00e1nea, Zaragoza, 1992, Centro de Estudios Bilbilitanos, 40, 488 p., 39 il., 17&#215;24 cm. ISBN (o.c.): 84-7820-134-3 \/ vol. II: 84-7820-136-X. &nbsp; \u00cdndice: P\u00c9REZ GARC\u00cdA-OLIVER, Luc\u00eda, &hellip; <a href=\"http:\/\/cebilbilitanos.com\/?page_id=328\">Sigue leyendo <span class=\"meta-nav\">&rarr;<\/span><\/a><\/p>\n","protected":false},"author":1,"featured_media":0,"parent":193,"menu_order":0,"comment_status":"open","ping_status":"open","template":"","meta":[],"_links":{"self":[{"href":"http:\/\/cebilbilitanos.com\/index.php?rest_route=\/wp\/v2\/pages\/328"}],"collection":[{"href":"http:\/\/cebilbilitanos.com\/index.php?rest_route=\/wp\/v2\/pages"}],"about":[{"href":"http:\/\/cebilbilitanos.com\/index.php?rest_route=\/wp\/v2\/types\/page"}],"author":[{"embeddable":true,"href":"http:\/\/cebilbilitanos.com\/index.php?rest_route=\/wp\/v2\/users\/1"}],"replies":[{"embeddable":true,"href":"http:\/\/cebilbilitanos.com\/index.php?rest_route=%2Fwp%2Fv2%2Fcomments&post=328"}],"version-history":[{"count":3,"href":"http:\/\/cebilbilitanos.com\/index.php?rest_route=\/wp\/v2\/pages\/328\/revisions"}],"predecessor-version":[{"id":703,"href":"http:\/\/cebilbilitanos.com\/index.php?rest_route=\/wp\/v2\/pages\/328\/revisions\/703"}],"up":[{"embeddable":true,"href":"http:\/\/cebilbilitanos.com\/index.php?rest_route=\/wp\/v2\/pages\/193"}],"wp:attachment":[{"href":"http:\/\/cebilbilitanos.com\/index.php?rest_route=%2Fwp%2Fv2%2Fmedia&parent=328"}],"curies":[{"name":"wp","href":"https:\/\/api.w.org\/{rel}","templated":true}]}}