{"id":325,"date":"2015-09-12T17:10:51","date_gmt":"2015-09-12T17:10:51","guid":{"rendered":"http:\/\/cebilbilitanos.com\/?page_id=325"},"modified":"2015-09-13T18:02:17","modified_gmt":"2015-09-13T18:02:17","slug":"tercer-encuentro-de-estudios-bilbilitanos-actas-i-arqueologia-geografia-arte","status":"publish","type":"page","link":"http:\/\/cebilbilitanos.com\/?page_id=325","title":{"rendered":"Tercer Encuentro de Estudios Bilbilitanos. Actas I. Arqueolog\u00eda. Geograf\u00eda. Arte"},"content":{"rendered":"<p><a href=\"http:\/\/cebilbilitanos.com\/wp-content\/uploads\/2015\/09\/actas-encuentro-estudios-bilbilitanos-calatayud-1e05fda1-fd33-4910-b31c-92ec04444461.jpeg\"><img decoding=\"async\" loading=\"lazy\" class=\"aligncenter size-full wp-image-326\" src=\"http:\/\/cebilbilitanos.com\/wp-content\/uploads\/2015\/09\/actas-encuentro-estudios-bilbilitanos-calatayud-1e05fda1-fd33-4910-b31c-92ec04444461.jpeg\" alt=\"actas-encuentro-estudios-bilbilitanos-calatayud-1e05fda1-fd33-4910-b31c-92ec04444461\" width=\"431\" height=\"470\" srcset=\"http:\/\/cebilbilitanos.com\/wp-content\/uploads\/2015\/09\/actas-encuentro-estudios-bilbilitanos-calatayud-1e05fda1-fd33-4910-b31c-92ec04444461.jpeg 431w, http:\/\/cebilbilitanos.com\/wp-content\/uploads\/2015\/09\/actas-encuentro-estudios-bilbilitanos-calatayud-1e05fda1-fd33-4910-b31c-92ec04444461-275x300.jpeg 275w\" sizes=\"(max-width: 431px) 100vw, 431px\" \/><\/a><\/p>\n<h3 class=\"post-title entry-title\"><i>Tercer Encuentro de Estudios Bilbilitanos. Actas I. Arqueolog\u00eda. Geograf\u00eda. Arte<\/i>, Zaragoza, 1992, Centro de Estudios Bilbilitanos, 39, 508 p., 172 il., 17&#215;24 cm. ISBN (o.c.): 84-7820-134-3 \/ vol. I: 84-7820-135-1.<\/h3>\n<p><b>\u00cdndice<\/b>:<\/p>\n<ul>\n<li><b>MILL\u00c1N GIL, Juli\u00e1n \u00c1ngel; HERN\u00c1NDEZ VERA, Jos\u00e9 Antonio<\/b>, <i>Prehistoria y Arqueolog\u00eda de la comarca de Calatayud, estado de la cuesti\u00f3n<\/i>, 18 p.<\/li>\n<li><b>SOL\u00c1 MART\u00cdN, Miguel \u00c1ngel<\/b>, <i>Estudio de un probable monumento romano, la fuente de los tres ca\u00f1os, de Malanquilla<\/i> <i>(Zaragoza)<\/i>, 26 p.<\/li>\n<li><b>GUTI\u00c9RREZ P\u00c9REZ, Mar\u00eda Victoria<\/b>, <i>La toponimia de B\u00edlbilis y sus alrededores, estado actual de su conocimiento<\/i>, 12 p.<\/li>\n<li><b>SANMIGUEL MATEO, Agust\u00edn; P\u00c9TRIZ ASO, Ana Isabel; ESTABL\u00c9S ELDUQUE, J. M.<\/b>,<i>Una muralla cicl\u00f3pea en Pardos<\/i>, 10 p.<\/li>\n<li><b>ECHEVERR\u00cdA ARNEDO, Mar\u00eda Teresa<\/b>, <i>Nuevas perspectivas para el estudio del medio natural en la regi\u00f3n bilbilitana<\/i>, 10 p.<\/li>\n<li><b>PARDOS HERRER, Santiago<\/b>,<i> La din\u00e1mica del barranco de Valdehur\u00f3n y su interacci\u00f3n en las obras de la autov\u00eda<\/i>, 10 p.<\/li>\n<li><b>MORTE GARC\u00cdA, Carmen<\/b>, <i>Estudios sobre el arte de Calatayud y su comarca realizados entre 1986-1989<\/i>, 20 p.<\/li>\n<li><b>ESTABL\u00c9S ELDUQUE, J. M.<\/b>, <i>Castillos musulmanes de aparejo de piedra en la frontera occidental de Arag\u00f3n<\/i>, 4 p.<\/li>\n<li><b>ESTABL\u00c9S ELDUQUE, J. M.<\/b>, <i>Sobre una t\u00e9cnica antigua de construcci\u00f3n de b\u00f3vedas, utilizada por los musulmanes, Maluenda<\/i>, 6 p.<\/li>\n<li><b>ESTABL\u00c9S ELDUQUE, J. M.<\/b>, <i>Algunas observaciones sobre el castillo de Maluenda<\/i>, 10 p.<\/li>\n<li><b>ESTABL\u00c9S ELDUQUE, J. M.<\/b>, <i>El castillo de Pardos<\/i>, 8 p.<\/li>\n<li><b>SANMIGUEL MATEO, Agust\u00edn<\/b>, <i>Las torres defensivas isl\u00e1micas de Calatayud, precedente formal de torres mud\u00e9jares en Arag\u00f3n<\/i>, 26 p.<\/li>\n<li><b>SANMIGUEL MATEO, Agust\u00edn<\/b>, <i>Un alminar en el distrito de Qal\u2018at Ayyub, la torre de Santa Mar\u00eda de Daroca<\/i>, 16 p.<\/li>\n<li><b>L\u00d3PEZ ASENSIO, \u00c1lvaro<\/b>,<i> La torre de Ateca, alminar y mud\u00e9jar<\/i>, 4 p.<\/li>\n<li><b>ESTABL\u00c9S ELDUQUE, J. M.<\/b>, <i>Ventanas geminadas medievales en la comarca de Calatayud<\/i>, 10 p.<\/li>\n<li><b>SORO L\u00d3PEZ, Joaqu\u00edn; SANMIGUEL MATEO, Agust\u00edn<\/b>,<i> La primitiva iglesia de San Benito de Calatayud<\/i>, 18 p.<\/li>\n<li><b>PE\u00d1A GONZALVO, Francisco Javier<\/b>, <i>La iglesia de La Vilue\u00f1a<\/i>, 6 p.<\/li>\n<li><b>SANMIGUEL MATEO, Agust\u00edn; P\u00c9TRIZ ASO, Ana Isabel<\/b>, <i>La torre de La Vilue\u00f1a<\/i>, 12 p.<\/li>\n<li><b>SANMIGUEL MATEO, Agust\u00edn<\/b>, <i>La torre de Hu\u00e9rmeda<\/i>, 10 p.<\/li>\n<li><b>SANMIGUEL MATEO, Agust\u00edn<\/b>, <i>Una tipolog\u00eda mud\u00e9jar daruqu\u00ed, las torres de Valdehorna y Murero<\/i>, 14 p.<\/li>\n<li><b>ESTABL\u00c9S ELDUQUE, J. M.<\/b>, <i>La torre puerta del monasterio de Piedra<\/i>, 2 p.<\/li>\n<li><b>ESTABL\u00c9S ELDUQUE, J. M.<\/b>, <i>Arquitectura dom\u00e9stica medieval en la comarca de Calatayud (Bases para un futuro estudio)<\/i>, 16 p.<\/li>\n<li><b>MART\u00cdNEZ GARC\u00cdA, Francisco Jos\u00e9<\/b>, <i>Restos g\u00f3ticos en Bubierca y Castej\u00f3n de las Armas<\/i>, 10 p.<\/li>\n<li><b>ESTABL\u00c9S ELDUQUE, J. M.<\/b>, <i>El castillo de Godojos<\/i>, 16 p.<\/li>\n<li><b>SANMIGUEL MATEO, Agust\u00edn<\/b>, <i>Un alfarje del siglo XV en Calatayud<\/i>, 8 p.<\/li>\n<li><b>SANMIGUEL MATEO, Agust\u00edn<\/b>, <i>El palacio de Pujadas en Calatayud<\/i>, 12 p.<\/li>\n<li><b>CEBOLLA BERLANGA, Jos\u00e9 Luis; VELILLA MARCO, Elena<\/b>, <i>La ermita de Nuestra Se\u00f1ora de la Torre (Pozuel de Ariza, Zaragoza &#8211; Monteagudo de las Vicar\u00edas, Soria)<\/i>, 8 p.<\/li>\n<li><b>BOLOQUI LARRAYA, Bel\u00e9n<\/b>, <i>Miguel de Gomendradi y el proyecto de reforma de la iglesia parroquial de Moros (Zaragoza), de 1630<\/i>, 14 p.<\/li>\n<li><b>SANMIGUEL MATEO, Agust\u00edn; P\u00c9TRIZ ASO, Ana Isabel<\/b>, <i>La iglesia de San Clemente de Calatayud<\/i>, 28 p.<\/li>\n<li><b>BOLOQUI LARRAYA, Bel\u00e9n<\/b>, <i>Los escultores acad\u00e9micos hermano jesuita Pablo Diego Ib\u00e1\u00f1ez (conocido como Lacarre), Jos\u00e9 Ram\u00edrez de Arellano y el platero de S.M. Francisco Diego Lacarra. Relaciones familiares a trav\u00e9s de los \u00abQuinqui Libri\u00bb y el Archivo General de los jesuitas en Roma<\/i>, 16 p.<\/li>\n<li><b>EXP\u00d3SITO SEBASTI\u00c1N, Manuel<\/b>, <i>Antecedentes de la construcci\u00f3n de la iglesia parroquial de El Frasno<\/i>, 22 p.<\/li>\n<li><b>RINC\u00d3N GARC\u00cdA, Wifredo<\/b>, <i>Arte, artistas y temas bilbilitanos del siglo XIX<\/i>, 20 p.<\/li>\n<li><b>MILL\u00c1N GIL, Juli\u00e1n \u00c1ngel<\/b>, <i>Dos c\u00e1lices limosneros otorgados por Isabel II al monasterio de la Visitaci\u00f3n de Calatayud<\/i>, 14 p.<\/li>\n<li><b>CACHO NAVARRO, \u00c1ngel Vicente; CERRO MILL\u00c1N, Francisco Javier del; L\u00c1ZARO GRACIA, Gonzalo; RENIEBLAS RENIEBLAS, Adolfo Luis<\/b>,<i> Inventario invertebrado de la parroquia de Nuestra Se\u00f1ora de la Asunci\u00f3n de Monreal de Ariza (Zaragoza)<\/i>, 24 p.<\/li>\n<li><b>P\u00c9TRIZ ASO, Ana Isabel,<\/b> <i>Nuevas aportaciones materiales a la cer\u00e1mica de Calatayud<\/i>, 10 p.<\/li>\n<\/ul>\n<div class=\"item\">\n<div class=\"nom\"><span class=\"ficha_txt1\"><strong>AUTOR:<\/strong>\u00a0<\/span>VV.AA.<\/div>\n<div class=\"nom\"><\/div>\n<\/div>\n<div class=\"item\">\n<div class=\"nom\"><strong><span class=\"ficha_txt1\">EDICI\u00d3N:<\/span><\/strong><\/div>\n<div class=\"items_block\">\n<ul>\n<li class=\"items_block_nom\"><span class=\"ficha_txt2\">Editado por:\u00a0<\/span><span class=\"normal\">IFC-CEB<\/span><\/li>\n<li class=\"items_block_nom\"><span class=\"ficha_txt2\">Edici\u00f3n:\u00a0<\/span><span class=\"normal\">508 p., 172 il., 17&#215;24 cm, ISBN 84-7820-134-3 (o.c.) \/ 84-7820-135-1 (1)<\/span><\/li>\n<li class=\"items_block_nom\"><span class=\"ficha_txt2\">A\u00f1o edici\u00f3n:\u00a0<\/span><span class=\"normal\">1992<\/span><\/li>\n<\/ul>\n<\/div>\n<\/div>\n<div class=\"item\">\n<div class=\"nom\"><strong><span class=\"ficha_txt1\">COLECCI\u00d3N:\u00a0<\/span><\/strong><span class=\"normal\">Centro de Estudios Bilbilitanos\u00a0<\/span><\/div>\n<div class=\"nom\"><\/div>\n<\/div>\n<div class=\"item\">\n<div class=\"nom\"><span class=\"ficha_txt1\"><strong>N\u00ba PUBLICACI\u00d3N:<\/strong>\u00a0<\/span><span class=\"normal\">1319\u00a0 (IFC) &#8211; 39\u00a0(CEB)<\/span><\/div>\n<div class=\"nom\"><\/div>\n<\/div>\n<div class=\"item\">\n<div class=\"nom\"><span class=\"ficha_txt1\"><strong>PRECIO:<\/strong>\u00a0<\/span><span class=\"normal\">0,00 \u20ac<\/span><\/div>\n<div class=\"nom\"><\/div>\n<\/div>\n<div class=\"item\">\n<div class=\"nom\"><strong><span class=\"ficha_txt1\">MATERIAS:<\/span><\/strong><\/div>\n<div class=\"dat\">\n<div class=\"options2\">ESTUDIOS LOCALES Y COMARCALES &gt; Calatayud<\/div>\n<div class=\"options2\">HISTORIA &gt; Arqueolog\u00eda, Arte<\/div>\n<div class=\"options2\">GEOGRAF\u00cdA<\/div>\n<\/div>\n<\/div>\n","protected":false},"excerpt":{"rendered":"<p>Tercer Encuentro de Estudios Bilbilitanos. Actas I. Arqueolog\u00eda. Geograf\u00eda. Arte, Zaragoza, 1992, Centro de Estudios Bilbilitanos, 39, 508 p., 172 il., 17&#215;24 cm. ISBN (o.c.): 84-7820-134-3 \/ vol. I: 84-7820-135-1. \u00cdndice: MILL\u00c1N GIL, Juli\u00e1n \u00c1ngel; HERN\u00c1NDEZ VERA, Jos\u00e9 Antonio, Prehistoria &hellip; <a href=\"http:\/\/cebilbilitanos.com\/?page_id=325\">Sigue leyendo <span class=\"meta-nav\">&rarr;<\/span><\/a><\/p>\n","protected":false},"author":1,"featured_media":0,"parent":193,"menu_order":0,"comment_status":"open","ping_status":"open","template":"","meta":[],"_links":{"self":[{"href":"http:\/\/cebilbilitanos.com\/index.php?rest_route=\/wp\/v2\/pages\/325"}],"collection":[{"href":"http:\/\/cebilbilitanos.com\/index.php?rest_route=\/wp\/v2\/pages"}],"about":[{"href":"http:\/\/cebilbilitanos.com\/index.php?rest_route=\/wp\/v2\/types\/page"}],"author":[{"embeddable":true,"href":"http:\/\/cebilbilitanos.com\/index.php?rest_route=\/wp\/v2\/users\/1"}],"replies":[{"embeddable":true,"href":"http:\/\/cebilbilitanos.com\/index.php?rest_route=%2Fwp%2Fv2%2Fcomments&post=325"}],"version-history":[{"count":2,"href":"http:\/\/cebilbilitanos.com\/index.php?rest_route=\/wp\/v2\/pages\/325\/revisions"}],"predecessor-version":[{"id":701,"href":"http:\/\/cebilbilitanos.com\/index.php?rest_route=\/wp\/v2\/pages\/325\/revisions\/701"}],"up":[{"embeddable":true,"href":"http:\/\/cebilbilitanos.com\/index.php?rest_route=\/wp\/v2\/pages\/193"}],"wp:attachment":[{"href":"http:\/\/cebilbilitanos.com\/index.php?rest_route=%2Fwp%2Fv2%2Fmedia&parent=325"}],"curies":[{"name":"wp","href":"https:\/\/api.w.org\/{rel}","templated":true}]}}