{"id":314,"date":"2015-09-12T16:36:50","date_gmt":"2015-09-12T16:36:50","guid":{"rendered":"http:\/\/cebilbilitanos.com\/?page_id=314"},"modified":"2015-09-13T17:14:29","modified_gmt":"2015-09-13T17:14:29","slug":"314-2","status":"publish","type":"page","link":"http:\/\/cebilbilitanos.com\/?page_id=314","title":{"rendered":"El Cid en el Valle del Jal\u00f3n"},"content":{"rendered":"<p><i><a href=\"http:\/\/cebilbilitanos.com\/wp-content\/uploads\/2015\/09\/image_th1.jpg\"><img decoding=\"async\" loading=\"lazy\" class=\"aligncenter size-full wp-image-315\" src=\"http:\/\/cebilbilitanos.com\/wp-content\/uploads\/2015\/09\/image_th1.jpg\" alt=\"_image_th1\" width=\"180\" height=\"250\" \/><\/a><br \/>\nEl Cid en el Valle del Jal\u00f3n<\/i>. Simposio Internacional, Zaragoza, 1991, Centro de Estudios Bilbilitanos, 36, 216 p., 44 il., 17&#215;24 cm. <a href=\"http:\/\/ifc.dpz.es\/publicaciones\/ebooks\/id\/1460\">Versi\u00f3n PDF gratuita<\/a>, 1,56 Mb. ISBN: 84-7820-089-4.<\/p>\n<p><b>\u00cdndice<\/b>:<\/p>\n<ul>\n<li><b>SANMIGUEL MATEO, Agust\u00edn<\/b>, <i>Calatayud y su comarca en el siglo XI<\/i>, 16 p., 6 il.<\/li>\n<li><b>TURK, Afif<\/b>, <i>Relaci\u00f3n hist\u00f3rica entre el Cid y la dinast\u00eda Hudi<\/i>, 10 p.<\/li>\n<li><b>CORRAL LAFUENTE, Jos\u00e9 Luis<\/b>, <i>M\u00e9todo arqueol\u00f3gico y cantares de gesta<\/i>, 16 p.<\/li>\n<li><b>MART\u00cdNEZ GARC\u00cdA, Francisco Jos\u00e9<\/b>, <i>El Otero del Cid o Cerro Torrecid, enclave militar del Campeador en el Valle del Jal\u00f3n<\/i>, 48 p., 38 il.<\/li>\n<li><b>HILTY, Gerold<\/b>, <i>El problema de la historicidad del Cantar Primero despu\u00e9s del descubrimiento de Alcocer<\/i>, 10 p.<\/li>\n<li><b>EPALZA, M\u00edkel de<\/b>, <i>El Cid y los musulmanes, el sistema de Parias-Pagas, la colaboraci\u00f3n de Aben Galb\u00f3n, el t\u00edtulo de Cid-Le\u00f3n, la posadita fortificada de Alcocer<\/i>, 20 p.<\/li>\n<li><b>CRIADO DE VAL, Manuel<\/b>, <i>Tierra e itinerario del Cid en Arag\u00f3n<\/i>, 10 p.<\/li>\n<li><b>MONTANER FRUTOS, Alberto<\/b>, <i>La toma de Alcocer en su tratamiento literario, un episodio del \u00abCantar del Cid\u00bb<\/i>, 32 p.<\/li>\n<li><b>L\u00d3PEZ ESTRADA, Francisco<\/b>, <i>El poema del Cid considerado desde la perspectiva literaria de las \u00abPartidas\u00bb de Alfonso el Sabio<\/i>, 16 p.<\/li>\n<li><b>COLLADO RODR\u00cdGUEZ, Francisco<\/b>, <i>Realidad y fantas\u00eda en dos gestas medievales, del Beowulf al poema del M\u00edo Cid<\/i>, 12 p.<\/li>\n<li><b>MACKAY, Angus<\/b>, <i>Un Cid Ruy D\u00edaz en el siglo XV, Rodrigo Ponce de Le\u00f3n, Marqu\u00e9s de C\u00e1diz<\/i>, 12 p.<\/li>\n<\/ul>\n<p><a href=\"http:\/\/ifc.dpz.es\/publicaciones\/ebooks\/id\/1460\"><img decoding=\"async\" src=\"http:\/\/lh6.googleusercontent.com\/-ed3YvTE9kiw\/TXKIR9hgtbI\/AAAAAAAAAD0\/B1hTz46qLOo\/s1600\/ext_pdf.gif\" alt=\"\" border=\"0\" \/><\/a> <a href=\"http:\/\/ifc.dpz.es\/publicaciones\/ebooks\/id\/1460\"><b>Descargar PDF\u00a0<\/b><\/a><\/p>\n<div class=\"ficha_cuerpo_items\">\n<div class=\"item\">\n<div class=\"nom\"><span class=\"ficha_txt1\"><strong>AUTOR:<\/strong>\u00a0<\/span>VV.AA.<\/div>\n<div class=\"nom\"><\/div>\n<\/div>\n<div class=\"item\">\n<div class=\"nom\"><strong><span class=\"ficha_txt1\">EDICI\u00d3N:<\/span><\/strong><\/div>\n<div class=\"items_block\">\n<ul>\n<li class=\"items_block_nom\"><span class=\"ficha_txt2\">Editado por:\u00a0<\/span><span class=\"normal\">IFC-CEB<\/span><\/li>\n<li class=\"items_block_nom\"><span class=\"ficha_txt2\">Edici\u00f3n:\u00a0<\/span><span class=\"normal\">216 p., 44 il., 17&#215;24 cm, ISBN 84-7820-089-4. Versi\u00f3n PDF gratuita, 1,56 Mb.<\/span><\/li>\n<li class=\"items_block_nom\"><span class=\"ficha_txt2\">A\u00f1o edici\u00f3n:\u00a0<\/span><span class=\"normal\">1991<\/span><\/li>\n<\/ul>\n<div class=\"items_block_nom\"><\/div>\n<\/div>\n<\/div>\n<div class=\"item\">\n<div class=\"nom\"><span class=\"ficha_txt1\"><strong>COLECCI\u00d3N:<\/strong>\u00a0<\/span><span class=\"normal\">Actas<\/span><\/div>\n<div class=\"nom\"><\/div>\n<\/div>\n<div class=\"item\">\n<div class=\"nom\"><span class=\"ficha_txt1\"><strong>N\u00ba PUBLICACI\u00d3N:<\/strong>\u00a0<\/span><span class=\"normal\">1264\u00a0 (IFC) &#8211; 36\u00a0(CEB)<\/span><\/div>\n<div class=\"nom\"><\/div>\n<\/div>\n<div class=\"item\">\n<div class=\"nom\"><span class=\"ficha_txt1\"><strong>PRECIO<\/strong>:\u00a0<\/span><span class=\"normal\">Agotado<\/span><\/div>\n<div class=\"nom\"><\/div>\n<\/div>\n<div class=\"item\">\n<div class=\"nom\"><strong><span class=\"ficha_txt1\">MATERIAS:\u00a0<\/span><\/strong><\/div>\n<div class=\"nom\">HISTORIA &gt; Historia medieval<\/div>\n<div class=\"dat\">\n<div class=\"options2\">LENGUA y LITERATURA &gt; Literatura medieval<\/div>\n<div class=\"options2\"><\/div>\n<\/div>\n<\/div>\n<\/div>\n<div class=\"ficha_cuerpo_adic\"><\/div>\n","protected":false},"excerpt":{"rendered":"<p>El Cid en el Valle del Jal\u00f3n. Simposio Internacional, Zaragoza, 1991, Centro de Estudios Bilbilitanos, 36, 216 p., 44 il., 17&#215;24 cm. Versi\u00f3n PDF gratuita, 1,56 Mb. ISBN: 84-7820-089-4. \u00cdndice: SANMIGUEL MATEO, Agust\u00edn, Calatayud y su comarca en el siglo &hellip; <a href=\"http:\/\/cebilbilitanos.com\/?page_id=314\">Sigue leyendo <span class=\"meta-nav\">&rarr;<\/span><\/a><\/p>\n","protected":false},"author":1,"featured_media":0,"parent":193,"menu_order":0,"comment_status":"open","ping_status":"open","template":"","meta":[],"_links":{"self":[{"href":"http:\/\/cebilbilitanos.com\/index.php?rest_route=\/wp\/v2\/pages\/314"}],"collection":[{"href":"http:\/\/cebilbilitanos.com\/index.php?rest_route=\/wp\/v2\/pages"}],"about":[{"href":"http:\/\/cebilbilitanos.com\/index.php?rest_route=\/wp\/v2\/types\/page"}],"author":[{"embeddable":true,"href":"http:\/\/cebilbilitanos.com\/index.php?rest_route=\/wp\/v2\/users\/1"}],"replies":[{"embeddable":true,"href":"http:\/\/cebilbilitanos.com\/index.php?rest_route=%2Fwp%2Fv2%2Fcomments&post=314"}],"version-history":[{"count":3,"href":"http:\/\/cebilbilitanos.com\/index.php?rest_route=\/wp\/v2\/pages\/314\/revisions"}],"predecessor-version":[{"id":622,"href":"http:\/\/cebilbilitanos.com\/index.php?rest_route=\/wp\/v2\/pages\/314\/revisions\/622"}],"up":[{"embeddable":true,"href":"http:\/\/cebilbilitanos.com\/index.php?rest_route=\/wp\/v2\/pages\/193"}],"wp:attachment":[{"href":"http:\/\/cebilbilitanos.com\/index.php?rest_route=%2Fwp%2Fv2%2Fmedia&parent=314"}],"curies":[{"name":"wp","href":"https:\/\/api.w.org\/{rel}","templated":true}]}}