{"id":2997,"date":"2022-07-13T11:40:55","date_gmt":"2022-07-13T09:40:55","guid":{"rendered":"http:\/\/cebilbilitanos.com\/?page_id=2997"},"modified":"2022-07-13T11:40:55","modified_gmt":"2022-07-13T09:40:55","slug":"la-provincia-de-calatayud-durante-el-trienio-liberal","status":"publish","type":"page","link":"http:\/\/cebilbilitanos.com\/?page_id=2997","title":{"rendered":"La provincia de Calatayud durante el Trienio Liberal"},"content":{"rendered":"\n<figure class=\"wp-block-image size-large\"><a href=\"http:\/\/cebilbilitanos.com\/wp-content\/uploads\/2022\/05\/foto-formulario-scaled.jpg\"><img decoding=\"async\" loading=\"lazy\" width=\"812\" height=\"1024\" src=\"http:\/\/cebilbilitanos.com\/wp-content\/uploads\/2022\/05\/foto-formulario-812x1024.jpg\" alt=\"\" class=\"wp-image-2971\" srcset=\"http:\/\/cebilbilitanos.com\/wp-content\/uploads\/2022\/05\/foto-formulario-812x1024.jpg 812w, http:\/\/cebilbilitanos.com\/wp-content\/uploads\/2022\/05\/foto-formulario-238x300.jpg 238w, http:\/\/cebilbilitanos.com\/wp-content\/uploads\/2022\/05\/foto-formulario-768x969.jpg 768w, http:\/\/cebilbilitanos.com\/wp-content\/uploads\/2022\/05\/foto-formulario-1217x1536.jpg 1217w, http:\/\/cebilbilitanos.com\/wp-content\/uploads\/2022\/05\/foto-formulario-1623x2048.jpg 1623w, http:\/\/cebilbilitanos.com\/wp-content\/uploads\/2022\/05\/foto-formulario-scaled.jpg 2029w\" sizes=\"(max-width: 812px) 100vw, 812px\" \/><\/a><\/figure>\n\n\n\n<p>Autor:Urzay, Jos\u00e9 \u00c1ngel (coord.)<\/p>\n\n\n\n<p><strong>Editado por:<\/strong>\u00a0IFC &#8211; Centro de Estudios Bilbilitanos<br><strong>Edici\u00f3n:<\/strong>\u00a0383 p., il., 17&#215;24 cm, <\/p>\n\n\n\n<p>ISBN 978-84-9911-648-8<br><strong>A\u00f1o edici\u00f3n:<\/strong>\u00a02022<br>Colecci\u00f3n:Centro de Estudios BilbilitanosN\u00ba Publicaci\u00f3n3848Precio:No disponibleMaterias:<\/p>\n\n\n\n<p><a href=\"https:\/\/ifc.dpz.es\/publicaciones\/listado\/categoria\/47\">HISTORIA<\/a>&nbsp;&gt;&nbsp;<a href=\"https:\/\/ifc.dpz.es\/publicaciones\/listado\/categoria\/58\">Historia contempor\u00e1nea<\/a><\/p>\n\n\n\n<p><a href=\"https:\/\/ifc.dpz.es\/publicaciones\/listado\/categoria\/91\">ESTUDIOS LOCALES Y COMARCALES<\/a>\u00a0>\u00a0<a href=\"https:\/\/ifc.dpz.es\/publicaciones\/listado\/categoria\/95\">Calatayud<\/a><\/p>\n\n\n\n<p>Esta publicaci\u00f3n llena un vac\u00edo importante sobre un tema, la creaci\u00f3n de la provincia de Calatayud, que si bien era conocido por la mayor\u00eda de las personas que viven en los pueblos y en las ciudades que formaron parte de ella, apenas hab\u00eda sido divulgado. Este libro descubre las diferentes organizaciones del territorio en cada periodo hist\u00f3rico, su proceso de creaci\u00f3n, el contexto pol\u00edtico, econ\u00f3mico y social de las localidades que fueron incluidas, la relaci\u00f3n con la Comunidad de Aldeas con la que convivi\u00f3, los acontecimientos m\u00e1s relevantes que sucedieron durante su funcionamiento o las biograf\u00edas de los principales protagonistas. La informaci\u00f3n aqu\u00ed recogida servir\u00e1 a investigadores que en un futuro centren sus estudios en el Trienio Liberal o en el siglo XIX.<\/p>\n\n\n\n<p>Enlace para la descarga:\u00a0<a href=\"https:\/\/ifc.dpz.es\/publicaciones\/ebooks\/id\/3934\">https:\/\/ifc.dpz.es\/publicaciones\/ebooks\/id\/3934<\/a><\/p>\n","protected":false},"excerpt":{"rendered":"<p>Autor:Urzay, Jos\u00e9 \u00c1ngel (coord.) Editado por:\u00a0IFC &#8211; Centro de Estudios BilbilitanosEdici\u00f3n:\u00a0383 p., il., 17&#215;24 cm, ISBN 978-84-9911-648-8A\u00f1o edici\u00f3n:\u00a02022Colecci\u00f3n:Centro de Estudios BilbilitanosN\u00ba Publicaci\u00f3n3848Precio:No disponibleMaterias: HISTORIA&nbsp;&gt;&nbsp;Historia contempor\u00e1nea ESTUDIOS LOCALES Y COMARCALES\u00a0>\u00a0Calatayud Esta publicaci\u00f3n llena un vac\u00edo importante sobre un tema, la creaci\u00f3n &hellip; <a href=\"http:\/\/cebilbilitanos.com\/?page_id=2997\">Sigue leyendo <span class=\"meta-nav\">&rarr;<\/span><\/a><\/p>\n","protected":false},"author":1,"featured_media":0,"parent":0,"menu_order":0,"comment_status":"closed","ping_status":"closed","template":"","meta":[],"_links":{"self":[{"href":"http:\/\/cebilbilitanos.com\/index.php?rest_route=\/wp\/v2\/pages\/2997"}],"collection":[{"href":"http:\/\/cebilbilitanos.com\/index.php?rest_route=\/wp\/v2\/pages"}],"about":[{"href":"http:\/\/cebilbilitanos.com\/index.php?rest_route=\/wp\/v2\/types\/page"}],"author":[{"embeddable":true,"href":"http:\/\/cebilbilitanos.com\/index.php?rest_route=\/wp\/v2\/users\/1"}],"replies":[{"embeddable":true,"href":"http:\/\/cebilbilitanos.com\/index.php?rest_route=%2Fwp%2Fv2%2Fcomments&post=2997"}],"version-history":[{"count":1,"href":"http:\/\/cebilbilitanos.com\/index.php?rest_route=\/wp\/v2\/pages\/2997\/revisions"}],"predecessor-version":[{"id":2999,"href":"http:\/\/cebilbilitanos.com\/index.php?rest_route=\/wp\/v2\/pages\/2997\/revisions\/2999"}],"wp:attachment":[{"href":"http:\/\/cebilbilitanos.com\/index.php?rest_route=%2Fwp%2Fv2%2Fmedia&parent=2997"}],"curies":[{"name":"wp","href":"https:\/\/api.w.org\/{rel}","templated":true}]}}