{"id":285,"date":"2015-09-12T12:17:13","date_gmt":"2015-09-12T12:17:13","guid":{"rendered":"http:\/\/cebilbilitanos.com\/?page_id=285"},"modified":"2015-09-13T17:53:23","modified_gmt":"2015-09-13T17:53:23","slug":"plano-geometrico-de-la-ciudad-de-calatayud","status":"publish","type":"page","link":"http:\/\/cebilbilitanos.com\/?page_id=285","title":{"rendered":"Plano Geom\u00e9trico de la Ciudad de Calatayud"},"content":{"rendered":"<p><a style=\"clear: left; float: left; margin-bottom: 1em; margin-right: 1em;\" href=\"https:\/\/lh5.googleusercontent.com\/-YuWeMsyPe08\/TXJujXoFcVI\/AAAAAAAAADA\/vab2MJgrTJw\/s1600\/cat_23.jpg\"><img decoding=\"async\" src=\"http:\/\/lh5.googleusercontent.com\/-YuWeMsyPe08\/TXJujXoFcVI\/AAAAAAAAADA\/vab2MJgrTJw\/s1600\/cat_23.jpg\" alt=\"\" border=\"0\" \/><\/a><i>Plano Geom\u00e9trico de la Ciudad de Calatayud<\/i>. 1863 (Facs\u00edmile), Zaragoza, 1987, Centro de Estudios Bilbilitanos, 23, 1 p. facs\u00edmile, 1 il.<\/p>\n<p>&nbsp;<\/p>\n<div class=\"item\">\n<div class=\"nom\"><strong><span class=\"ficha_txt1\">EDICI\u00d3N:<\/span><\/strong><\/div>\n<div class=\"items_block\">\n<ul>\n<li class=\"items_block_nom\"><span class=\"ficha_txt2\">Editado por:\u00a0<\/span><span class=\"normal\">IFC-CEB<\/span><\/li>\n<li class=\"items_block_nom\"><span class=\"ficha_txt2\">Edici\u00f3n:\u00a0<\/span><span class=\"normal\">1 p. facs\u00edmile, 1 il.<\/span><\/li>\n<li class=\"items_block_nom\"><span class=\"ficha_txt2\">A\u00f1o edici\u00f3n:\u00a0<\/span><span class=\"normal\">1987<\/span><\/li>\n<\/ul>\n<div class=\"items_block_nom\"><\/div>\n<\/div>\n<\/div>\n<div class=\"item\">\n<div class=\"nom\"><strong><span class=\"ficha_txt1\">COLECCI\u00d3N:\u00a0<\/span><\/strong><span class=\"normal\">Centro de Estudios Bilbilitanos<\/span><\/div>\n<div class=\"nom\"><\/div>\n<\/div>\n<div class=\"item\">\n<div class=\"nom\"><strong><span class=\"ficha_txt1\">N\u00ba PUBLICACI\u00d3N:\u00a0<\/span><\/strong><span class=\"normal\">1088 (IFC) &#8211; 23\u00a0(CEB)<\/span><\/div>\n<div class=\"nom\"><\/div>\n<\/div>\n<div class=\"item\">\n<div class=\"nom\"><span class=\"ficha_txt1\"><strong>PRECIO:<\/strong>\u00a0<\/span><span class=\"normal\">Agotado<\/span><\/div>\n<div class=\"nom\"><\/div>\n<\/div>\n<div class=\"item\">\n<div class=\"nom\"><strong><span class=\"ficha_txt1\">MATERIAS:<\/span><\/strong><\/div>\n<div class=\"dat\">\n<div class=\"options2\">FOTOGRAF\u00cdA E ILUSTRACIONES<\/div>\n<div class=\"options2\">ESTUDIOS LOCALES Y COMARCALES &gt; Calatayud<\/div>\n<div class=\"options2\">GEOGRAF\u00cdA<\/div>\n<div class=\"options2\">TOPOGRAF\u00cdA<\/div>\n<\/div>\n<\/div>\n","protected":false},"excerpt":{"rendered":"<p>Plano Geom\u00e9trico de la Ciudad de Calatayud. 1863 (Facs\u00edmile), Zaragoza, 1987, Centro de Estudios Bilbilitanos, 23, 1 p. facs\u00edmile, 1 il. &nbsp; EDICI\u00d3N: Editado por:\u00a0IFC-CEB Edici\u00f3n:\u00a01 p. facs\u00edmile, 1 il. A\u00f1o edici\u00f3n:\u00a01987 COLECCI\u00d3N:\u00a0Centro de Estudios Bilbilitanos N\u00ba PUBLICACI\u00d3N:\u00a01088 (IFC) &#8211; &hellip; <a href=\"http:\/\/cebilbilitanos.com\/?page_id=285\">Sigue leyendo <span class=\"meta-nav\">&rarr;<\/span><\/a><\/p>\n","protected":false},"author":1,"featured_media":0,"parent":193,"menu_order":0,"comment_status":"open","ping_status":"open","template":"","meta":[],"_links":{"self":[{"href":"http:\/\/cebilbilitanos.com\/index.php?rest_route=\/wp\/v2\/pages\/285"}],"collection":[{"href":"http:\/\/cebilbilitanos.com\/index.php?rest_route=\/wp\/v2\/pages"}],"about":[{"href":"http:\/\/cebilbilitanos.com\/index.php?rest_route=\/wp\/v2\/types\/page"}],"author":[{"embeddable":true,"href":"http:\/\/cebilbilitanos.com\/index.php?rest_route=\/wp\/v2\/users\/1"}],"replies":[{"embeddable":true,"href":"http:\/\/cebilbilitanos.com\/index.php?rest_route=%2Fwp%2Fv2%2Fcomments&post=285"}],"version-history":[{"count":2,"href":"http:\/\/cebilbilitanos.com\/index.php?rest_route=\/wp\/v2\/pages\/285\/revisions"}],"predecessor-version":[{"id":687,"href":"http:\/\/cebilbilitanos.com\/index.php?rest_route=\/wp\/v2\/pages\/285\/revisions\/687"}],"up":[{"embeddable":true,"href":"http:\/\/cebilbilitanos.com\/index.php?rest_route=\/wp\/v2\/pages\/193"}],"wp:attachment":[{"href":"http:\/\/cebilbilitanos.com\/index.php?rest_route=%2Fwp%2Fv2%2Fmedia&parent=285"}],"curies":[{"name":"wp","href":"https:\/\/api.w.org\/{rel}","templated":true}]}}