{"id":2764,"date":"2020-11-01T08:52:00","date_gmt":"2020-11-01T08:52:00","guid":{"rendered":"http:\/\/cebilbilitanos.com\/?page_id=2764"},"modified":"2020-11-01T08:52:00","modified_gmt":"2020-11-01T08:52:00","slug":"angel-espinosa-herrer-1889-1971-pintor-y-escritor","status":"publish","type":"page","link":"http:\/\/cebilbilitanos.com\/?page_id=2764","title":{"rendered":"\u00c1ngel Espinosa Herrer (1889-1971). Pintor y escritor."},"content":{"rendered":"\n<div class=\"wp-block-image\"><figure class=\"aligncenter\"><img decoding=\"async\" loading=\"lazy\" width=\"175\" height=\"250\" src=\"http:\/\/cebilbilitanos.com\/wp-content\/uploads\/2020\/11\/image_th1-3.jpg\" alt=\"\" class=\"wp-image-2765\"\/><\/figure><\/div>\n\n\n\n<p>\u00c1ngel Espinosa Herrer (1889-1971). Pintor y escritor<\/p>\n\n\n\n<p><strong>Autor:<\/strong> P\u00e9rez Moreno, Rub\u00e9n<\/p>\n\n\n\n<p><strong>Edici\u00f3n:<\/strong><br><strong>Editado por:<\/strong>\u00a0IFC &#8211; Centro de Estudios Bilbilitanos<br><strong>Edici\u00f3n:<\/strong>\u00a0303 p., il., 17 x 24 cm, <br>ISBN 978-84-9911-616-7<br><strong>A\u00f1o edici\u00f3n:<\/strong>\u00a02020<br>Colecci\u00f3n: Centro de Estudios Bilbilitanos<br>N\u00ba Publicaci\u00f3n: 3786<br>Precio: 17,00 \u20ac<br>Materias: <a href=\"https:\/\/ifc.dpz.es\/publicaciones\/listado\/categoria\/13\">ARTE<\/a>\u00a0>\u00a0<a href=\"https:\/\/ifc.dpz.es\/publicaciones\/listado\/categoria\/20\">Arte contempor\u00e1neo<\/a><a href=\"https:\/\/ifc.dpz.es\/publicaciones\/listado\/categoria\/62\">LENGUA y LITERATURA<\/a>\u00a0>\u00a0<a href=\"https:\/\/ifc.dpz.es\/publicaciones\/listado\/categoria\/74\">Literatura contempor\u00e1nea<\/a><\/p>\n\n\n\n<p>Aunque la obra art\u00edstica de \u00c1ngel Espinosa Herrer no es completamente desconocida para los bilbilitanos, lo cierto es que el paso del tiempo ha relegado al olvido casi total a este poeta y pintor nacido en Calatayud, del que muy pocos datos hilvanados se ten\u00edan hasta la fecha, a quien toc\u00f3 vivir la efervescencia art\u00edstica de la Edad de Plata de la cultura espa\u00f1ola, la Guerra Civil, la dura posguerra y, finalmente, el franquismo. Esta obra constituye un aut\u00e9ntico puzle biogr\u00e1fico que encaja piezas encontradas en archivos, hemerotecas y museos, integrando y secuenciando un relato diacr\u00f3nico coherente y contextualizado del que emerge la figura del artista, con su obra u sus inquietudes intelectuales. <\/p>\n","protected":false},"excerpt":{"rendered":"<p>\u00c1ngel Espinosa Herrer (1889-1971). Pintor y escritor Autor: P\u00e9rez Moreno, Rub\u00e9n Edici\u00f3n:Editado por:\u00a0IFC &#8211; Centro de Estudios BilbilitanosEdici\u00f3n:\u00a0303 p., il., 17 x 24 cm, ISBN 978-84-9911-616-7A\u00f1o edici\u00f3n:\u00a02020Colecci\u00f3n: Centro de Estudios BilbilitanosN\u00ba Publicaci\u00f3n: 3786Precio: 17,00 \u20acMaterias: ARTE\u00a0>\u00a0Arte contempor\u00e1neoLENGUA y LITERATURA\u00a0>\u00a0Literatura contempor\u00e1nea &hellip; <a href=\"http:\/\/cebilbilitanos.com\/?page_id=2764\">Sigue leyendo <span class=\"meta-nav\">&rarr;<\/span><\/a><\/p>\n","protected":false},"author":1,"featured_media":0,"parent":193,"menu_order":0,"comment_status":"closed","ping_status":"closed","template":"","meta":[],"_links":{"self":[{"href":"http:\/\/cebilbilitanos.com\/index.php?rest_route=\/wp\/v2\/pages\/2764"}],"collection":[{"href":"http:\/\/cebilbilitanos.com\/index.php?rest_route=\/wp\/v2\/pages"}],"about":[{"href":"http:\/\/cebilbilitanos.com\/index.php?rest_route=\/wp\/v2\/types\/page"}],"author":[{"embeddable":true,"href":"http:\/\/cebilbilitanos.com\/index.php?rest_route=\/wp\/v2\/users\/1"}],"replies":[{"embeddable":true,"href":"http:\/\/cebilbilitanos.com\/index.php?rest_route=%2Fwp%2Fv2%2Fcomments&post=2764"}],"version-history":[{"count":1,"href":"http:\/\/cebilbilitanos.com\/index.php?rest_route=\/wp\/v2\/pages\/2764\/revisions"}],"predecessor-version":[{"id":2766,"href":"http:\/\/cebilbilitanos.com\/index.php?rest_route=\/wp\/v2\/pages\/2764\/revisions\/2766"}],"up":[{"embeddable":true,"href":"http:\/\/cebilbilitanos.com\/index.php?rest_route=\/wp\/v2\/pages\/193"}],"wp:attachment":[{"href":"http:\/\/cebilbilitanos.com\/index.php?rest_route=%2Fwp%2Fv2%2Fmedia&parent=2764"}],"curies":[{"name":"wp","href":"https:\/\/api.w.org\/{rel}","templated":true}]}}