{"id":2660,"date":"2020-05-17T20:22:11","date_gmt":"2020-05-17T20:22:11","guid":{"rendered":"http:\/\/cebilbilitanos.com\/?page_id=2660"},"modified":"2020-05-17T20:22:11","modified_gmt":"2020-05-17T20:22:11","slug":"guia-de-arboles-y-arboledas-singulares-de-la-comunidad-de-calatayud","status":"publish","type":"page","link":"http:\/\/cebilbilitanos.com\/?page_id=2660","title":{"rendered":"Gu\u00eda de \u00e1rboles y arboledas singulares de la Comunidad de Calatayud"},"content":{"rendered":"\n<figure class=\"wp-block-image\"><img decoding=\"async\" src=\"https:\/\/ifc.dpz.es\/recursos\/publicaciones\/37\/88\/_image_th1.jpg\" alt=\"Portada de la publicaci\u00f3n\"\/><\/figure>\n\n\n\n<p>Autor:Portero Garc\u00e9s, Alberto<\/p>\n\n\n\n<ul><li>Edici\u00f3n:<strong>Editado por:<\/strong>\u00a0IFC &#8211; Centro de Estudios Bilbilitanos<\/li><li><strong>Edici\u00f3n:<\/strong>\u00a0149 p., il., 17&#215;24 cm, ISBN 978-84-9911-561-0<\/li><li><strong>A\u00f1o edici\u00f3n:<\/strong>\u00a02019<\/li><li>Colecci\u00f3n:Centro de Estudios Bilbilitanos<\/li><li>N\u00ba Publicaci\u00f3n3707<\/li><li>Precio:10,00 \u20ac<\/li><li>Materias:<a href=\"https:\/\/ifc.dpz.es\/publicaciones\/listado\/categoria\/23\">CIENCIAS DE LA TIERRA. GEOGRAF\u00cdA. ECONOM\u00cdA<\/a>\u00a0>\u00a0<a href=\"https:\/\/ifc.dpz.es\/publicaciones\/listado\/categoria\/29\">Biolog\u00eda. Fauna y flora. Ecolog\u00eda <\/a>><a href=\"https:\/\/ifc.dpz.es\/publicaciones\/listado\/categoria\/91\">ESTUDIOS LOCALES Y COMARCALES<\/a>\u00a0>\u00a0<a href=\"https:\/\/ifc.dpz.es\/publicaciones\/listado\/categoria\/95\">Calatayud<\/a><\/li><\/ul>\n\n\n\n<p>La comarca de Calatayud acoge una rica flora que incluye \u00e1rboles y arboledas de gran inter\u00e9s. Es un paisaje muy humanizado desde la Antig\u00fcedad, que en las \u00faltimas d\u00e9cadas se encuentra en un profundo proceso de transformaci\u00f3n por el abandono de terrenos anta\u00f1o cultivados y por los cambios experimentados en las labores agr\u00edcolas y ganaderas, por lo que cientos de hect\u00e1reas de monte han sido de nuevo recuperadas por la naturaleza. En esta reconfiguraci\u00f3n del paisaje, los \u00e1rboles adquieren una significaci\u00f3n especial. En esta gu\u00eda se presentan las fichas de treinta y tres \u00e1rboles de la comarca, y se recogen los datos de once interesantes arboledas, con la intenci\u00f3n de invitar a recorrer la comarca para descubrir los rincones m\u00e1s espl\u00e9ndidos y apartados de las rutas tur\u00edsticas de la vieja Celtiberia.<\/p>\n","protected":false},"excerpt":{"rendered":"<p>Autor:Portero Garc\u00e9s, Alberto Edici\u00f3n:Editado por:\u00a0IFC &#8211; Centro de Estudios Bilbilitanos Edici\u00f3n:\u00a0149 p., il., 17&#215;24 cm, ISBN 978-84-9911-561-0 A\u00f1o edici\u00f3n:\u00a02019 Colecci\u00f3n:Centro de Estudios Bilbilitanos N\u00ba Publicaci\u00f3n3707 Precio:10,00 \u20ac Materias:CIENCIAS DE LA TIERRA. GEOGRAF\u00cdA. ECONOM\u00cdA\u00a0>\u00a0Biolog\u00eda. Fauna y flora. Ecolog\u00eda >ESTUDIOS LOCALES Y &hellip; <a href=\"http:\/\/cebilbilitanos.com\/?page_id=2660\">Sigue leyendo <span class=\"meta-nav\">&rarr;<\/span><\/a><\/p>\n","protected":false},"author":1,"featured_media":0,"parent":0,"menu_order":0,"comment_status":"closed","ping_status":"closed","template":"","meta":[],"_links":{"self":[{"href":"http:\/\/cebilbilitanos.com\/index.php?rest_route=\/wp\/v2\/pages\/2660"}],"collection":[{"href":"http:\/\/cebilbilitanos.com\/index.php?rest_route=\/wp\/v2\/pages"}],"about":[{"href":"http:\/\/cebilbilitanos.com\/index.php?rest_route=\/wp\/v2\/types\/page"}],"author":[{"embeddable":true,"href":"http:\/\/cebilbilitanos.com\/index.php?rest_route=\/wp\/v2\/users\/1"}],"replies":[{"embeddable":true,"href":"http:\/\/cebilbilitanos.com\/index.php?rest_route=%2Fwp%2Fv2%2Fcomments&post=2660"}],"version-history":[{"count":1,"href":"http:\/\/cebilbilitanos.com\/index.php?rest_route=\/wp\/v2\/pages\/2660\/revisions"}],"predecessor-version":[{"id":2661,"href":"http:\/\/cebilbilitanos.com\/index.php?rest_route=\/wp\/v2\/pages\/2660\/revisions\/2661"}],"wp:attachment":[{"href":"http:\/\/cebilbilitanos.com\/index.php?rest_route=%2Fwp%2Fv2%2Fmedia&parent=2660"}],"curies":[{"name":"wp","href":"https:\/\/api.w.org\/{rel}","templated":true}]}}