{"id":2658,"date":"2020-05-17T20:19:46","date_gmt":"2020-05-17T20:19:46","guid":{"rendered":"http:\/\/cebilbilitanos.com\/?page_id=2658"},"modified":"2020-05-17T20:19:46","modified_gmt":"2020-05-17T20:19:46","slug":"el-retablo-mayor-de-san-pedro-de-los-francos-de-calatayud","status":"publish","type":"page","link":"http:\/\/cebilbilitanos.com\/?page_id=2658","title":{"rendered":"El retablo mayor de San Pedro de los Francos de Calatayud"},"content":{"rendered":"\n<figure class=\"wp-block-image\"><img decoding=\"async\" src=\"https:\/\/ifc.dpz.es\/recursos\/publicaciones\/37\/76\/_image_th1.jpg\" alt=\"Portada de la publicaci\u00f3n\"\/><\/figure>\n\n\n\n<p>Autor: Carretero Calvo, Rebeca; S\u00e1nchez Ib\u00e1\u00f1ez, Ana<\/p>\n\n\n\n<ul><li>Edici\u00f3n:<strong>Editado por:<\/strong>\u00a0IFC &#8211; Centro de Estudios Bilbilitanos<\/li><li><strong>Edici\u00f3n:<\/strong>\u00a0193 p., il., 17 x 24 cm, ISBN 978-84-9911-560-3<\/li><li><strong>A\u00f1o edici\u00f3n:<\/strong>\u00a02019<\/li><li>Colecci\u00f3n: Centro de Estudios Bilbilitanos <\/li><li>N\u00ba Publicaci\u00f3n3706<\/li><li>Precio:15,00 \u20ac<\/li><li>Materias:<a href=\"https:\/\/ifc.dpz.es\/publicaciones\/listado\/categoria\/13\">ARTE<\/a>\u00a0>\u00a0<a href=\"https:\/\/ifc.dpz.es\/publicaciones\/listado\/categoria\/18\">Arte renacentista, barroco y neocl\u00e1sico<\/a> ><a href=\"https:\/\/ifc.dpz.es\/publicaciones\/listado\/categoria\/91\">ESTUDIOS LOCALES Y COMARCALES<\/a>\u00a0>\u00a0<a href=\"https:\/\/ifc.dpz.es\/publicaciones\/listado\/categoria\/95\">Calatayud<\/a><\/li><\/ul>\n\n\n\n<p>Esta obra, hija del proceso de restauraci\u00f3n del retablo llevado a cabo entre 2017 y 2018, pretende reflejar su historia, investigada por Rebeca Carretero Calvo, y su restauraci\u00f3n, desarrollada minuciosamente por Ana S\u00e1nchez Ib\u00e1\u00f1ez. En los \u00faltimos meses ambas han trabajado de nuevo en equipo para escribir este libro, que conjuga el estudio art\u00edstico con la descripci\u00f3n t\u00e9cnica de su mazoner\u00eda y revestimiento pol\u00edcromo. La restauraci\u00f3n ha devuelto su antiguo esplendor al retablo, que parece ahora renacer como buen ejemplo a seguir en la conservaci\u00f3n de nuestro patrimonio art\u00edstico.<\/p>\n","protected":false},"excerpt":{"rendered":"<p>Autor: Carretero Calvo, Rebeca; S\u00e1nchez Ib\u00e1\u00f1ez, Ana Edici\u00f3n:Editado por:\u00a0IFC &#8211; Centro de Estudios Bilbilitanos Edici\u00f3n:\u00a0193 p., il., 17 x 24 cm, ISBN 978-84-9911-560-3 A\u00f1o edici\u00f3n:\u00a02019 Colecci\u00f3n: Centro de Estudios Bilbilitanos N\u00ba Publicaci\u00f3n3706 Precio:15,00 \u20ac Materias:ARTE\u00a0>\u00a0Arte renacentista, barroco y neocl\u00e1sico >ESTUDIOS &hellip; <a href=\"http:\/\/cebilbilitanos.com\/?page_id=2658\">Sigue leyendo <span class=\"meta-nav\">&rarr;<\/span><\/a><\/p>\n","protected":false},"author":1,"featured_media":0,"parent":0,"menu_order":0,"comment_status":"closed","ping_status":"closed","template":"","meta":[],"_links":{"self":[{"href":"http:\/\/cebilbilitanos.com\/index.php?rest_route=\/wp\/v2\/pages\/2658"}],"collection":[{"href":"http:\/\/cebilbilitanos.com\/index.php?rest_route=\/wp\/v2\/pages"}],"about":[{"href":"http:\/\/cebilbilitanos.com\/index.php?rest_route=\/wp\/v2\/types\/page"}],"author":[{"embeddable":true,"href":"http:\/\/cebilbilitanos.com\/index.php?rest_route=\/wp\/v2\/users\/1"}],"replies":[{"embeddable":true,"href":"http:\/\/cebilbilitanos.com\/index.php?rest_route=%2Fwp%2Fv2%2Fcomments&post=2658"}],"version-history":[{"count":1,"href":"http:\/\/cebilbilitanos.com\/index.php?rest_route=\/wp\/v2\/pages\/2658\/revisions"}],"predecessor-version":[{"id":2659,"href":"http:\/\/cebilbilitanos.com\/index.php?rest_route=\/wp\/v2\/pages\/2658\/revisions\/2659"}],"wp:attachment":[{"href":"http:\/\/cebilbilitanos.com\/index.php?rest_route=%2Fwp%2Fv2%2Fmedia&parent=2658"}],"curies":[{"name":"wp","href":"https:\/\/api.w.org\/{rel}","templated":true}]}}