{"id":256,"date":"2015-09-12T11:36:26","date_gmt":"2015-09-12T11:36:26","guid":{"rendered":"http:\/\/cebilbilitanos.com\/?page_id=256"},"modified":"2015-09-13T16:52:10","modified_gmt":"2015-09-13T16:52:10","slug":"calatayud-ciudad-de-las-torres","status":"publish","type":"page","link":"http:\/\/cebilbilitanos.com\/?page_id=256","title":{"rendered":"Calatayud, ciudad de las Torres"},"content":{"rendered":"<p><a style=\"clear: left; float: left; margin-bottom: 1em; margin-right: 1em;\" href=\"https:\/\/lh5.googleusercontent.com\/-Cb7-F_fde3g\/TWvr5zMa65I\/AAAAAAAAACM\/llma8zuUjAs\/s1600\/cat_12.jpg\"><img decoding=\"async\" src=\"http:\/\/lh5.googleusercontent.com\/-Cb7-F_fde3g\/TWvr5zMa65I\/AAAAAAAAACM\/llma8zuUjAs\/s1600\/cat_12.jpg\" alt=\"\" border=\"0\" \/><\/a><b>MU\u00d1OZ CALLEJERO, Jos\u00e9 Mar\u00eda<\/b>, <i>Calatayud, ciudad de las Torres (Poemas)<\/i>, pr\u00f3logo de Alfredo Mu\u00f1oz Guti\u00e9rrez, Sergio Zapater\u00eda G., Zaragoza, 1983, Centro de Estudios Bilbilitanos, 12, 86 p., 15&#215;24 cm (San Jorge, de Poes\u00eda, 33). ISBN: 84-00-05280-3.<\/p>\n<p><b>P\u00f3rtico<\/b>: \u00ab&#8230; una nueva publicaci\u00f3n de Jos\u00e9 Mar\u00eda Mu\u00f1oz Callejero&#8230; que ten\u00eda desperdigado por peri\u00f3dicos y revistas, caudal suficiente para la edici\u00f3n de varios libros.<\/p>\n<p>En \u00e9ste, casi enteramente dedicado a su ciudad natal, de la que canta prodigiosamente la piedra y el esp\u00edritu, queremos resaltar la belleza de algunos poemas que escribi\u00f3 en plena juventud, y que,\u00a0 pese a los a\u00f1os conservan una encantadora lozan\u00eda po\u00e9tica&#8230;\u00bb<\/p>\n<div class=\"item\">\n<div class=\"nom\"><span class=\"ficha_txt1\"><strong>NOTAS:<\/strong>\u00a0<\/span><span class=\"normal\">Pr\u00f3logo de Alfredo Mu\u00f1oz Guti\u00e9rrez y Sergio Zapater\u00eda.<\/span><\/div>\n<div class=\"nom\"><\/div>\n<\/div>\n<div class=\"item\">\n<div class=\"nom\"><strong><span class=\"ficha_txt1\">EDICI\u00d3N:<\/span><\/strong><\/div>\n<div class=\"items_block\">\n<ol>\n<li class=\"items_block_nom\"><span class=\"ficha_txt2\">Editado por:\u00a0<\/span><span class=\"normal\">IFC-CEB<\/span><\/li>\n<li class=\"items_block_nom\"><span class=\"ficha_txt2\">Edici\u00f3n:\u00a0<\/span><span class=\"normal\">86 p., 15&#215;24 cm, ISBN 84-00-05280-3<\/span><\/li>\n<li class=\"items_block_nom\"><span class=\"ficha_txt2\">A\u00f1o edici\u00f3n:\u00a0<\/span><span class=\"normal\">1983<\/span><\/li>\n<\/ol>\n<div class=\"items_block_nom\"><\/div>\n<\/div>\n<\/div>\n<div class=\"item\">\n<div class=\"nom\"><span class=\"ficha_txt1\"><strong>COLECCI\u00d3N:<\/strong>\u00a0<\/span><span class=\"normal\">Centro de Estudios Bilbilitanos<\/span><\/div>\n<div class=\"nom\"><\/div>\n<\/div>\n<div class=\"item\">\n<div class=\"nom\"><span class=\"ficha_txt1\"><strong>N\u00ba PUBLICACI\u00d3N:<\/strong>\u00a0<\/span><span class=\"normal\">902 (IFC) &#8211; 12\u00a0(CEB)<\/span><\/div>\n<div class=\"nom\"><\/div>\n<\/div>\n<div class=\"item\">\n<div class=\"nom\"><strong><span class=\"ficha_txt1\">PRECIO:\u00a0<\/span><\/strong><span class=\"normal\">Agotado<\/span><\/div>\n<div class=\"nom\"><\/div>\n<\/div>\n<div class=\"item\">\n<div class=\"nom\"><strong><span class=\"ficha_txt1\">MATERIAS:<\/span><\/strong><\/div>\n<div class=\"dat\">\n<div class=\"options2\">NARRATIVA, POES\u00cdA y TEATRO &gt; Poes\u00eda<\/div>\n<div class=\"options2\">ESTUDIOS LOCALES Y COMARCALES &gt; Calatayud<\/div>\n<\/div>\n<\/div>\n","protected":false},"excerpt":{"rendered":"<p>MU\u00d1OZ CALLEJERO, Jos\u00e9 Mar\u00eda, Calatayud, ciudad de las Torres (Poemas), pr\u00f3logo de Alfredo Mu\u00f1oz Guti\u00e9rrez, Sergio Zapater\u00eda G., Zaragoza, 1983, Centro de Estudios Bilbilitanos, 12, 86 p., 15&#215;24 cm (San Jorge, de Poes\u00eda, 33). ISBN: 84-00-05280-3. P\u00f3rtico: \u00ab&#8230; una nueva &hellip; <a href=\"http:\/\/cebilbilitanos.com\/?page_id=256\">Sigue leyendo <span class=\"meta-nav\">&rarr;<\/span><\/a><\/p>\n","protected":false},"author":1,"featured_media":0,"parent":193,"menu_order":0,"comment_status":"open","ping_status":"open","template":"","meta":[],"_links":{"self":[{"href":"http:\/\/cebilbilitanos.com\/index.php?rest_route=\/wp\/v2\/pages\/256"}],"collection":[{"href":"http:\/\/cebilbilitanos.com\/index.php?rest_route=\/wp\/v2\/pages"}],"about":[{"href":"http:\/\/cebilbilitanos.com\/index.php?rest_route=\/wp\/v2\/types\/page"}],"author":[{"embeddable":true,"href":"http:\/\/cebilbilitanos.com\/index.php?rest_route=\/wp\/v2\/users\/1"}],"replies":[{"embeddable":true,"href":"http:\/\/cebilbilitanos.com\/index.php?rest_route=%2Fwp%2Fv2%2Fcomments&post=256"}],"version-history":[{"count":2,"href":"http:\/\/cebilbilitanos.com\/index.php?rest_route=\/wp\/v2\/pages\/256\/revisions"}],"predecessor-version":[{"id":596,"href":"http:\/\/cebilbilitanos.com\/index.php?rest_route=\/wp\/v2\/pages\/256\/revisions\/596"}],"up":[{"embeddable":true,"href":"http:\/\/cebilbilitanos.com\/index.php?rest_route=\/wp\/v2\/pages\/193"}],"wp:attachment":[{"href":"http:\/\/cebilbilitanos.com\/index.php?rest_route=%2Fwp%2Fv2%2Fmedia&parent=256"}],"curies":[{"name":"wp","href":"https:\/\/api.w.org\/{rel}","templated":true}]}}