{"id":1884,"date":"2017-09-03T09:03:34","date_gmt":"2017-09-03T09:03:34","guid":{"rendered":"http:\/\/cebilbilitanos.com\/?page_id=1884"},"modified":"2017-09-03T18:12:46","modified_gmt":"2017-09-03T18:12:46","slug":"vicente-de-la-fuente-y-el-catolicismo","status":"publish","type":"page","link":"http:\/\/cebilbilitanos.com\/?page_id=1884","title":{"rendered":"Vicente de la Fuente y el catolicismo"},"content":{"rendered":"<p><a href=\"http:\/\/cebilbilitanos.com\/?page_id=1756\">Volver<\/a><\/p>\n<p><img decoding=\"async\" loading=\"lazy\" class=\"aligncenter size-full wp-image-1885\" src=\"http:\/\/cebilbilitanos.com\/wp-content\/uploads\/2017\/09\/14Panel.jpg\" alt=\"\" width=\"640\" height=\"1120\" srcset=\"http:\/\/cebilbilitanos.com\/wp-content\/uploads\/2017\/09\/14Panel.jpg 640w, http:\/\/cebilbilitanos.com\/wp-content\/uploads\/2017\/09\/14Panel-171x300.jpg 171w, http:\/\/cebilbilitanos.com\/wp-content\/uploads\/2017\/09\/14Panel-585x1024.jpg 585w\" sizes=\"(max-width: 640px) 100vw, 640px\" \/><\/p>\n<p><span style=\"color: #800000;\"><b><i>\u00abYo no soy m\u00e1s que cat\u00f3lico, ni carlista, ni isabelino, ni realista, ni<br \/>\nmoderado, ni progresista, ni republicano&#8230;\u00bb<\/i><\/b><\/span><\/p>\n<div id=\"attachment_1886\" style=\"width: 650px\" class=\"wp-caption aligncenter\"><img aria-describedby=\"caption-attachment-1886\" decoding=\"async\" loading=\"lazy\" class=\"size-full wp-image-1886\" src=\"http:\/\/cebilbilitanos.com\/wp-content\/uploads\/2017\/09\/santiago_masarnau.jpg\" alt=\"\" width=\"640\" height=\"964\" srcset=\"http:\/\/cebilbilitanos.com\/wp-content\/uploads\/2017\/09\/santiago_masarnau.jpg 640w, http:\/\/cebilbilitanos.com\/wp-content\/uploads\/2017\/09\/santiago_masarnau-199x300.jpg 199w\" sizes=\"(max-width: 640px) 100vw, 640px\" \/><p id=\"caption-attachment-1886\" class=\"wp-caption-text\">Santiago Masarnau introducir\u00eda en Espa\u00f1a las Conferencias de San Vicente de Pa\u00fal, obra ben\u00e9fica de la que Vicente de la Fuente ser\u00eda fundador en nuestro pa\u00eds.<\/p><\/div>\n<p>La educaci\u00f3n cat\u00f3lica de Vicente de la Fuente a lo largo de su infancia y juventud, marc\u00f3 toda su vida y obra. Su s\u00f3lida ideolog\u00eda le hizo creer firmemente en la separaci\u00f3n entre la fe y cualquier opci\u00f3n pol\u00edtica, en un momento hist\u00f3rico en el que el carlismo, parec\u00eda querer monopolizar las aspiraciones y desencanto de gran parte del catolicismo m\u00e1s tradicional en nuestro pa\u00eds.<\/p>\n<div id=\"attachment_1887\" style=\"width: 650px\" class=\"wp-caption aligncenter\"><img aria-describedby=\"caption-attachment-1887\" decoding=\"async\" loading=\"lazy\" class=\"size-full wp-image-1887\" src=\"http:\/\/cebilbilitanos.com\/wp-content\/uploads\/2017\/09\/elogio-a-Masarnau.jpg\" alt=\"\" width=\"640\" height=\"917\" srcset=\"http:\/\/cebilbilitanos.com\/wp-content\/uploads\/2017\/09\/elogio-a-Masarnau.jpg 640w, http:\/\/cebilbilitanos.com\/wp-content\/uploads\/2017\/09\/elogio-a-Masarnau-209x300.jpg 209w\" sizes=\"(max-width: 640px) 100vw, 640px\" \/><p id=\"caption-attachment-1887\" class=\"wp-caption-text\">Elogio escrito por Vicente de la Fuente a la muerte de Masarnau.<\/p><\/div>\n<div class=\"issuuembed\" style=\"width: 640px; height: 555px;\" data-configid=\"1152352\/52796707\"><\/div>\n<p><script type=\"text\/javascript\" src=\"\/\/e.issuu.com\/embed.js\" async=\"true\"><\/script><\/p>\n<p><a href=\"https:\/\/drive.google.com\/file\/d\/0B2kQWpw0K9YkYmhvTFZEQkZOemc\/view?usp=sharing\">Descargar documento<\/a><\/p>\n<p>Como creyente siempre se dej\u00f3 llevar por un juicio cient\u00edfico que le hac\u00eda rechazar con ardor todas las supersticiones, que para \u00e9l desnaturalizaban la fe, la cual siempre defendi\u00f3 con la fuerza de la raz\u00f3n y obrando con honradez. Vicente de la Fuente, como cat\u00f3lico practicante que era, particip\u00f3 activamente en las asociaciones religiosas y ben\u00e9ficas de las que form\u00f3 parte. Una de las que se sentir\u00eda m\u00e1s orgulloso era, precisamente, las Conferencias de San Vicente de Pa\u00fal en Espa\u00f1a, de las que ser\u00eda fundador en 1849 junto a Santiago Masarnau y Anselmo Ouradou. Esta instituci\u00f3n, que actualmente sigue cumpliendo su labor humanitaria, hab\u00eda surgido en Francia en 1833 de manos de Fr\u00e9d\u00e9ric Ozanam, estudiante que buscaba una mayor implicaci\u00f3n de los laicos en la defensa y ayuda a los m\u00e1s necesitados. Don Vicente obtuvo el cargo de vicepresidente del consejo nacional de la misma desde 1858. A la muerte de Masarnau, escribi\u00f3 un art\u00edculo alabando su figura. Tambi\u00e9n fue secretario de la Doctrina Cristiana, fundador de la Asociaci\u00f3n de Cat\u00f3licos y Estudios Cat\u00f3licos en 1868, y miembro de la Academia de San Miguel, fundada por el Padre Claret, en 1859. Sus \u00faltimos a\u00f1os de vida los dedic\u00f3 a la organizaci\u00f3n de los Congresos Cat\u00f3licos de los que fue su m\u00e1ximo inspirador.<\/p>\n<div id=\"attachment_1888\" style=\"width: 650px\" class=\"wp-caption aligncenter\"><img aria-describedby=\"caption-attachment-1888\" decoding=\"async\" loading=\"lazy\" class=\"size-full wp-image-1888\" src=\"http:\/\/cebilbilitanos.com\/wp-content\/uploads\/2017\/09\/la_cruzada.jpg\" alt=\"\" width=\"640\" height=\"908\" srcset=\"http:\/\/cebilbilitanos.com\/wp-content\/uploads\/2017\/09\/la_cruzada.jpg 640w, http:\/\/cebilbilitanos.com\/wp-content\/uploads\/2017\/09\/la_cruzada-211x300.jpg 211w\" sizes=\"(max-width: 640px) 100vw, 640px\" \/><p id=\"caption-attachment-1888\" class=\"wp-caption-text\">Vicente de la Fuente fue tambi\u00e9n colaborador habitual en la prensa cat\u00f3lica de la \u00e9poca. En \u00abLa Cruzada\u00bb, escrib\u00eda bajo el pseud\u00f3nimo de \u00abX.\u00bb (<a href=\"http:\/\/cebilbilitanos.com\/wp-content\/uploads\/2017\/09\/la_cruzada.pdf\">Ver documento<\/a>)<\/p><\/div>\n<div id=\"attachment_1890\" style=\"width: 650px\" class=\"wp-caption aligncenter\"><img aria-describedby=\"caption-attachment-1890\" decoding=\"async\" loading=\"lazy\" class=\"size-full wp-image-1890\" src=\"http:\/\/cebilbilitanos.com\/wp-content\/uploads\/2017\/09\/Madrid_una_sesi\u00f3n_del_Congreso_Cat\u00f3lico_Espa\u00f1ol_en_la_iglesia_de_San_Jer\u00f3nimo_del_Prado_dibujo_del_natural_por_Comba.jpg\" alt=\"\" width=\"640\" height=\"477\" srcset=\"http:\/\/cebilbilitanos.com\/wp-content\/uploads\/2017\/09\/Madrid_una_sesi\u00f3n_del_Congreso_Cat\u00f3lico_Espa\u00f1ol_en_la_iglesia_de_San_Jer\u00f3nimo_del_Prado_dibujo_del_natural_por_Comba.jpg 640w, http:\/\/cebilbilitanos.com\/wp-content\/uploads\/2017\/09\/Madrid_una_sesi\u00f3n_del_Congreso_Cat\u00f3lico_Espa\u00f1ol_en_la_iglesia_de_San_Jer\u00f3nimo_del_Prado_dibujo_del_natural_por_Comba-300x224.jpg 300w\" sizes=\"(max-width: 640px) 100vw, 640px\" \/><p id=\"caption-attachment-1890\" class=\"wp-caption-text\">Una de las \u00faltimas colaboraciones de Vicente de la Fuente fue precisamente en el Congreso Cat\u00f3lico de 1889 sobre la Iconograf\u00eda Mariana en Espa\u00f1a durante la Edad Media.<\/p><\/div>\n<p><a href=\"http:\/\/cebilbilitanos.com\/?page_id=1756\">Volver<\/a><\/p>\n","protected":false},"excerpt":{"rendered":"<p>Volver \u00abYo no soy m\u00e1s que cat\u00f3lico, ni carlista, ni isabelino, ni realista, ni moderado, ni progresista, ni republicano&#8230;\u00bb La educaci\u00f3n cat\u00f3lica de Vicente de la Fuente a lo largo de su infancia y juventud, marc\u00f3 toda su vida y &hellip; <a href=\"http:\/\/cebilbilitanos.com\/?page_id=1884\">Sigue leyendo <span class=\"meta-nav\">&rarr;<\/span><\/a><\/p>\n","protected":false},"author":1,"featured_media":0,"parent":1756,"menu_order":0,"comment_status":"closed","ping_status":"closed","template":"","meta":[],"_links":{"self":[{"href":"http:\/\/cebilbilitanos.com\/index.php?rest_route=\/wp\/v2\/pages\/1884"}],"collection":[{"href":"http:\/\/cebilbilitanos.com\/index.php?rest_route=\/wp\/v2\/pages"}],"about":[{"href":"http:\/\/cebilbilitanos.com\/index.php?rest_route=\/wp\/v2\/types\/page"}],"author":[{"embeddable":true,"href":"http:\/\/cebilbilitanos.com\/index.php?rest_route=\/wp\/v2\/users\/1"}],"replies":[{"embeddable":true,"href":"http:\/\/cebilbilitanos.com\/index.php?rest_route=%2Fwp%2Fv2%2Fcomments&post=1884"}],"version-history":[{"count":3,"href":"http:\/\/cebilbilitanos.com\/index.php?rest_route=\/wp\/v2\/pages\/1884\/revisions"}],"predecessor-version":[{"id":1934,"href":"http:\/\/cebilbilitanos.com\/index.php?rest_route=\/wp\/v2\/pages\/1884\/revisions\/1934"}],"up":[{"embeddable":true,"href":"http:\/\/cebilbilitanos.com\/index.php?rest_route=\/wp\/v2\/pages\/1756"}],"wp:attachment":[{"href":"http:\/\/cebilbilitanos.com\/index.php?rest_route=%2Fwp%2Fv2%2Fmedia&parent=1884"}],"curies":[{"name":"wp","href":"https:\/\/api.w.org\/{rel}","templated":true}]}}