{"id":1873,"date":"2017-09-02T18:48:04","date_gmt":"2017-09-02T18:48:04","guid":{"rendered":"http:\/\/cebilbilitanos.com\/?page_id=1873"},"modified":"2017-09-07T19:06:27","modified_gmt":"2017-09-07T19:06:27","slug":"vicente-de-la-fuente-y-el-periodismo-espanol-del-siglo-xix","status":"publish","type":"page","link":"http:\/\/cebilbilitanos.com\/?page_id=1873","title":{"rendered":"Vicente de la Fuente y el periodismo espa\u00f1ol del siglo XIX"},"content":{"rendered":"<p><a href=\"http:\/\/cebilbilitanos.com\/?page_id=1756\">Volver<\/a><\/p>\n<p><img decoding=\"async\" loading=\"lazy\" class=\"aligncenter size-full wp-image-1937\" src=\"http:\/\/cebilbilitanos.com\/wp-content\/uploads\/2017\/09\/13Panel-1.jpg\" alt=\"\" width=\"640\" height=\"1120\" srcset=\"http:\/\/cebilbilitanos.com\/wp-content\/uploads\/2017\/09\/13Panel-1.jpg 640w, http:\/\/cebilbilitanos.com\/wp-content\/uploads\/2017\/09\/13Panel-1-171x300.jpg 171w, http:\/\/cebilbilitanos.com\/wp-content\/uploads\/2017\/09\/13Panel-1-585x1024.jpg 585w\" sizes=\"(max-width: 640px) 100vw, 640px\" \/><\/p>\n<p><span style=\"color: #800000;\"><b><i>\u00abAl Pensamiento Espa\u00f1ol le voy a dar mi art\u00edculo probando que Do\u00f1a Juana la Loca no fue protestante&#8230;\u00bb<\/i><\/b><\/span><\/p>\n<div id=\"attachment_1877\" style=\"width: 650px\" class=\"wp-caption aligncenter\"><img aria-describedby=\"caption-attachment-1877\" decoding=\"async\" loading=\"lazy\" class=\"size-full wp-image-1877\" src=\"http:\/\/cebilbilitanos.com\/wp-content\/uploads\/2017\/09\/Mesonero-romanos.jpg\" alt=\"\" width=\"640\" height=\"777\" srcset=\"http:\/\/cebilbilitanos.com\/wp-content\/uploads\/2017\/09\/Mesonero-romanos.jpg 640w, http:\/\/cebilbilitanos.com\/wp-content\/uploads\/2017\/09\/Mesonero-romanos-247x300.jpg 247w\" sizes=\"(max-width: 640px) 100vw, 640px\" \/><p id=\"caption-attachment-1877\" class=\"wp-caption-text\">Mesonero Romanos, cronista de Madrid y miembro de la Real Academia Espa\u00f1ola de la Lengua, se relacion\u00f3 con de la Fuente en su \u00e9poca como director del Semanario Pintoresco Espa\u00f1ol.<\/p><\/div>\n<p>Su faceta de colaborador en prensa comenz\u00f3 en 1837. Con s\u00f3lo con veinte a\u00f1os realiz\u00f3 una de sus primeras incursiones en el <em>Semanario Pintoresco Espa\u00f1ol<\/em> (1-2), publicaci\u00f3n de referencia que pretend\u00eda \u00ab<i>popularizar entre la multitud aquellos conocimientos \u00fatiles de las letras y las artes<\/i>\u00ab. Escribi\u00f3 art\u00edculos hist\u00f3ricos, biogr\u00e1ficos y costumbristas que por su estilo tradicional, lleno de gracia, emotividad, lirismo y romanticismo conquistaron al director de la obra, a la saz\u00f3n Ram\u00f3n Mesonero Romanos. La publicaci\u00f3n alcanz\u00f3 una difusi\u00f3n ins\u00f3lita para la \u00e9poca donde comparti\u00f3 p\u00e1ginas con autores tan importantes como Hartzenbuch, Bret\u00f3n de los Herreros, Carolina Coronado o Jos\u00e9 Zorrilla.<\/p>\n<div id=\"attachment_1875\" style=\"width: 650px\" class=\"wp-caption aligncenter\"><img aria-describedby=\"caption-attachment-1875\" decoding=\"async\" loading=\"lazy\" class=\"size-full wp-image-1875\" src=\"http:\/\/cebilbilitanos.com\/wp-content\/uploads\/2017\/09\/espa\u00f1oles_pintados_por_si_mismos.jpg\" alt=\"\" width=\"640\" height=\"1077\" srcset=\"http:\/\/cebilbilitanos.com\/wp-content\/uploads\/2017\/09\/espa\u00f1oles_pintados_por_si_mismos.jpg 640w, http:\/\/cebilbilitanos.com\/wp-content\/uploads\/2017\/09\/espa\u00f1oles_pintados_por_si_mismos-178x300.jpg 178w, http:\/\/cebilbilitanos.com\/wp-content\/uploads\/2017\/09\/espa\u00f1oles_pintados_por_si_mismos-609x1024.jpg 609w\" sizes=\"(max-width: 640px) 100vw, 640px\" \/><p id=\"caption-attachment-1875\" class=\"wp-caption-text\">Sus colaboraciones en Los Espa\u00f1oles pintados por si mismos le hicieron codearse con figuras important\u00edsimas del romanticismo espa\u00f1ol como Bret\u00f3n de los Herreros o el Duque de Rivas. (<a href=\"http:\/\/cebilbilitanos.com\/wp-content\/uploads\/2017\/09\/espa%C3%B1oles_pintads_por_si_mismos.pdf\">Ver documento<\/a>)<\/p><\/div>\n<p>Tras la impronta costumbrista, y ampliando la n\u00f3mina de escritores ilustres, naci\u00f3 la publicaci\u00f3n <i>Los espa\u00f1oles pintados por s\u00ed mismos <\/i>(3)<i>\u00a0<\/i>donde Vicente de la Fuente colabor\u00f3 entre 1843 y 1844 con art\u00edculos como: <i>el Sacrist\u00e1n <\/i>(4), <i>el Estudiante <\/i>(5), o <i>la Monja <\/i>plasmados con gran gracejo y un lenguaje rico y expresivo.<\/p>\n<div id=\"attachment_1878\" style=\"width: 650px\" class=\"wp-caption aligncenter\"><img aria-describedby=\"caption-attachment-1878\" decoding=\"async\" loading=\"lazy\" class=\"size-full wp-image-1878\" src=\"http:\/\/cebilbilitanos.com\/wp-content\/uploads\/2017\/09\/1vaquillas_san_roque.jpg\" alt=\"\" width=\"640\" height=\"643\" srcset=\"http:\/\/cebilbilitanos.com\/wp-content\/uploads\/2017\/09\/1vaquillas_san_roque.jpg 640w, http:\/\/cebilbilitanos.com\/wp-content\/uploads\/2017\/09\/1vaquillas_san_roque-150x150.jpg 150w, http:\/\/cebilbilitanos.com\/wp-content\/uploads\/2017\/09\/1vaquillas_san_roque-300x300.jpg 300w\" sizes=\"(max-width: 640px) 100vw, 640px\" \/><p id=\"caption-attachment-1878\" class=\"wp-caption-text\">En el Semanario Pintoresco Espa\u00f1ol Vicente de la Fuente reflej\u00f3 con gracejo algunas escenas costumbristas como estas Vaquillas de San\u00a0Roque basadas en esta tradici\u00f3n bilbilitana. (<a href=\"http:\/\/cebilbilitanos.com\/wp-content\/uploads\/2017\/09\/vaquillas_san_roque.pdf\">Ver documento completo<\/a>)<\/p><\/div>\n<p>Como cronista y polemista utiliz\u00f3 un estilo sat\u00edrico, pero caballeresco, de fina iron\u00eda, con el que reflejaba y hasta ridiculizaba, la realidad de aquel agitado siglo XIX. Citemos por ejemplo el <i>Calendario piadoso<\/i>, donde escribi\u00f3 notas de informaci\u00f3n pol\u00edtica en la secci\u00f3n que se dio en llamar <i>Cr\u00f3nica contempor\u00e1nea<\/i>. Public\u00f3 tambi\u00e9n art\u00edculos en: Revista de Madrid, Revista de Legislaci\u00f3n, El Amigo del pueblo, Bolet\u00edn bibliogr\u00e1fico de la Academia de San Miguel, La Cruzada, El Altar y el Trono, Bolet\u00edn Hist\u00f3rico, La Ilustraci\u00f3n Cat\u00f3lica, Revista Hispano-Americana, La L\u00e1mpara del Santuario, Revista de la Universidad de Madrid etc., y en peri\u00f3dicos como El Conciliador y La Espa\u00f1a Cat\u00f3lica de Madrid y La Uni\u00f3n Cat\u00f3lica de Palma de Mallorca.<\/p>\n<div id=\"attachment_1880\" style=\"width: 650px\" class=\"wp-caption aligncenter\"><img aria-describedby=\"caption-attachment-1880\" decoding=\"async\" loading=\"lazy\" class=\"size-full wp-image-1880\" src=\"http:\/\/cebilbilitanos.com\/wp-content\/uploads\/2017\/09\/ilustracion-cat\u00f3lica.jpg\" alt=\"\" width=\"640\" height=\"939\" srcset=\"http:\/\/cebilbilitanos.com\/wp-content\/uploads\/2017\/09\/ilustracion-cat\u00f3lica.jpg 640w, http:\/\/cebilbilitanos.com\/wp-content\/uploads\/2017\/09\/ilustracion-cat\u00f3lica-204x300.jpg 204w\" sizes=\"(max-width: 640px) 100vw, 640px\" \/><p id=\"caption-attachment-1880\" class=\"wp-caption-text\">Su participaci\u00f3n en la prensa de la \u00e9poca reflej\u00f3 desde vivencias personales a temas de sus investigaciones como este art\u00edculo dedicado a la Ofrenda de las damas de B\u00e9lgica a Santa Teresa de Jes\u00fas con motivo del tercer centenario de su muerte en La Ilustraci\u00f3n Cat\u00f3lica. (<a href=\"http:\/\/cebilbilitanos.com\/wp-content\/uploads\/2017\/09\/ilustracion-catolica.pdf\">Ver documento<\/a>).<\/p><\/div>\n<hr \/>\n<ol>\n<li><a href=\"http:\/\/gicesxix.uab.es\/showAutor.php?idA=272\">Relaci\u00f3n de cuentos (con resumen y rese\u00f1a) y otras colaboraciones de Vicente de la Fuente en el Semanario Pintoresco Espa\u00f1ol.<\/a><\/li>\n<li><a href=\"http:\/\/hemerotecadigital.bne.es\/results.vm?q=parent%3A0003096384&amp;s=0&amp;lang=es\">Ejemplares del Semanario Pintoresco<\/a> Espa\u00f1ol de la Hemeroteca Digital de la Biblioteca Nacional de Espa\u00f1a.<\/li>\n<li><em>Descargar Los espa\u00f1oles pintados por si mismos<\/em> <a href=\"https:\/\/dl.wdl.org\/10635\/service\/10635_1.pdf\">(Volumen 1)<\/a> (<a href=\"https:\/\/dl.wdl.org\/10635\/service\/10635_2.pdf\">Volumen 2<\/a>) de la Biblioteca Digital Mundial.<\/li>\n<li>Descargar <em><a href=\"http:\/\/cebilbilitanos.com\/wp-content\/uploads\/2017\/09\/El-sacrist\u00e1n.pdf\">El sacrist\u00e1n<\/a><\/em>.<\/li>\n<li>Descargar <a href=\"https:\/\/drive.google.com\/file\/d\/0B2kQWpw0K9YkUDZCMHNMNjZJeVE\/view?usp=sharing\"><em>El estudiante<\/em><\/a>.<\/li>\n<\/ol>\n<p><a href=\"http:\/\/cebilbilitanos.com\/?page_id=1756\">Volver<\/a><\/p>\n","protected":false},"excerpt":{"rendered":"<p>Volver \u00abAl Pensamiento Espa\u00f1ol le voy a dar mi art\u00edculo probando que Do\u00f1a Juana la Loca no fue protestante&#8230;\u00bb Su faceta de colaborador en prensa comenz\u00f3 en 1837. Con s\u00f3lo con veinte a\u00f1os realiz\u00f3 una de sus primeras incursiones en &hellip; <a href=\"http:\/\/cebilbilitanos.com\/?page_id=1873\">Sigue leyendo <span class=\"meta-nav\">&rarr;<\/span><\/a><\/p>\n","protected":false},"author":1,"featured_media":0,"parent":1756,"menu_order":0,"comment_status":"closed","ping_status":"closed","template":"","meta":[],"_links":{"self":[{"href":"http:\/\/cebilbilitanos.com\/index.php?rest_route=\/wp\/v2\/pages\/1873"}],"collection":[{"href":"http:\/\/cebilbilitanos.com\/index.php?rest_route=\/wp\/v2\/pages"}],"about":[{"href":"http:\/\/cebilbilitanos.com\/index.php?rest_route=\/wp\/v2\/types\/page"}],"author":[{"embeddable":true,"href":"http:\/\/cebilbilitanos.com\/index.php?rest_route=\/wp\/v2\/users\/1"}],"replies":[{"embeddable":true,"href":"http:\/\/cebilbilitanos.com\/index.php?rest_route=%2Fwp%2Fv2%2Fcomments&post=1873"}],"version-history":[{"count":5,"href":"http:\/\/cebilbilitanos.com\/index.php?rest_route=\/wp\/v2\/pages\/1873\/revisions"}],"predecessor-version":[{"id":1976,"href":"http:\/\/cebilbilitanos.com\/index.php?rest_route=\/wp\/v2\/pages\/1873\/revisions\/1976"}],"up":[{"embeddable":true,"href":"http:\/\/cebilbilitanos.com\/index.php?rest_route=\/wp\/v2\/pages\/1756"}],"wp:attachment":[{"href":"http:\/\/cebilbilitanos.com\/index.php?rest_route=%2Fwp%2Fv2%2Fmedia&parent=1873"}],"curies":[{"name":"wp","href":"https:\/\/api.w.org\/{rel}","templated":true}]}}