{"id":1865,"date":"2017-09-02T18:31:30","date_gmt":"2017-09-02T18:31:30","guid":{"rendered":"http:\/\/cebilbilitanos.com\/?page_id=1865"},"modified":"2017-09-07T18:59:39","modified_gmt":"2017-09-07T18:59:39","slug":"vicente-de-la-fuente-defensor-del-patrimonio","status":"publish","type":"page","link":"http:\/\/cebilbilitanos.com\/?page_id=1865","title":{"rendered":"Vicente de la Fuente defensor del patrimonio"},"content":{"rendered":"<p><a href=\"http:\/\/cebilbilitanos.com\/?page_id=1756\">Volver<\/a><\/p>\n<p><img decoding=\"async\" loading=\"lazy\" class=\"aligncenter size-full wp-image-1974\" src=\"http:\/\/cebilbilitanos.com\/wp-content\/uploads\/2017\/09\/12Panel-1.jpg\" alt=\"\" width=\"640\" height=\"1120\" srcset=\"http:\/\/cebilbilitanos.com\/wp-content\/uploads\/2017\/09\/12Panel-1.jpg 640w, http:\/\/cebilbilitanos.com\/wp-content\/uploads\/2017\/09\/12Panel-1-171x300.jpg 171w, http:\/\/cebilbilitanos.com\/wp-content\/uploads\/2017\/09\/12Panel-1-585x1024.jpg 585w\" sizes=\"(max-width: 640px) 100vw, 640px\" \/><\/p>\n<p><span style=\"color: #800000;\"><b><i>\u00abDice usted que porque no se clama contra esas demoliciones. Bien han clamado contra ellas los dichos alumnos y por darles en el rostro principiaron a demoler a sus barbas el Convento de San Bernardo\u00bb<\/i><\/b><\/span><\/p>\n<p>Vicente de la Fuente, como hombre de su tiempo, vivi\u00f3 estrechamente ligado a las corrientes rom\u00e1nticas imperantes, las cuales preconizaban una mayor sensibilizaci\u00f3n y concienciaci\u00f3n en la salvaguarda de monumentos y antig\u00fcedades. Sin embargo, las convulsiones pol\u00edticas del siglo XIX y la transici\u00f3n del Antiguo R\u00e9gimen a una nueva sociedad liberal, ofrecieron su cara m\u00e1s funesta, para gran parte del patrimonio en las sucesivas leyes desamortizadoras que supusieron la p\u00e9rdida de una gran parte de nuestra riqueza monumental. El Gobierno en aquel momento, a fin de controlar y organizar este legado patrimonial, cre\u00f3 las Comisiones Provinciales de Monumentos Hist\u00f3ricos y Art\u00edsticos. Vicente de la Fuente, en su etapa salmantina, colabor\u00f3 activamente en \u00e9stas, bien facilitando la labor a los estudiantes, que se ocupaban de la catalogaci\u00f3n de cada monumento, bien participando activamente en la defensa de algunos de \u00e9stos mediante sendos informes.<\/p>\n<div id=\"attachment_1867\" style=\"width: 650px\" class=\"wp-caption aligncenter\"><img aria-describedby=\"caption-attachment-1867\" decoding=\"async\" loading=\"lazy\" class=\"size-full wp-image-1867\" src=\"http:\/\/cebilbilitanos.com\/wp-content\/uploads\/2017\/09\/informe-santa-mar\u00eda.jpg\" alt=\"\" width=\"640\" height=\"904\" srcset=\"http:\/\/cebilbilitanos.com\/wp-content\/uploads\/2017\/09\/informe-santa-mar\u00eda.jpg 640w, http:\/\/cebilbilitanos.com\/wp-content\/uploads\/2017\/09\/informe-santa-mar\u00eda-212x300.jpg 212w\" sizes=\"(max-width: 640px) 100vw, 640px\" \/><p id=\"caption-attachment-1867\" class=\"wp-caption-text\">Informe remitido en 1876 por Vicente de la Fuente a la Real Academia de la Historia para conseguir la restauraci\u00f3n de la portada de la Colegiata de Santa Mar\u00eda la Mayor de Calatayud.<\/p><\/div>\n<p>En sus estancias en Calatayud, don Vicente, remiti\u00f3 frecuente informaci\u00f3n de algunos edificios bilbilitanos, al oscense Valent\u00edn Carderera, vocal de la Comisi\u00f3n Central de Monumentos. Se intentaba en ellos dejar constancia de su importancia y belleza e, incluso, en el caso del convento e iglesia de San Pedro M\u00e1rtir, evitar su desaparici\u00f3n. Nuestro autor lleg\u00f3 a elaborar un estudio sobre este cenobio dominico que, sin embargo, no impidi\u00f3 la demolici\u00f3n de esta joya en 1856.<\/p>\n<div id=\"attachment_1868\" style=\"width: 650px\" class=\"wp-caption aligncenter\"><img aria-describedby=\"caption-attachment-1868\" decoding=\"async\" loading=\"lazy\" class=\"size-full wp-image-1868\" src=\"http:\/\/cebilbilitanos.com\/wp-content\/uploads\/2017\/09\/prensa_0421-1030x686.jpg\" alt=\"\" width=\"640\" height=\"504\" srcset=\"http:\/\/cebilbilitanos.com\/wp-content\/uploads\/2017\/09\/prensa_0421-1030x686.jpg 640w, http:\/\/cebilbilitanos.com\/wp-content\/uploads\/2017\/09\/prensa_0421-1030x686-300x236.jpg 300w\" sizes=\"(max-width: 640px) 100vw, 640px\" \/><p id=\"caption-attachment-1868\" class=\"wp-caption-text\">Los desvelos de Vicente de la Fuente y Valent\u00edn Carderera por evitar el derribo de San Pedro M\u00e1rtir resultaron infructuosos.<\/p><\/div>\n<div id=\"attachment_1869\" style=\"width: 650px\" class=\"wp-caption aligncenter\"><img aria-describedby=\"caption-attachment-1869\" decoding=\"async\" loading=\"lazy\" class=\"size-full wp-image-1869\" src=\"http:\/\/cebilbilitanos.com\/wp-content\/uploads\/2017\/09\/Valent\u00edn_Carderera.jpg\" alt=\"\" width=\"640\" height=\"771\" srcset=\"http:\/\/cebilbilitanos.com\/wp-content\/uploads\/2017\/09\/Valent\u00edn_Carderera.jpg 640w, http:\/\/cebilbilitanos.com\/wp-content\/uploads\/2017\/09\/Valent\u00edn_Carderera-249x300.jpg 249w\" sizes=\"(max-width: 640px) 100vw, 640px\" \/><p id=\"caption-attachment-1869\" class=\"wp-caption-text\">La relaci\u00f3n epistolar de Vicente de la Fuente con el pintor Valent\u00edn Carderera nos muestran su inter\u00e9s en la defensa del patrimonio bilbilitano. Valent\u00edn Carderera por Madrazo.<\/p><\/div>\n<p>No obstante, el culmen de toda esta actividad y esfuerzo, se materializ\u00f3, ya en los \u00faltimos a\u00f1os de su vida, en lograr la restauraci\u00f3n de la portada de la Colegiata de Santa Mar\u00eda la Mayor, y en conseguir que este templo fuera declarado Monumento Nacional en el a\u00f1o 1884; momento en el que muy pocos edificios en Espa\u00f1a gozaban de tan alta categor\u00eda.<\/p>\n<div id=\"attachment_1870\" style=\"width: 650px\" class=\"wp-caption aligncenter\"><img aria-describedby=\"caption-attachment-1870\" decoding=\"async\" loading=\"lazy\" class=\"size-full wp-image-1870\" src=\"http:\/\/cebilbilitanos.com\/wp-content\/uploads\/2017\/09\/Portada_Santa_Mar\u00eda.jpg\" alt=\"\" width=\"640\" height=\"821\" srcset=\"http:\/\/cebilbilitanos.com\/wp-content\/uploads\/2017\/09\/Portada_Santa_Mar\u00eda.jpg 640w, http:\/\/cebilbilitanos.com\/wp-content\/uploads\/2017\/09\/Portada_Santa_Mar\u00eda-234x300.jpg 234w\" sizes=\"(max-width: 640px) 100vw, 640px\" \/><p id=\"caption-attachment-1870\" class=\"wp-caption-text\">Fotograf\u00eda de J. Laurent de la portada de la\u00a0Colegiata de Santa\u00a0Mar\u00eda la Mayor que acompa\u00f1\u00f3 el informe de Vicente de la Fuente.<\/p><\/div>\n<p><a href=\"http:\/\/cebilbilitanos.com\/?page_id=1756\">Volver<\/a><\/p>\n","protected":false},"excerpt":{"rendered":"<p>Volver \u00abDice usted que porque no se clama contra esas demoliciones. Bien han clamado contra ellas los dichos alumnos y por darles en el rostro principiaron a demoler a sus barbas el Convento de San Bernardo\u00bb Vicente de la Fuente, &hellip; <a href=\"http:\/\/cebilbilitanos.com\/?page_id=1865\">Sigue leyendo <span class=\"meta-nav\">&rarr;<\/span><\/a><\/p>\n","protected":false},"author":1,"featured_media":0,"parent":1756,"menu_order":0,"comment_status":"closed","ping_status":"closed","template":"","meta":[],"_links":{"self":[{"href":"http:\/\/cebilbilitanos.com\/index.php?rest_route=\/wp\/v2\/pages\/1865"}],"collection":[{"href":"http:\/\/cebilbilitanos.com\/index.php?rest_route=\/wp\/v2\/pages"}],"about":[{"href":"http:\/\/cebilbilitanos.com\/index.php?rest_route=\/wp\/v2\/types\/page"}],"author":[{"embeddable":true,"href":"http:\/\/cebilbilitanos.com\/index.php?rest_route=\/wp\/v2\/users\/1"}],"replies":[{"embeddable":true,"href":"http:\/\/cebilbilitanos.com\/index.php?rest_route=%2Fwp%2Fv2%2Fcomments&post=1865"}],"version-history":[{"count":5,"href":"http:\/\/cebilbilitanos.com\/index.php?rest_route=\/wp\/v2\/pages\/1865\/revisions"}],"predecessor-version":[{"id":1975,"href":"http:\/\/cebilbilitanos.com\/index.php?rest_route=\/wp\/v2\/pages\/1865\/revisions\/1975"}],"up":[{"embeddable":true,"href":"http:\/\/cebilbilitanos.com\/index.php?rest_route=\/wp\/v2\/pages\/1756"}],"wp:attachment":[{"href":"http:\/\/cebilbilitanos.com\/index.php?rest_route=%2Fwp%2Fv2%2Fmedia&parent=1865"}],"curies":[{"name":"wp","href":"https:\/\/api.w.org\/{rel}","templated":true}]}}