{"id":1849,"date":"2017-09-02T18:04:03","date_gmt":"2017-09-02T18:04:03","guid":{"rendered":"http:\/\/cebilbilitanos.com\/?page_id=1849"},"modified":"2017-09-05T07:31:10","modified_gmt":"2017-09-05T07:31:10","slug":"obras-de-vicente-de-la-fuente-2","status":"publish","type":"page","link":"http:\/\/cebilbilitanos.com\/?page_id=1849","title":{"rendered":"Obras de Vicente de la Fuente (2)"},"content":{"rendered":"<p><a href=\"http:\/\/cebilbilitanos.com\/?page_id=1756\">Volver<\/a><\/p>\n<p><img decoding=\"async\" loading=\"lazy\" class=\"aligncenter size-full wp-image-1951\" src=\"http:\/\/cebilbilitanos.com\/wp-content\/uploads\/2017\/09\/10Panel.png\" alt=\"\" width=\"640\" height=\"1120\" srcset=\"http:\/\/cebilbilitanos.com\/wp-content\/uploads\/2017\/09\/10Panel.png 640w, http:\/\/cebilbilitanos.com\/wp-content\/uploads\/2017\/09\/10Panel-171x300.png 171w, http:\/\/cebilbilitanos.com\/wp-content\/uploads\/2017\/09\/10Panel-585x1024.png 585w\" sizes=\"(max-width: 640px) 100vw, 640px\" \/><\/p>\n<p><span style=\"color: #800000;\"><b><i>\u00abMe derrengo de trabajar y no me alcanza el tiempo. Cuando llevaba ya tres tomos de la Historia Eclesi\u00e1stica de Espa\u00f1a y diez pliegos del cuarto, ahora tengo que suspenderla por falta de papel&#8230;\u00bb<\/i><\/b><\/span><\/p>\n<div id=\"attachment_1851\" style=\"width: 650px\" class=\"wp-caption aligncenter\"><img aria-describedby=\"caption-attachment-1851\" decoding=\"async\" loading=\"lazy\" class=\"size-full wp-image-1851\" src=\"http:\/\/cebilbilitanos.com\/wp-content\/uploads\/2017\/09\/lafuente3.jpg\" alt=\"\" width=\"640\" height=\"877\" srcset=\"http:\/\/cebilbilitanos.com\/wp-content\/uploads\/2017\/09\/lafuente3.jpg 640w, http:\/\/cebilbilitanos.com\/wp-content\/uploads\/2017\/09\/lafuente3-219x300.jpg 219w\" sizes=\"(max-width: 640px) 100vw, 640px\" \/><p id=\"caption-attachment-1851\" class=\"wp-caption-text\">Muchas de sus obras se catalogan en los temarios especializados de las disciplinas que impart\u00eda como Derecho o Disciplina Eclesi\u00e1stica.<\/p><\/div>\n<p>Dentro de su prolija producci\u00f3n se hallan obras sobre Derecho Can\u00f3nico y Disciplina eclesi\u00e1stica, su gran especialidad jur\u00eddica, entre los que destacamos los siguientes: <i><a href=\"http:\/\/bdh.bne.es\/bnesearch\/biblioteca\/El%20tercer%20jubileo%20del%20Santo%20Concilio%20de%20Trento%20%20%20%20:%20%20%20%20%20comparaci%C3%B3n%20entre%20el%20catolicismo%20y%20el%20protestantismo%20en%20su%20estado%20actual,%20relativamente%20al%20dogma%20y%20a%20la%20disciplina%20%20%20\/qls\/Fuente,%20Vicente%20de%20la%20(1817%201889)\/qls\/bdh0000097003;jsessionid=FE81A1219EE180EBF34C0C8AC194BE52\">El tercer jubileo del Santo Concilio de Trento<\/a>; <a href=\"https:\/\/archive.org\/details\/laretenciondebu01fuengoog\">La retenci\u00f3n de bulas en Espa\u00f1a ante la Historia y el Derecho<\/a>; <a href=\"http:\/\/www.iberoamericadigital.net\/BDPI\/Search.do;jsessionid=AAC2CEF8C3941E625819009695055C2B?numfields=1&amp;field1=docId&amp;field1val=bdh0000096833&amp;field1Op=AND&amp;advanced=true&amp;hq=true&amp;important=Title%3A+La+divisi%C3%B3n+de+poderes++%3A++estudios+filos%C3%B3fico+can%C3%B3nicos+sobre+las+relaciones+entre+la+Iglesia+y+el+Estado\">Divisi\u00f3n de poderes: estudios filos\u00f3fico-can\u00f3nicos sobre las relaciones entre la Iglesia y el Estado<\/a>; <a href=\"https:\/\/archive.org\/details\/losconcordatosc00fuengoog\">Los concordatos<\/a>; Exposici\u00f3n de las palabras secularizaci\u00f3n, emancipaci\u00f3n y separaci\u00f3n, al tratar de las relaciones entre Iglesia y Estado; <a href=\"https:\/\/books.google.es\/books\/ucm?vid=UCM5311155377&amp;printsec=frontcover&amp;redir_esc=y#v=onepage&amp;q&amp;f=false\">Tratado te\u00f3rico-pr\u00e1ctico de procedimientos eclesi\u00e1sticos<\/a>; <a href=\"https:\/\/bibliotecadigital.jcyl.es\/es\/consulta\/registro.cmd?id=24098\">Lecciones de disciplina ecles\u00edastica y suplemento al tratado te\u00f3rico-pr\u00e1ctico de procedimientos eclesi\u00e1sticos<\/a>; <\/i>o su<i><a href=\"http:\/\/bdh.bne.es\/bnesearch\/biblioteca\/Ecclesiasticae%20disciplinae%20lectiones%20ex%20sacro%20Tridentino%20Concilio,%20necnon%20ex%20Hispanis%20Synodis%20et%20conventionibus,%20ad%20usum%20eorum%20qui%20in%20Conciliaribus%20Hisp.%20Seminariis%20juri%20canonico%20operam%20dant%20%20%20\/qls\/Fuente,%20Vicente%20de%20la%20(1817%201889)\/qls\/bdh0000096876;jsessionid=5DC3FE0CD7A0987796316AB017A5FA7E\"> Ecclesiasticae Disciplinae Lectiones ex Sacro Tridentino Concilio<\/a>, <\/i>escrito enteramente en lat\u00edn, etc. Adem\u00e1s de sus programas de ense\u00f1anza como el <i>Programa de las lecciones de Historia y disciplina general de la Iglesia y de la de Espa\u00f1a<\/i>, para la C\u00e1tedra del Doctorado en la Universidad Central y otros.<\/p>\n<div id=\"attachment_1852\" style=\"width: 650px\" class=\"wp-caption aligncenter\"><img aria-describedby=\"caption-attachment-1852\" decoding=\"async\" loading=\"lazy\" class=\"size-full wp-image-1852\" src=\"http:\/\/cebilbilitanos.com\/wp-content\/uploads\/2017\/09\/Retrato-de-Enrique-Florez.jpg\" alt=\"\" width=\"640\" height=\"905\" srcset=\"http:\/\/cebilbilitanos.com\/wp-content\/uploads\/2017\/09\/Retrato-de-Enrique-Florez.jpg 640w, http:\/\/cebilbilitanos.com\/wp-content\/uploads\/2017\/09\/Retrato-de-Enrique-Florez-212x300.jpg 212w\" sizes=\"(max-width: 640px) 100vw, 640px\" \/><p id=\"caption-attachment-1852\" class=\"wp-caption-text\">Vicente de la Fuente particip\u00f3 en el cl\u00e1sico de la historiograf\u00eda La Espa\u00f1a Sagrada comenzada por el agustino Enr\u00edque Fl\u00f3rez en 1747 con el tomo correspondiente a las Di\u00f3cesis de Tarazona y Tudela.<\/p><\/div>\n<p>No podemos obviar obras como la\u00a0 <i>Historia eclesi\u00e1stica de Espa\u00f1a <\/i>(1), o los tomos XLIX y L de la magna obra <i>La Espa\u00f1a Sagrada<\/i>\u00a0(2-3), ni biograf\u00edas como las de <a href=\"https:\/\/bibliotecadigital.jcyl.es\/es\/consulta\/registro.cmd?id=45\">Le\u00f3n de Castro<\/a> o Rosmini.<\/p>\n<div id=\"attachment_1853\" style=\"width: 650px\" class=\"wp-caption aligncenter\"><img aria-describedby=\"caption-attachment-1853\" decoding=\"async\" loading=\"lazy\" class=\"size-full wp-image-1853\" src=\"http:\/\/cebilbilitanos.com\/wp-content\/uploads\/2017\/09\/tridentinomodificado.jpg\" alt=\"\" width=\"640\" height=\"882\" srcset=\"http:\/\/cebilbilitanos.com\/wp-content\/uploads\/2017\/09\/tridentinomodificado.jpg 640w, http:\/\/cebilbilitanos.com\/wp-content\/uploads\/2017\/09\/tridentinomodificado-218x300.jpg 218w\" sizes=\"(max-width: 640px) 100vw, 640px\" \/><p id=\"caption-attachment-1853\" class=\"wp-caption-text\">Su perfecto conocimiento de la lengua latina le llev\u00f3 a escribir una obra sobre el Concilio de Trento en este bello idioma y gran parte de sus escritos aparecen salpicados con latinismos e incluso<br \/>versos jocosos escritos en rica lengua cl\u00e1sica.<\/p><\/div>\n<p>De sus escritos sobre Historia de Espa\u00f1a destacan: <i>Estudios cr\u00edticos sobre la Historia y el Derecho de Arag\u00f3n<\/i> (4); <i>Historia de las Sociedades Secretas<\/i>, <i>Comunidades de Castilla y Arag\u00f3n bajo el punto de vista geogr\u00e1fico<\/i>; <a href=\"http:\/\/bibliotecadigital.jcyl.es\/bdtau\/es\/consulta\/registro.cmd?id=3496\"><i>Las Hervencias de \u00c1vila<\/i><\/a>; <i>Expulsi\u00f3n de los Jesuitas de Espa\u00f1a<\/i>; <i>Do\u00f1a Juana la Loca vindicada de su fama de herej\u00eda<\/i>; <i>La Corte de Carlos III<\/i>&#8230;<\/p>\n<div id=\"attachment_1854\" style=\"width: 650px\" class=\"wp-caption aligncenter\"><img aria-describedby=\"caption-attachment-1854\" decoding=\"async\" loading=\"lazy\" class=\"size-full wp-image-1854\" src=\"http:\/\/cebilbilitanos.com\/wp-content\/uploads\/2017\/09\/hervenciasmod.jpg\" alt=\"\" width=\"640\" height=\"1060\" srcset=\"http:\/\/cebilbilitanos.com\/wp-content\/uploads\/2017\/09\/hervenciasmod.jpg 640w, http:\/\/cebilbilitanos.com\/wp-content\/uploads\/2017\/09\/hervenciasmod-181x300.jpg 181w, http:\/\/cebilbilitanos.com\/wp-content\/uploads\/2017\/09\/hervenciasmod-618x1024.jpg 618w\" sizes=\"(max-width: 640px) 100vw, 640px\" \/><p id=\"caption-attachment-1854\" class=\"wp-caption-text\">Como contienda calific\u00f3 nuestro autor este op\u00fasculo sobre el oscuro episodio Las Hervencias de \u00c1vila. En su estilo directo caracter\u00edstico lleg\u00f3 a manifestar en su pr\u00f3logo: \u00abuna f\u00e1bula rid\u00edcula, calumniosa e inveros\u00edmil, mal forjada en el s. XVI por un falsario tan torpe como ignorante\u00bb.<\/p><\/div>\n<p>Adem\u00e1s de discursos y conferencias le\u00eddas ante las Academias de la Historia y la Academia de Ciencias Morales y Pol\u00edticas o ante la propia Universidad\u00a0 y obras traducidas por \u00e9l de otros idiomas.<\/p>\n<hr \/>\n<ol>\n<li>Ver Historia eclesi\u00e1stica de Espa\u00f1a en code.org:\u00a0<a href=\"https:\/\/archive.org\/details\/historiaeclesis02fuengoog\">Tomo I<\/a>,\u00a0<a href=\"https:\/\/archive.org\/details\/historiaeclesis02fuengoog\">Tomo II<\/a>,\u00a0<a href=\"https:\/\/archive.org\/details\/historiaeclesis04fuengoog\">Tomo III<\/a>,\u00a0<a href=\"https:\/\/archive.org\/details\/historiaeclesis03fuengoog\">Tomo IV<\/a>,\u00a0<a href=\"https:\/\/archive.org\/details\/historiaeclesis05fuengoog\">Tomo V<\/a>,\u00a0<a href=\"https:\/\/archive.org\/details\/historiaeclesis06fuengoog\">Tomo VI<\/a>,<\/li>\n<li><a href=\"https:\/\/books.google.com.pr\/books?id=4Uk9VYz_JrkC&amp;printsec=frontcover&amp;hl=es&amp;source=gbs_ge_summary_r&amp;cad=0#v=onepage&amp;q&amp;f=false\">Ver La Espa\u00f1a Sagrada (Tomo L, Tarazona y Tudela)<\/a><\/li>\n<li><a href=\"https:\/\/books.google.es\/books?id=GofdozOog9QC&amp;printsec=frontcover&amp;hl=es#v=onepage&amp;q&amp;f=false\">Ver la Espa\u00f1a Sagrada (Tomo XLIX,Tarazona)<\/a><\/li>\n<li>Ver\u00a0<em>Estudios<\/em><i>\u00a0cr\u00edticos sobre la historia y el Derecho de Arag\u00f3n\u00a0<\/i>en archive.org:\u00a0<a href=\"https:\/\/archive.org\/details\/estudioscrticos04fuengoog\">Primera serie,<\/a>\u00a0<a href=\"https:\/\/archive.org\/details\/estudioscrticos03fuengoog\">Segunda serie<\/a>\u00a0(periodo constituyente),\u00a0<a href=\"https:\/\/archive.org\/details\/estudioscrticos01fuengoog\">Tercera serie<\/a>\u00a0(periodo revolucionario).<\/li>\n<\/ol>\n<p><a href=\"http:\/\/cebilbilitanos.com\/?page_id=1756\">Volver<\/a><\/p>\n","protected":false},"excerpt":{"rendered":"<p>Volver \u00abMe derrengo de trabajar y no me alcanza el tiempo. Cuando llevaba ya tres tomos de la Historia Eclesi\u00e1stica de Espa\u00f1a y diez pliegos del cuarto, ahora tengo que suspenderla por falta de papel&#8230;\u00bb Dentro de su prolija producci\u00f3n &hellip; <a href=\"http:\/\/cebilbilitanos.com\/?page_id=1849\">Sigue leyendo <span class=\"meta-nav\">&rarr;<\/span><\/a><\/p>\n","protected":false},"author":1,"featured_media":0,"parent":1756,"menu_order":0,"comment_status":"closed","ping_status":"closed","template":"","meta":[],"_links":{"self":[{"href":"http:\/\/cebilbilitanos.com\/index.php?rest_route=\/wp\/v2\/pages\/1849"}],"collection":[{"href":"http:\/\/cebilbilitanos.com\/index.php?rest_route=\/wp\/v2\/pages"}],"about":[{"href":"http:\/\/cebilbilitanos.com\/index.php?rest_route=\/wp\/v2\/types\/page"}],"author":[{"embeddable":true,"href":"http:\/\/cebilbilitanos.com\/index.php?rest_route=\/wp\/v2\/users\/1"}],"replies":[{"embeddable":true,"href":"http:\/\/cebilbilitanos.com\/index.php?rest_route=%2Fwp%2Fv2%2Fcomments&post=1849"}],"version-history":[{"count":8,"href":"http:\/\/cebilbilitanos.com\/index.php?rest_route=\/wp\/v2\/pages\/1849\/revisions"}],"predecessor-version":[{"id":1952,"href":"http:\/\/cebilbilitanos.com\/index.php?rest_route=\/wp\/v2\/pages\/1849\/revisions\/1952"}],"up":[{"embeddable":true,"href":"http:\/\/cebilbilitanos.com\/index.php?rest_route=\/wp\/v2\/pages\/1756"}],"wp:attachment":[{"href":"http:\/\/cebilbilitanos.com\/index.php?rest_route=%2Fwp%2Fv2%2Fmedia&parent=1849"}],"curies":[{"name":"wp","href":"https:\/\/api.w.org\/{rel}","templated":true}]}}