{"id":1839,"date":"2017-09-02T11:21:15","date_gmt":"2017-09-02T11:21:15","guid":{"rendered":"http:\/\/cebilbilitanos.com\/?page_id=1839"},"modified":"2017-09-05T07:41:05","modified_gmt":"2017-09-05T07:41:05","slug":"obras-de-vicente-de-la-fuente-1","status":"publish","type":"page","link":"http:\/\/cebilbilitanos.com\/?page_id=1839","title":{"rendered":"Obras de Vicente de la Fuente (1)"},"content":{"rendered":"<p><a href=\"http:\/\/cebilbilitanos.com\/?page_id=1756\">Volver<\/a><\/p>\n<p><img decoding=\"async\" loading=\"lazy\" class=\"aligncenter size-full wp-image-1953\" src=\"http:\/\/cebilbilitanos.com\/wp-content\/uploads\/2017\/09\/9Panel.png\" alt=\"\" width=\"640\" height=\"1120\" srcset=\"http:\/\/cebilbilitanos.com\/wp-content\/uploads\/2017\/09\/9Panel.png 640w, http:\/\/cebilbilitanos.com\/wp-content\/uploads\/2017\/09\/9Panel-171x300.png 171w, http:\/\/cebilbilitanos.com\/wp-content\/uploads\/2017\/09\/9Panel-585x1024.png 585w\" sizes=\"(max-width: 640px) 100vw, 640px\" \/><\/p>\n<p><span style=\"color: #800000;\"><b><i>\u00ab&#8230;estoy encentenarinteresado, esto es, para que nos entendamos, molido de pies a cabeza, en lo del centenario de Santa Teresa escribiendo un libro ad usum peregrinorum non futurandum\u00bb<\/i><\/b><\/span><\/p>\n<p>Vicente de la Fuente fue un autor prol\u00edfico con una actividad investigadora ampl\u00edsima y de diversa tem\u00e1tica. El n\u00famero de libros de su autor\u00eda y op\u00fasculos ascienden a 95 sin contar art\u00edculos period\u00edsticos e informes acad\u00e9micos. Buscando la perfecci\u00f3n y la veracidad en sus\u00a0publicaciones, manej\u00f3 incansable gran n\u00famero de fuentes\u00a0jur\u00eddicas y literarias de las que era gran conocedor.\u00a0Dentro de su labor divulgativa y pedag\u00f3gica lleg\u00f3 a editar en la Biblioteca de autores espa\u00f1oles, obras de <a href=\"http:\/\/www.cervantesvirtual.com\/obra-visor\/obras-escogidas-del-padre-fray-benito-jeronimo-feijoo-y-montenegro-con-una-noticia-de-su-vida-y-juicio-critico-de-sus-escritos--0\/html\/\">Feijoo<\/a> o <a href=\"https:\/\/bibliotecafloridablanca.um.es\/bibliotecafloridablanca\/handle\/11169\/6077\">Rivadeneira<\/a>. Fuera de \u00e9sta, una refundici\u00f3n de la <a href=\"http:\/\/bdh.bne.es\/bnesearch\/detalle\/bdh0000109072\">Vida de Nuestro Se\u00f1or Jesucristo de Ligny<\/a> .<\/p>\n<div id=\"attachment_1842\" style=\"width: 1580px\" class=\"wp-caption aligncenter\"><img aria-describedby=\"caption-attachment-1842\" decoding=\"async\" loading=\"lazy\" class=\"size-full wp-image-1842\" src=\"http:\/\/cebilbilitanos.com\/wp-content\/uploads\/2017\/09\/San_Milla\u0301n.jpg\" alt=\"\" width=\"1570\" height=\"2217\" srcset=\"http:\/\/cebilbilitanos.com\/wp-content\/uploads\/2017\/09\/San_Milla\u0301n.jpg 1570w, http:\/\/cebilbilitanos.com\/wp-content\/uploads\/2017\/09\/San_Milla\u0301n-212x300.jpg 212w, http:\/\/cebilbilitanos.com\/wp-content\/uploads\/2017\/09\/San_Milla\u0301n-768x1084.jpg 768w, http:\/\/cebilbilitanos.com\/wp-content\/uploads\/2017\/09\/San_Milla\u0301n-725x1024.jpg 725w\" sizes=\"(max-width: 1570px) 100vw, 1570px\" \/><p id=\"caption-attachment-1842\" class=\"wp-caption-text\">Superar leyendas y falsas\u00a0teor\u00edas, y buscar la verdad fue una constante en su obra.<\/p><\/div>\n<p>De su admirada Santa Teresa de Jes\u00fas destaca la publicaci\u00f3n de <a href=\"http:\/\/bibliotecadigital.jcyl.es\/i18n\/consulta\/registro.cmd?id=18826\">La Vida<\/a> y\u00a0 <a href=\"http:\/\/bibliotecadigital.jcyl.es\/es\/consulta\/registro.cmd?id=21409\">Las Fundaciones<\/a>, para lo cual cre\u00f3 la \u00abSociedad foto-tipogr\u00e1fica Cat\u00f3lica\u00bb, llegando a<br \/>\nreproducir los facs\u00edmiles de ambas que se encuentran en la biblioteca de El Escorial. La edici\u00f3n de dichas obras signific\u00f3 una gran innovaci\u00f3n en su tiempo y fue costeada enteramente de su bolsillo. y aunque le supuso p\u00e9rdidas econ\u00f3micas fue, sin embargo, una gran satisfacci\u00f3n a nivel personal.<\/p>\n<div id=\"attachment_1843\" style=\"width: 650px\" class=\"wp-caption aligncenter\"><img aria-describedby=\"caption-attachment-1843\" decoding=\"async\" loading=\"lazy\" class=\"size-full wp-image-1843\" src=\"http:\/\/cebilbilitanos.com\/wp-content\/uploads\/2017\/09\/santa_teresa_grabadodef.jpg\" alt=\"\" width=\"640\" height=\"795\" srcset=\"http:\/\/cebilbilitanos.com\/wp-content\/uploads\/2017\/09\/santa_teresa_grabadodef.jpg 640w, http:\/\/cebilbilitanos.com\/wp-content\/uploads\/2017\/09\/santa_teresa_grabadodef-242x300.jpg 242w\" sizes=\"(max-width: 640px) 100vw, 640px\" \/><p id=\"caption-attachment-1843\" class=\"wp-caption-text\">Santa Teresa despert\u00f3 en \u00e9l tanto inter\u00e9s que lleg\u00f3 a ser uno de sus m\u00e1s importantes estudiosos.<\/p><\/div>\n<p>Dentro de esta tem\u00e1tica religiosa pueden incluirse otras obras teresianas como: <a href=\"http:\/\/bvpb.mcu.es\/es\/consulta\/registro.cmd?id=449711\"><i>El tercer centenario de Santa Teresa de Jes\u00fas<\/i>, <i>Manual del peregrino<\/i><\/a>; <i><a href=\"http:\/\/hemerotecadigital.bne.es\/pdf.raw?query=parent%3A0003153518+type%3Apress%2Fpage&amp;name=La+Ilustraci%C3%B3n+cat%C3%B3lica+(Madrid.+1877).+25-10-1882%2C+no.+12\">Ofrenda de las damas de B\u00e9lgica a Santa Teresa de Jes\u00fas con motivo del tercer centenario de su muerte<\/a>, <\/i>o la edici\u00f3n anotada de <i><a href=\"http:\/\/bdh.bne.es\/bnesearch\/detalle\/bdh0000144359\">Vida de Santa Teresa de Jes\u00fas<\/a>\u00a0<\/i>de Juli\u00e1n de \u00c1vila.<\/p>\n<div id=\"attachment_1844\" style=\"width: 650px\" class=\"wp-caption aligncenter\"><img aria-describedby=\"caption-attachment-1844\" decoding=\"async\" loading=\"lazy\" class=\"size-full wp-image-1844\" src=\"http:\/\/cebilbilitanos.com\/wp-content\/uploads\/2017\/09\/Vida_santa_teresa.jpg\" alt=\"\" width=\"640\" height=\"896\" srcset=\"http:\/\/cebilbilitanos.com\/wp-content\/uploads\/2017\/09\/Vida_santa_teresa.jpg 640w, http:\/\/cebilbilitanos.com\/wp-content\/uploads\/2017\/09\/Vida_santa_teresa-214x300.jpg 214w\" sizes=\"(max-width: 640px) 100vw, 640px\" \/><p id=\"caption-attachment-1844\" class=\"wp-caption-text\">La publicaci\u00f3n de la Vida de Santa Teresa de Jes\u00fas con un facs\u00edmil de los escritos de la santa, supusieron una innovaci\u00f3n editorial. (<a href=\"http:\/\/cebilbilitanos.com\/wp-content\/uploads\/2017\/09\/Vida_santa_teresa.pdf\">Ver en PDF<\/a>)<\/p><\/div>\n<p>De historia eclesi\u00e1stica escribi\u00f3 la <i><a href=\"http:\/\/cdigital.dgb.uanl.mx\/la\/1080023756\/1080023756_MA.PDF\">Vida de la Virgen Mar\u00eda, con la historia de su culto en Espa\u00f1a<\/a><\/i>; <a href=\"https:\/\/books.google.es\/books\/about\/Los_Toribios_de_Sevilla_Las_Adoratrices.html?id=r2NWMQAACAAJ&amp;redir_esc=y\"><i>Los Toribios de Sevilla<\/i>; <\/a><i><a href=\"https:\/\/books.google.es\/books\/about\/Los_Toribios_de_Sevilla_Las_Adoratrices.html?id=r2NWMQAACAAJ&amp;redir_esc=y\">Las Adoratrices<\/a><\/i>; <i><a href=\"http:\/\/bibliotecavirtual.larioja.org\/bvrioja\/i18n\/consulta\/registro.cmd?id=346\">San Mill\u00e1n, presb\u00edtero secular<\/a><\/i>; <i><a href=\"http:\/\/www.bibliotecavirtualmadrid.org\/bvmadrid_publicacion\/i18n\/consulta\/registro.cmd?id=2020\">La Vizcondesa de Jorbal\u00e1n, en el claustro la Madre Sacramento<\/a><\/i>; <i>Congregaci\u00f3n de las Hermanas de la Caridad de Santa Ana. Origen de su instituto<\/i>, etc.<\/p>\n<div id=\"attachment_1846\" style=\"width: 650px\" class=\"wp-caption aligncenter\"><img aria-describedby=\"caption-attachment-1846\" decoding=\"async\" loading=\"lazy\" class=\"size-full wp-image-1846\" src=\"http:\/\/cebilbilitanos.com\/wp-content\/uploads\/2017\/09\/manual_santa_modificada.jpg\" alt=\"\" width=\"640\" height=\"415\" srcset=\"http:\/\/cebilbilitanos.com\/wp-content\/uploads\/2017\/09\/manual_santa_modificada.jpg 640w, http:\/\/cebilbilitanos.com\/wp-content\/uploads\/2017\/09\/manual_santa_modificada-300x195.jpg 300w\" sizes=\"(max-width: 640px) 100vw, 640px\" \/><p id=\"caption-attachment-1846\" class=\"wp-caption-text\">De la \u00abSanta de \u00c1vila\u00bb edit\u00f3 varias obras,\u00a0algunas eminentemente pr\u00e1cticas relacionadas con su figura como este: El tercer centenario de Santa Teresa de Jes\u00fas: Manual del Peregrino.<\/p><\/div>\n<p><a href=\"http:\/\/cebilbilitanos.com\/?page_id=1756\">Volver<\/a><\/p>\n","protected":false},"excerpt":{"rendered":"<p>Volver \u00ab&#8230;estoy encentenarinteresado, esto es, para que nos entendamos, molido de pies a cabeza, en lo del centenario de Santa Teresa escribiendo un libro ad usum peregrinorum non futurandum\u00bb Vicente de la Fuente fue un autor prol\u00edfico con una actividad &hellip; <a href=\"http:\/\/cebilbilitanos.com\/?page_id=1839\">Sigue leyendo <span class=\"meta-nav\">&rarr;<\/span><\/a><\/p>\n","protected":false},"author":1,"featured_media":0,"parent":1756,"menu_order":0,"comment_status":"closed","ping_status":"closed","template":"","meta":[],"_links":{"self":[{"href":"http:\/\/cebilbilitanos.com\/index.php?rest_route=\/wp\/v2\/pages\/1839"}],"collection":[{"href":"http:\/\/cebilbilitanos.com\/index.php?rest_route=\/wp\/v2\/pages"}],"about":[{"href":"http:\/\/cebilbilitanos.com\/index.php?rest_route=\/wp\/v2\/types\/page"}],"author":[{"embeddable":true,"href":"http:\/\/cebilbilitanos.com\/index.php?rest_route=\/wp\/v2\/users\/1"}],"replies":[{"embeddable":true,"href":"http:\/\/cebilbilitanos.com\/index.php?rest_route=%2Fwp%2Fv2%2Fcomments&post=1839"}],"version-history":[{"count":4,"href":"http:\/\/cebilbilitanos.com\/index.php?rest_route=\/wp\/v2\/pages\/1839\/revisions"}],"predecessor-version":[{"id":1954,"href":"http:\/\/cebilbilitanos.com\/index.php?rest_route=\/wp\/v2\/pages\/1839\/revisions\/1954"}],"up":[{"embeddable":true,"href":"http:\/\/cebilbilitanos.com\/index.php?rest_route=\/wp\/v2\/pages\/1756"}],"wp:attachment":[{"href":"http:\/\/cebilbilitanos.com\/index.php?rest_route=%2Fwp%2Fv2%2Fmedia&parent=1839"}],"curies":[{"name":"wp","href":"https:\/\/api.w.org\/{rel}","templated":true}]}}