{"id":1816,"date":"2017-09-02T09:59:06","date_gmt":"2017-09-02T09:59:06","guid":{"rendered":"http:\/\/cebilbilitanos.com\/?page_id=1816"},"modified":"2017-09-05T07:57:21","modified_gmt":"2017-09-05T07:57:21","slug":"rector-de-la-universidad-de-madrid","status":"publish","type":"page","link":"http:\/\/cebilbilitanos.com\/?page_id=1816","title":{"rendered":"Rector de la Universidad de Madrid"},"content":{"rendered":"<p><a href=\"http:\/\/cebilbilitanos.com\/?page_id=1756\">Volver<\/a><\/p>\n<p><img decoding=\"async\" loading=\"lazy\" class=\"aligncenter size-full wp-image-1957\" src=\"http:\/\/cebilbilitanos.com\/wp-content\/uploads\/2017\/09\/7Panel.png\" alt=\"\" width=\"640\" height=\"1120\" srcset=\"http:\/\/cebilbilitanos.com\/wp-content\/uploads\/2017\/09\/7Panel.png 640w, http:\/\/cebilbilitanos.com\/wp-content\/uploads\/2017\/09\/7Panel-171x300.png 171w, http:\/\/cebilbilitanos.com\/wp-content\/uploads\/2017\/09\/7Panel-585x1024.png 585w\" sizes=\"(max-width: 640px) 100vw, 640px\" \/><\/p>\n<p><span style=\"color: #800000;\"><b><i>\u201c&#8230;la desgracia de mi negro rectorado&#8230;no solamente me quita tiempo y humor, mata mi vida asc\u00e9tica literaria y mi felicidad, sino que me atrae muchos disgustos.\u201d<\/i><\/b><\/span><\/p>\n<p>La ideolog\u00eda cat\u00f3lico-conservadora que sustentaba al gobierno de la Restauraci\u00f3n, intent\u00f3 imponerse en las Universidades espa\u00f1olas. Los textos y programas de las disciplinas eran autorizados directamente por el Gobierno, lo que provoc\u00f3 airadas reacciones de una parte del profesorado contrario a cumplir dicha disposici\u00f3n que atentaba directamente contra la libertad de c\u00e1tedra.<\/p>\n<div id=\"attachment_1818\" style=\"width: 423px\" class=\"wp-caption aligncenter\"><img aria-describedby=\"caption-attachment-1818\" decoding=\"async\" loading=\"lazy\" class=\"size-full wp-image-1818\" src=\"http:\/\/cebilbilitanos.com\/wp-content\/uploads\/2017\/09\/lafuente1.jpg\" alt=\"\" width=\"413\" height=\"563\" srcset=\"http:\/\/cebilbilitanos.com\/wp-content\/uploads\/2017\/09\/lafuente1.jpg 413w, http:\/\/cebilbilitanos.com\/wp-content\/uploads\/2017\/09\/lafuente1-220x300.jpg 220w\" sizes=\"(max-width: 413px) 100vw, 413px\" \/><p id=\"caption-attachment-1818\" class=\"wp-caption-text\">Vicente de la Fuente como Rector<\/p><\/div>\n<p>En este ambiente enrarecido Vicente de la Fuente fue elegido rector de la Universidad de Madrid y aunque, en principio, se neg\u00f3 al nombramiento, fue el propio Presidente del Gobierno, C\u00e1novas del Castillo, el que le convenci\u00f3 de aceptar esa responsabilidad.<\/p>\n<p>Don Vicente comenz\u00f3 a desempe\u00f1ar el rectorado en abril de 1875 y a partir de entonces intent\u00f3 solucionar los graves problemas que aquejaban a la instituci\u00f3n como la falsificaci\u00f3n de t\u00edtulos, sin dejar de lado, por supuesto, la aplicaci\u00f3n de los mandatos gubernamentales.<\/p>\n<div id=\"attachment_1819\" style=\"width: 650px\" class=\"wp-caption aligncenter\"><img aria-describedby=\"caption-attachment-1819\" decoding=\"async\" loading=\"lazy\" class=\"size-full wp-image-1819\" src=\"http:\/\/cebilbilitanos.com\/wp-content\/uploads\/2017\/09\/giner-de-los-rios.jpg\" alt=\"\" width=\"640\" height=\"866\" srcset=\"http:\/\/cebilbilitanos.com\/wp-content\/uploads\/2017\/09\/giner-de-los-rios.jpg 640w, http:\/\/cebilbilitanos.com\/wp-content\/uploads\/2017\/09\/giner-de-los-rios-222x300.jpg 222w\" sizes=\"(max-width: 640px) 100vw, 640px\" \/><p id=\"caption-attachment-1819\" class=\"wp-caption-text\">Francisco Giner de los R\u00edos, uno de los profesores depuestos tras los decretos gubernamentales y uno de los fundadores de la Instituci\u00f3n de Libre Ense\u00f1anza.<\/p><\/div>\n<div id=\"attachment_1820\" style=\"width: 650px\" class=\"wp-caption aligncenter\"><img aria-describedby=\"caption-attachment-1820\" decoding=\"async\" loading=\"lazy\" class=\"size-full wp-image-1820\" src=\"http:\/\/cebilbilitanos.com\/wp-content\/uploads\/2017\/09\/instituci\u00f3n_libre_de_ense\u00f1anza.jpg\" alt=\"\" width=\"640\" height=\"480\" srcset=\"http:\/\/cebilbilitanos.com\/wp-content\/uploads\/2017\/09\/instituci\u00f3n_libre_de_ense\u00f1anza.jpg 640w, http:\/\/cebilbilitanos.com\/wp-content\/uploads\/2017\/09\/instituci\u00f3n_libre_de_ense\u00f1anza-300x225.jpg 300w\" sizes=\"(max-width: 640px) 100vw, 640px\" \/><p id=\"caption-attachment-1820\" class=\"wp-caption-text\">Vicente de la Fuente intercedi\u00f3 por varios de los profesores depuestos por el Gobierno de la Restauraci\u00f3n antes de la creaci\u00f3n de la Instituci\u00f3n libre de ense\u00f1anza.<\/p><\/div>\n<p>Desde su responsabilidad, aunque no pudo evitar las sanciones a los profesores rebeldes, alarg\u00f3 los tr\u00e1mites e intent\u00f3 que fueran temporales. Sin\u00a0embargo esto no impidi\u00f3 una fractura en la Universidad y algunos intelectuales como Montero R\u00edos, Giner de los R\u00edos o Moret, fundaron la Instituci\u00f3n libre de ense\u00f1anza, paradigma de la renovaci\u00f3n educativa y cultural espa\u00f1ola de finales del siglo XIX.<\/p>\n<div id=\"attachment_1821\" style=\"width: 650px\" class=\"wp-caption aligncenter\"><img aria-describedby=\"caption-attachment-1821\" decoding=\"async\" loading=\"lazy\" class=\"size-full wp-image-1821\" src=\"http:\/\/cebilbilitanos.com\/wp-content\/uploads\/2017\/09\/Manuel-Orovio.jpg\" alt=\"\" width=\"640\" height=\"928\" srcset=\"http:\/\/cebilbilitanos.com\/wp-content\/uploads\/2017\/09\/Manuel-Orovio.jpg 640w, http:\/\/cebilbilitanos.com\/wp-content\/uploads\/2017\/09\/Manuel-Orovio-207x300.jpg 207w\" sizes=\"(max-width: 640px) 100vw, 640px\" \/><p id=\"caption-attachment-1821\" class=\"wp-caption-text\">La circular de febrero de 1875 del ministro Manuel Orovio provoc\u00f3 la conocida como \u00abSegunda cuesti\u00f3n universitaria\u00bb que empa\u00f1ar\u00eda el rectorado de don Vicente.\u00a0<a href=\"http:\/\/cebilbilitanos.com\/wp-content\/uploads\/2017\/09\/Manuel-Orovio.pdf\">(Ver documento)<\/a><\/p><\/div>\n<p>La ecuanimidad de Vicente de la Fuente le llev\u00f3 a pedir al gobierno la rehabilitaci\u00f3n de los<br \/>\ncatedr\u00e1ticos sancionados y, al no obtenerla, present\u00f3 su dimisi\u00f3n en el verano de 1877.<\/p>\n<p><a href=\"http:\/\/cebilbilitanos.com\/?page_id=1756\">Volver<\/a><\/p>\n","protected":false},"excerpt":{"rendered":"<p>Volver \u201c&#8230;la desgracia de mi negro rectorado&#8230;no solamente me quita tiempo y humor, mata mi vida asc\u00e9tica literaria y mi felicidad, sino que me atrae muchos disgustos.\u201d La ideolog\u00eda cat\u00f3lico-conservadora que sustentaba al gobierno de la Restauraci\u00f3n, intent\u00f3 imponerse en &hellip; <a href=\"http:\/\/cebilbilitanos.com\/?page_id=1816\">Sigue leyendo <span class=\"meta-nav\">&rarr;<\/span><\/a><\/p>\n","protected":false},"author":1,"featured_media":0,"parent":1756,"menu_order":0,"comment_status":"closed","ping_status":"closed","template":"","meta":[],"_links":{"self":[{"href":"http:\/\/cebilbilitanos.com\/index.php?rest_route=\/wp\/v2\/pages\/1816"}],"collection":[{"href":"http:\/\/cebilbilitanos.com\/index.php?rest_route=\/wp\/v2\/pages"}],"about":[{"href":"http:\/\/cebilbilitanos.com\/index.php?rest_route=\/wp\/v2\/types\/page"}],"author":[{"embeddable":true,"href":"http:\/\/cebilbilitanos.com\/index.php?rest_route=\/wp\/v2\/users\/1"}],"replies":[{"embeddable":true,"href":"http:\/\/cebilbilitanos.com\/index.php?rest_route=%2Fwp%2Fv2%2Fcomments&post=1816"}],"version-history":[{"count":7,"href":"http:\/\/cebilbilitanos.com\/index.php?rest_route=\/wp\/v2\/pages\/1816\/revisions"}],"predecessor-version":[{"id":1958,"href":"http:\/\/cebilbilitanos.com\/index.php?rest_route=\/wp\/v2\/pages\/1816\/revisions\/1958"}],"up":[{"embeddable":true,"href":"http:\/\/cebilbilitanos.com\/index.php?rest_route=\/wp\/v2\/pages\/1756"}],"wp:attachment":[{"href":"http:\/\/cebilbilitanos.com\/index.php?rest_route=%2Fwp%2Fv2%2Fmedia&parent=1816"}],"curies":[{"name":"wp","href":"https:\/\/api.w.org\/{rel}","templated":true}]}}