{"id":1808,"date":"2017-09-02T08:21:58","date_gmt":"2017-09-02T08:21:58","guid":{"rendered":"http:\/\/cebilbilitanos.com\/?page_id=1808"},"modified":"2017-09-07T18:16:01","modified_gmt":"2017-09-07T18:16:01","slug":"del-sexenio-revolucionario-a-la-restauracion-borbonica","status":"publish","type":"page","link":"http:\/\/cebilbilitanos.com\/?page_id=1808","title":{"rendered":"Del Sexenio Revolucionario a la Restauraci\u00f3n Borb\u00f3nica"},"content":{"rendered":"<p><a href=\"http:\/\/cebilbilitanos.com\/?page_id=1756\">Volver<\/a><\/p>\n<p><img decoding=\"async\" loading=\"lazy\" class=\"aligncenter size-full wp-image-1972\" src=\"http:\/\/cebilbilitanos.com\/wp-content\/uploads\/2017\/09\/6panel-1.jpg\" alt=\"\" width=\"640\" height=\"1118\" srcset=\"http:\/\/cebilbilitanos.com\/wp-content\/uploads\/2017\/09\/6panel-1.jpg 640w, http:\/\/cebilbilitanos.com\/wp-content\/uploads\/2017\/09\/6panel-1-172x300.jpg 172w, http:\/\/cebilbilitanos.com\/wp-content\/uploads\/2017\/09\/6panel-1-586x1024.jpg 586w\" sizes=\"(max-width: 640px) 100vw, 640px\" \/><\/p>\n<p><span style=\"color: #800000;\"><strong><em>\u201cLo del juramento me cuesta muchos disgustos: los carlistas y moderados (tales para cuales) quer\u00edan que renunci\u00e1semos en masa\u201d<\/em><\/strong><\/span><\/p>\n<div id=\"attachment_1811\" style=\"width: 650px\" class=\"wp-caption aligncenter\"><img aria-describedby=\"caption-attachment-1811\" decoding=\"async\" loading=\"lazy\" class=\"size-full wp-image-1811\" src=\"http:\/\/cebilbilitanos.com\/wp-content\/uploads\/2017\/09\/La-Iglesia-y-la-Constituci\u00f3n-de-1869modificado.jpg\" alt=\"\" width=\"640\" height=\"415\" srcset=\"http:\/\/cebilbilitanos.com\/wp-content\/uploads\/2017\/09\/La-Iglesia-y-la-Constituci\u00f3n-de-1869modificado.jpg 640w, http:\/\/cebilbilitanos.com\/wp-content\/uploads\/2017\/09\/La-Iglesia-y-la-Constituci\u00f3n-de-1869modificado-300x195.jpg 300w\" sizes=\"(max-width: 640px) 100vw, 640px\" \/><p id=\"caption-attachment-1811\" class=\"wp-caption-text\">La jura de la Constituci\u00f3n de 1869 despert\u00f3 una\u00a0encendida pol\u00e9mica dentro del catolicismo, que<br \/>salpicar\u00eda a Vicente de la Fuente como catedr\u00e1tico.<\/p><\/div>\n<p>Tras la ca\u00edda de Isabel II, comenz\u00f3 en Espa\u00f1a un periodo agitado conocido como el <i>Sexenio Revolucionario<\/i> (1868-1874), en el cual se suceder\u00e1n, de manera fren\u00e9tica, varias formas de gobierno: el reinado de Amadeo de Saboya,\u00a0 la primera Rep\u00fablica Espa\u00f1ola, y por \u00faltimo, el gobierno unipersonal del general Serrano. Vicente de la Fuente, alejado de la \u201cpol\u00edticoman\u00eda\u201d (como \u00e9l denominaba a la pol\u00edtica) desde su juventud, tom\u00f3 una postura distante ante la complicada situaci\u00f3n. A pesar de todo tuvo que enfrentarse a problemas como el juramento de la Constituci\u00f3n de 1869 considerada de marcado car\u00e1cter anticlerical.<\/p>\n<div id=\"attachment_1810\" style=\"width: 650px\" class=\"wp-caption aligncenter\"><img aria-describedby=\"caption-attachment-1810\" decoding=\"async\" loading=\"lazy\" class=\"size-full wp-image-1810\" src=\"http:\/\/cebilbilitanos.com\/wp-content\/uploads\/2017\/09\/venta-de-la-corona-serrano-y-prim.jpg\" alt=\"\" width=\"640\" height=\"562\" srcset=\"http:\/\/cebilbilitanos.com\/wp-content\/uploads\/2017\/09\/venta-de-la-corona-serrano-y-prim.jpg 640w, http:\/\/cebilbilitanos.com\/wp-content\/uploads\/2017\/09\/venta-de-la-corona-serrano-y-prim-300x263.jpg 300w\" sizes=\"(max-width: 640px) 100vw, 640px\" \/><p id=\"caption-attachment-1810\" class=\"wp-caption-text\">Las formas de gobierno se sucedieron fren\u00e9ticamente durante el llamado Sexenio Revolucionario.<\/p><\/div>\n<p>En esta \u00e9poca public\u00f3 una de sus grandes obras <i>Historia de las sociedades secretas y especialmente de la Francmasoner\u00eda<\/i>\u00a0(1), una obra escrita de manera innovadora e imparcial y que, debido a su calidad e inter\u00e9s, ser\u00eda reeditada incluso durante la II Rep\u00fablica Espa\u00f1ola.<\/p>\n<p>Con la llegada de la Restauraci\u00f3n borb\u00f3nica en 1874, nuestro autor finaliz\u00f3 el \u00faltimo volumen para la reedici\u00f3n de su <i>Historia eclesi\u00e1stica de Espa\u00f1a<\/i>\u00a0(2), una de sus obras m\u00e1s importantes; imprescindible libro de texto y compendio de obligada consulta debido a su imparcialidad y a su car\u00e1cter cient\u00edfico.<\/p>\n<div id=\"attachment_1812\" style=\"width: 650px\" class=\"wp-caption aligncenter\"><img aria-describedby=\"caption-attachment-1812\" decoding=\"async\" loading=\"lazy\" class=\"size-full wp-image-1812\" src=\"http:\/\/cebilbilitanos.com\/wp-content\/uploads\/2017\/09\/CanovasdelCastillo.jpg\" alt=\"\" width=\"640\" height=\"870\" srcset=\"http:\/\/cebilbilitanos.com\/wp-content\/uploads\/2017\/09\/CanovasdelCastillo.jpg 640w, http:\/\/cebilbilitanos.com\/wp-content\/uploads\/2017\/09\/CanovasdelCastillo-221x300.jpg 221w\" sizes=\"(max-width: 640px) 100vw, 640px\" \/><p id=\"caption-attachment-1812\" class=\"wp-caption-text\">Vicente de la Fuente tuvo gran relaci\u00f3n en este\u00a0periodo con personajes hist\u00f3ricamente destacados como Antonio C\u00e1novas del Castillo impulsor de la\u00a0Restauraci\u00f3n Borb\u00f3nica.<\/p><\/div>\n<p>En 1875 Don Vicente ley\u00f3 su discurso de ingreso en la Real Academia de Ciencias Morales y Pol\u00edticas, que vers\u00f3 sobre la separaci\u00f3n de Iglesia y Estado, y a la que asisti\u00f3 el Gobierno en pleno encabezado por su Presidente Antonio C\u00e1novas del Castillo, representantes de la Real Casa, el Presidente del Tribunal Supremo y el Nuncio de Su Santidad entre otras personalidades.<\/p>\n<div id=\"attachment_1813\" style=\"width: 650px\" class=\"wp-caption aligncenter\"><img aria-describedby=\"caption-attachment-1813\" decoding=\"async\" loading=\"lazy\" class=\"size-full wp-image-1813\" src=\"http:\/\/cebilbilitanos.com\/wp-content\/uploads\/2017\/09\/ciencias_morales_y_pol\u00edticas.jpg\" alt=\"\" width=\"640\" height=\"498\" srcset=\"http:\/\/cebilbilitanos.com\/wp-content\/uploads\/2017\/09\/ciencias_morales_y_pol\u00edticas.jpg 640w, http:\/\/cebilbilitanos.com\/wp-content\/uploads\/2017\/09\/ciencias_morales_y_pol\u00edticas-300x233.jpg 300w\" sizes=\"(max-width: 640px) 100vw, 640px\" \/><p id=\"caption-attachment-1813\" class=\"wp-caption-text\">Real Academia de Ciencias Morales y Pol\u00edticas en la que Vicente de la Fuente ingres\u00f3 en 1875.<\/p><\/div>\n<hr \/>\n<ol>\n<li>Ver <i>Historia de las sociedades secretas y especialmente de la Francmasoner\u00eda <\/i>en Archive.org: <a href=\"https:\/\/archive.org\/details\/historiadelassoc01fuen\">Tomo I<\/a>, <a href=\"https:\/\/archive.org\/details\/historiadelassoc02fuen\">Tomo II<\/a>, <a href=\"https:\/\/archive.org\/details\/historiadelassoc03fuen\">Ap\u00e9ndices<\/a>.<\/li>\n<li>Ver Historia eclesi\u00e1stica de Espa\u00f1a en code.org: <a href=\"https:\/\/archive.org\/details\/historiaeclesis02fuengoog\">Tomo I<\/a>, <a href=\"https:\/\/archive.org\/details\/historiaeclesis02fuengoog\">Tomo II<\/a>, <a href=\"https:\/\/archive.org\/details\/historiaeclesis04fuengoog\">Tomo III<\/a>, <a href=\"https:\/\/archive.org\/details\/historiaeclesis03fuengoog\">Tomo IV<\/a>, <a href=\"https:\/\/archive.org\/details\/historiaeclesis05fuengoog\">Tomo V<\/a>, <a href=\"https:\/\/archive.org\/details\/historiaeclesis06fuengoog\">Tomo VI<\/a>,<\/li>\n<\/ol>\n<p><a href=\"http:\/\/cebilbilitanos.com\/?page_id=1756\">Volver<\/a><\/p>\n","protected":false},"excerpt":{"rendered":"<p>Volver \u201cLo del juramento me cuesta muchos disgustos: los carlistas y moderados (tales para cuales) quer\u00edan que renunci\u00e1semos en masa\u201d Tras la ca\u00edda de Isabel II, comenz\u00f3 en Espa\u00f1a un periodo agitado conocido como el Sexenio Revolucionario (1868-1874), en el &hellip; <a href=\"http:\/\/cebilbilitanos.com\/?page_id=1808\">Sigue leyendo <span class=\"meta-nav\">&rarr;<\/span><\/a><\/p>\n","protected":false},"author":1,"featured_media":0,"parent":1756,"menu_order":0,"comment_status":"closed","ping_status":"closed","template":"","meta":[],"_links":{"self":[{"href":"http:\/\/cebilbilitanos.com\/index.php?rest_route=\/wp\/v2\/pages\/1808"}],"collection":[{"href":"http:\/\/cebilbilitanos.com\/index.php?rest_route=\/wp\/v2\/pages"}],"about":[{"href":"http:\/\/cebilbilitanos.com\/index.php?rest_route=\/wp\/v2\/types\/page"}],"author":[{"embeddable":true,"href":"http:\/\/cebilbilitanos.com\/index.php?rest_route=\/wp\/v2\/users\/1"}],"replies":[{"embeddable":true,"href":"http:\/\/cebilbilitanos.com\/index.php?rest_route=%2Fwp%2Fv2%2Fcomments&post=1808"}],"version-history":[{"count":6,"href":"http:\/\/cebilbilitanos.com\/index.php?rest_route=\/wp\/v2\/pages\/1808\/revisions"}],"predecessor-version":[{"id":1973,"href":"http:\/\/cebilbilitanos.com\/index.php?rest_route=\/wp\/v2\/pages\/1808\/revisions\/1973"}],"up":[{"embeddable":true,"href":"http:\/\/cebilbilitanos.com\/index.php?rest_route=\/wp\/v2\/pages\/1756"}],"wp:attachment":[{"href":"http:\/\/cebilbilitanos.com\/index.php?rest_route=%2Fwp%2Fv2%2Fmedia&parent=1808"}],"curies":[{"name":"wp","href":"https:\/\/api.w.org\/{rel}","templated":true}]}}