{"id":1747,"date":"2017-08-03T08:44:54","date_gmt":"2017-08-03T08:44:54","guid":{"rendered":"http:\/\/cebilbilitanos.com\/?page_id=1747"},"modified":"2017-08-03T08:44:54","modified_gmt":"2017-08-03T08:44:54","slug":"la-transicion-democratica-en-calatayud-cambios-y-esperanzas","status":"publish","type":"page","link":"http:\/\/cebilbilitanos.com\/?page_id=1747","title":{"rendered":"La transici\u00f3n democr\u00e1tica en Calatayud. Cambios y esperanzas"},"content":{"rendered":"<p><img decoding=\"async\" loading=\"lazy\" class=\"aligncenter size-full wp-image-1748\" src=\"http:\/\/cebilbilitanos.com\/wp-content\/uploads\/2017\/08\/image_th1-2.jpg\" alt=\"\" width=\"178\" height=\"250\" \/><\/p>\n<p><strong>AUTOR<\/strong>: Monc\u00edn Duce, Carlos<\/p>\n<p><strong>NOTAS:\u00a0<\/strong>Textos de Jos\u00e9 \u00c1ngel Urzay Barrios<\/p>\n<p><strong>EDICI\u00d3N:<\/strong><\/p>\n<ul>\n<li><strong>Editado por:\u00a0<\/strong>IFC &#8211; Centro de Estudios Bilbilitanos<\/li>\n<li><strong>Edici\u00f3n:\u00a0<\/strong>291 p., il., 21&#215;29,5 cm, ISBN 978-84-9911-441-5<\/li>\n<li><strong>A\u00f1o edici\u00f3n:\u00a0<\/strong>2017<\/li>\n<\/ul>\n<p><strong>N\u00ba PUBLICACI\u00d3N:\u00a0<\/strong>3548<\/p>\n<p><strong>PRECIO:\u00a0<\/strong>8,00 \u20ac<\/p>\n<p><strong>MATERIAS:<\/strong><\/p>\n<ul>\n<li><a href=\"http:\/\/ifc.dpz.es\/publicaciones\/listado\/categoria\/78\">FOTOGRAF\u00cdA E ILUSTRACIONES<\/a><\/li>\n<li><a href=\"http:\/\/ifc.dpz.es\/publicaciones\/listado\/categoria\/91\">ESTUDIOS LOCALES Y COMARCALES<\/a>\u00a0&gt;\u00a0<a href=\"http:\/\/ifc.dpz.es\/publicaciones\/listado\/categoria\/95\">Calatayud<\/a><\/li>\n<\/ul>\n<p><strong>\u00a0<\/strong><strong>INFORMACI\u00d3N ADICIONAL:<\/strong><\/p>\n<p>El punto de partida de este libro es un viejo proyecto de Carlos Monc\u00edn para divulgar una parte de su extenso archivo fotogr\u00e1fico, concretamente la correspondiente a aquellos a\u00f1os en los que, viviendo en Calatayud, trabaj\u00f3 para varias agencias y peri\u00f3dicos. En gran medida coincide este per\u00edodo de su juventud con los a\u00f1os de la transici\u00f3n democr\u00e1tica, lo que justifica el t\u00edtulo, pues hemos hecho de esta etapa el eje conductor. Monc\u00edn fotografi\u00f3 todo lo que pasaba en Calatayud y pod\u00eda ser noticiable. Muchas im\u00e1genes fueron publicadas en prensa, en programas de fiestas de la ciudad o en diversos medios de comunicaci\u00f3n. Por primera vez aparecen todas reunidas en esta publicaci\u00f3n.<\/p>\n","protected":false},"excerpt":{"rendered":"<p>AUTOR: Monc\u00edn Duce, Carlos NOTAS:\u00a0Textos de Jos\u00e9 \u00c1ngel Urzay Barrios EDICI\u00d3N: Editado por:\u00a0IFC &#8211; Centro de Estudios Bilbilitanos Edici\u00f3n:\u00a0291 p., il., 21&#215;29,5 cm, ISBN 978-84-9911-441-5 A\u00f1o edici\u00f3n:\u00a02017 N\u00ba PUBLICACI\u00d3N:\u00a03548 PRECIO:\u00a08,00 \u20ac MATERIAS: FOTOGRAF\u00cdA E ILUSTRACIONES ESTUDIOS LOCALES Y COMARCALES\u00a0&gt;\u00a0Calatayud \u00a0INFORMACI\u00d3N &hellip; <a href=\"http:\/\/cebilbilitanos.com\/?page_id=1747\">Sigue leyendo <span class=\"meta-nav\">&rarr;<\/span><\/a><\/p>\n","protected":false},"author":1,"featured_media":0,"parent":193,"menu_order":0,"comment_status":"closed","ping_status":"closed","template":"","meta":[],"_links":{"self":[{"href":"http:\/\/cebilbilitanos.com\/index.php?rest_route=\/wp\/v2\/pages\/1747"}],"collection":[{"href":"http:\/\/cebilbilitanos.com\/index.php?rest_route=\/wp\/v2\/pages"}],"about":[{"href":"http:\/\/cebilbilitanos.com\/index.php?rest_route=\/wp\/v2\/types\/page"}],"author":[{"embeddable":true,"href":"http:\/\/cebilbilitanos.com\/index.php?rest_route=\/wp\/v2\/users\/1"}],"replies":[{"embeddable":true,"href":"http:\/\/cebilbilitanos.com\/index.php?rest_route=%2Fwp%2Fv2%2Fcomments&post=1747"}],"version-history":[{"count":1,"href":"http:\/\/cebilbilitanos.com\/index.php?rest_route=\/wp\/v2\/pages\/1747\/revisions"}],"predecessor-version":[{"id":1749,"href":"http:\/\/cebilbilitanos.com\/index.php?rest_route=\/wp\/v2\/pages\/1747\/revisions\/1749"}],"up":[{"embeddable":true,"href":"http:\/\/cebilbilitanos.com\/index.php?rest_route=\/wp\/v2\/pages\/193"}],"wp:attachment":[{"href":"http:\/\/cebilbilitanos.com\/index.php?rest_route=%2Fwp%2Fv2%2Fmedia&parent=1747"}],"curies":[{"name":"wp","href":"https:\/\/api.w.org\/{rel}","templated":true}]}}