{"id":1730,"date":"2017-08-03T08:23:57","date_gmt":"2017-08-03T08:23:57","guid":{"rendered":"http:\/\/cebilbilitanos.com\/?page_id=1730"},"modified":"2017-08-03T08:26:06","modified_gmt":"2017-08-03T08:26:06","slug":"viveristas-y-fruteros-del-jalon-la-tierra-el-agua-los-cultivos-y-las-gentes-desde-embid-de-la-ribera-hasta-purroy-de-jalon","status":"publish","type":"page","link":"http:\/\/cebilbilitanos.com\/?page_id=1730","title":{"rendered":"Viveristas y fruteros del Jal\u00f3n. La tierra, el agua, los cultivos y las gentes. Desde Embid de la Ribera hasta Purroy de Jal\u00f3n"},"content":{"rendered":"<p><img decoding=\"async\" loading=\"lazy\" class=\"aligncenter size-full wp-image-1731\" src=\"http:\/\/cebilbilitanos.com\/wp-content\/uploads\/2017\/08\/VIVERISTAS.jpg\" alt=\"\" width=\"180\" height=\"250\" \/><\/p>\n<p><strong>AUTOR:\u00a0<\/strong><strong>Tobajas Gallego, Francisco<\/strong><\/p>\n<p><strong>EDICI\u00d3N:<\/strong><\/p>\n<ul>\n<li><strong>Editado por:\u00a0<\/strong>IFC &#8211; Centro de Estudios Bilbilitanos<\/li>\n<li><strong>Edici\u00f3n:\u00a0<\/strong>287 p., il., 17&#215;24 cm, ISBN 978-84-9911-402-6<\/li>\n<li><strong>A\u00f1o edici\u00f3n:\u00a0<\/strong>2016<\/li>\n<li><strong>COLECCI\u00d3N:\u00a0<\/strong>Centro de Estudios Bilbilitanos<\/li>\n<li><strong>N\u00ba PUBLICACI\u00d3N:\u00a0<\/strong>3486<\/li>\n<li><strong>PRECIO:\u00a0<\/strong>10,00 \u20ac<\/li>\n<\/ul>\n<p><strong>MATERIAS:<\/strong><\/p>\n<p><a href=\"http:\/\/ifc.dpz.es\/publicaciones\/listado\/categoria\/23\">CIENCIAS DE LA TIERRA. GEOGRAF\u00cdA. ECONOM\u00cdA<\/a>\u00a0&gt;\u00a0<a href=\"http:\/\/ifc.dpz.es\/publicaciones\/listado\/categoria\/28\">Agricultura y Ganader\u00eda<\/a>\u00a0,\u00a0<a href=\"http:\/\/ifc.dpz.es\/publicaciones\/listado\/categoria\/91\">ESTUDIOS LOCALES Y COMARCALES<\/a>\u00a0&gt;\u00a0<a href=\"http:\/\/ifc.dpz.es\/publicaciones\/listado\/categoria\/95\">Calatayud<\/a><\/p>\n<p><strong>\u00a0<\/strong><strong>INFORMACI\u00d3N ADICIONAL:<\/strong><\/p>\n<p>Este libro, dedicado a los viveristas y fruteros de la ribera del Jal\u00f3n, quiere ser un homenaje a unos hombres y mujeres excepcionales, esforzados y adelantados a su tiempo. Al cultivo de los viveros se dedic\u00f3 la gente m\u00e1s humilde de Savi\u00f1\u00e1n, llegando a ser reconocido por ello como la cuna de los viveros de Espa\u00f1a. Muchos a\u00fan contin\u00faan una larga saga familiar en varias provincias espa\u00f1olas. La gente de toda esta ribera fue tambi\u00e9n pionera en la venta y exportaci\u00f3n de frutas de toda Espa\u00f1a y aun del extranjero, trabajando con muy pocos medios una tierra dura, pero f\u00e9rtil. De toda ella se hace cumplida memoria en este libro.<\/p>\n","protected":false},"excerpt":{"rendered":"<p>AUTOR:\u00a0Tobajas Gallego, Francisco EDICI\u00d3N: Editado por:\u00a0IFC &#8211; Centro de Estudios Bilbilitanos Edici\u00f3n:\u00a0287 p., il., 17&#215;24 cm, ISBN 978-84-9911-402-6 A\u00f1o edici\u00f3n:\u00a02016 COLECCI\u00d3N:\u00a0Centro de Estudios Bilbilitanos N\u00ba PUBLICACI\u00d3N:\u00a03486 PRECIO:\u00a010,00 \u20ac MATERIAS: CIENCIAS DE LA TIERRA. GEOGRAF\u00cdA. ECONOM\u00cdA\u00a0&gt;\u00a0Agricultura y Ganader\u00eda\u00a0,\u00a0ESTUDIOS LOCALES Y COMARCALES\u00a0&gt;\u00a0Calatayud &hellip; <a href=\"http:\/\/cebilbilitanos.com\/?page_id=1730\">Sigue leyendo <span class=\"meta-nav\">&rarr;<\/span><\/a><\/p>\n","protected":false},"author":1,"featured_media":0,"parent":193,"menu_order":0,"comment_status":"closed","ping_status":"closed","template":"","meta":[],"_links":{"self":[{"href":"http:\/\/cebilbilitanos.com\/index.php?rest_route=\/wp\/v2\/pages\/1730"}],"collection":[{"href":"http:\/\/cebilbilitanos.com\/index.php?rest_route=\/wp\/v2\/pages"}],"about":[{"href":"http:\/\/cebilbilitanos.com\/index.php?rest_route=\/wp\/v2\/types\/page"}],"author":[{"embeddable":true,"href":"http:\/\/cebilbilitanos.com\/index.php?rest_route=\/wp\/v2\/users\/1"}],"replies":[{"embeddable":true,"href":"http:\/\/cebilbilitanos.com\/index.php?rest_route=%2Fwp%2Fv2%2Fcomments&post=1730"}],"version-history":[{"count":1,"href":"http:\/\/cebilbilitanos.com\/index.php?rest_route=\/wp\/v2\/pages\/1730\/revisions"}],"predecessor-version":[{"id":1732,"href":"http:\/\/cebilbilitanos.com\/index.php?rest_route=\/wp\/v2\/pages\/1730\/revisions\/1732"}],"up":[{"embeddable":true,"href":"http:\/\/cebilbilitanos.com\/index.php?rest_route=\/wp\/v2\/pages\/193"}],"wp:attachment":[{"href":"http:\/\/cebilbilitanos.com\/index.php?rest_route=%2Fwp%2Fv2%2Fmedia&parent=1730"}],"curies":[{"name":"wp","href":"https:\/\/api.w.org\/{rel}","templated":true}]}}