{"id":1725,"date":"2017-08-03T08:19:01","date_gmt":"2017-08-03T08:19:01","guid":{"rendered":"http:\/\/cebilbilitanos.com\/?page_id=1725"},"modified":"2017-08-03T08:22:19","modified_gmt":"2017-08-03T08:22:19","slug":"1725-2","status":"publish","type":"page","link":"http:\/\/cebilbilitanos.com\/?page_id=1725","title":{"rendered":"Tratado del Alba"},"content":{"rendered":"<div class=\"ficha_cuerpo_items\">\n<div class=\"item\">\n<div class=\"nom\">\n<p><img decoding=\"async\" loading=\"lazy\" class=\"aligncenter size-full wp-image-1726\" src=\"http:\/\/cebilbilitanos.com\/wp-content\/uploads\/2017\/08\/image_th1.jpg\" alt=\"\" width=\"183\" height=\"250\" \/><\/p>\n<p><strong>AUTOR<\/strong>:\u00a0<strong>G\u00f3mez, Henry Alexander<\/strong><\/p>\n<p><strong>NOTAS<\/strong>: Premio Internacional de Poes\u00eda \u00abJos\u00e9 Ver\u00f3n Gormaz\u00bb, 2016<\/p>\n<p><strong>EDICI\u00d3N<\/strong>:<\/p>\n<ul>\n<li>Editado por:\u00a0IFC-CESBIL<\/li>\n<li>Edici\u00f3n:\u00a062 p., 15&#215;21 p., ISBN 978-84-9911-396-8<\/li>\n<li>A\u00f1o edici\u00f3n:\u00a02016<\/li>\n<li>N\u00ba PUBLICACI\u00d3N:\u00a03477<\/li>\n<li>PRECIO:\u00a05,00 \u20ac<\/li>\n<\/ul>\n<p><strong>MATERIAS<\/strong>:<\/p>\n<p><a href=\"http:\/\/ifc.dpz.es\/publicaciones\/listado\/categoria\/62\">LENGUA y LITERATURA<\/a>\u00a0&gt;\u00a0<a href=\"http:\/\/ifc.dpz.es\/publicaciones\/listado\/categoria\/74\">Literatura contempor\u00e1nea<\/a>,\u00a0<a href=\"http:\/\/ifc.dpz.es\/publicaciones\/listado\/categoria\/87\">NARRATIVA, POES\u00cdA y TEATRO<\/a>\u00a0&gt;\u00a0<a href=\"http:\/\/ifc.dpz.es\/publicaciones\/listado\/categoria\/89\">Poes\u00eda<\/a><\/p>\n<p><strong>INFORMACI\u00d3N ADICIONAL:<\/strong><\/p>\n<p>El Premio de Poes\u00eda Jos\u00e9 Ver\u00f3n Gormaz de 2016 ha correspondido al libro\u00a0<em>Tratado del Alba<\/em>, de Henry Alexander G\u00f3mez. El jurado ha querido destacar que este libro posee un notable y feliz equilibrio entre imaginaci\u00f3n creadora y pensamiento que permite al autor la construcci\u00f3n de un rico universo po\u00e9tico, donde la reflexi\u00f3n acerca de la palabra se prolonga de manera natural hacia aspectos metaf\u00edsicos, para culminar con lo que podr\u00eda considerarse una palpitaci\u00f3n renovada de la preocupaci\u00f3n social de la poes\u00eda.<\/p>\n<\/div>\n<\/div>\n<\/div>\n<div class=\"ficha_cuerpo_adic\"><\/div>\n","protected":false},"excerpt":{"rendered":"<p>AUTOR:\u00a0G\u00f3mez, Henry Alexander NOTAS: Premio Internacional de Poes\u00eda \u00abJos\u00e9 Ver\u00f3n Gormaz\u00bb, 2016 EDICI\u00d3N: Editado por:\u00a0IFC-CESBIL Edici\u00f3n:\u00a062 p., 15&#215;21 p., ISBN 978-84-9911-396-8 A\u00f1o edici\u00f3n:\u00a02016 N\u00ba PUBLICACI\u00d3N:\u00a03477 PRECIO:\u00a05,00 \u20ac MATERIAS: LENGUA y LITERATURA\u00a0&gt;\u00a0Literatura contempor\u00e1nea,\u00a0NARRATIVA, POES\u00cdA y TEATRO\u00a0&gt;\u00a0Poes\u00eda INFORMACI\u00d3N ADICIONAL: El Premio de &hellip; <a href=\"http:\/\/cebilbilitanos.com\/?page_id=1725\">Sigue leyendo <span class=\"meta-nav\">&rarr;<\/span><\/a><\/p>\n","protected":false},"author":1,"featured_media":0,"parent":193,"menu_order":0,"comment_status":"closed","ping_status":"closed","template":"","meta":[],"_links":{"self":[{"href":"http:\/\/cebilbilitanos.com\/index.php?rest_route=\/wp\/v2\/pages\/1725"}],"collection":[{"href":"http:\/\/cebilbilitanos.com\/index.php?rest_route=\/wp\/v2\/pages"}],"about":[{"href":"http:\/\/cebilbilitanos.com\/index.php?rest_route=\/wp\/v2\/types\/page"}],"author":[{"embeddable":true,"href":"http:\/\/cebilbilitanos.com\/index.php?rest_route=\/wp\/v2\/users\/1"}],"replies":[{"embeddable":true,"href":"http:\/\/cebilbilitanos.com\/index.php?rest_route=%2Fwp%2Fv2%2Fcomments&post=1725"}],"version-history":[{"count":3,"href":"http:\/\/cebilbilitanos.com\/index.php?rest_route=\/wp\/v2\/pages\/1725\/revisions"}],"predecessor-version":[{"id":1729,"href":"http:\/\/cebilbilitanos.com\/index.php?rest_route=\/wp\/v2\/pages\/1725\/revisions\/1729"}],"up":[{"embeddable":true,"href":"http:\/\/cebilbilitanos.com\/index.php?rest_route=\/wp\/v2\/pages\/193"}],"wp:attachment":[{"href":"http:\/\/cebilbilitanos.com\/index.php?rest_route=%2Fwp%2Fv2%2Fmedia&parent=1725"}],"curies":[{"name":"wp","href":"https:\/\/api.w.org\/{rel}","templated":true}]}}